{"id":4442,"date":"2021-03-30T10:03:13","date_gmt":"2021-03-30T10:03:13","guid":{"rendered":"https:\/\/jnegre.com\/producto\/refredadores-altes-potencies-200-3000kw\/"},"modified":"2021-03-30T10:03:22","modified_gmt":"2021-03-30T10:03:22","slug":"refredadores-altes-potencies-200-30000kw","status":"publish","type":"product","link":"https:\/\/jnegre.com\/ca\/producto\/refredadores-altes-potencies-200-30000kw\/","title":{"rendered":"Refredadores altes pot\u00e8ncies 200-3000kW"},"content":{"rendered":"<div class=\"wpb-content-wrapper\"><p>[vc_row el_class=&#8221;screen-reader-text&#8221;][vc_column][vc_column_text]<\/p>\n<h2>Refredadores altes pot\u00e8ncies<\/h2>\n<p>Refredadores altes pot\u00e8ncies amb compressor magn\u00e8tic. Efici\u00e8ncia energ\u00e8tica, respecte a l&#8217;entorn, fiabilitat i major rendibilitat<\/p>\n<p>La gamma G inclou totes les refredadores amb compressors de cargol.<\/p>\n<p>Gr\u00e0cies a l&#8217;estructura simple dels compressors instal\u00b7lats, les unitats G-Range es caracteritzen per una gran fiabilitat, aix\u00ed com per una important reducci\u00f3 dels costos de manteniment.<\/p>\n<p>Dins de la Gamma G, Geoclima ha desenvolupat dues l\u00ednies de productes, que es distingeixen pel tipus de refrigerant utilitzat: la l\u00ednia Energymiser i la l\u00ednia Greenmiser.<\/p>\n<h5>Documentaci\u00f3n enfriadoras altas potencias<\/h5>\n<p><a href=\"https:\/\/jnegre.com\/wp-content\/uploads\/pdf\/jnegre-catalogo-chillers.pdf\" target=\"_blank\" rel=\"noopener noreferrer\">Cat\u00e0leg<\/a><br \/>\n<a href=\"https:\/\/jnegre.com\/wp-content\/uploads\/pdf\/jnegre-manual-mantenimiento-chillers.pdf\" target=\"_blank\" rel=\"noopener noreferrer\">Manual<\/a>[\/vc_column_text][\/vc_column][\/vc_row][vc_row][vc_column width=&#8221;1\/4&#8243;][vc_single_image image=&#8221;3338&#8243; img_size=&#8221;full&#8221;][\/vc_column][vc_column width=&#8221;3\/4&#8243;][vc_column_text]En 2017, Geoclima va obtenir la certificaci\u00f3 AHRI\u00ae, una garantia del rendiment del producte, tant per a les gammes de productes refrigerats per aigua (AHRI WCCL) com per aire (AHRI ACCL) com a fabricant d&#8217;equips originals.<\/p>\n<p>Amb les certificacions AHRI, els clients i usuaris finals tenen la seguretat que les refrigeradores refrigerades per aigua i aire de Geoclima funcionaran d&#8217;acord amb els valors de rendiment declarats en la documentaci\u00f3 t\u00e8cnica i en el programari de selecci\u00f3 Geoselectool.[\/vc_column_text][\/vc_column][\/vc_row][vc_row][vc_column][vc_empty_space height=&#8221;65px&#8221;]\r\n\r\n<div class=\"\" >\r\n  <div class=\"large-12 columns  wd-title-section_c\" >\r\n      <h2>OPCIONALES<\/h2>\r\n      \r\n  <\/div>\r\n<\/div>\r\n\r\n  \r\n<div class=\"woocommerce columns-4 \"><ul class=\"products columns-4\">\n<li class=\"product type-product post-4391 status-publish first instock product_cat-opcionals has-post-thumbnail shipping-taxable product-type-simple\">\n\t<a href=\"https:\/\/jnegre.com\/ca\/producto\/condensador-adiabatic\/\" class=\"woocommerce-LoopProduct-link\"><img loading=\"lazy\" decoding=\"async\" width=\"300\" height=\"300\" src=\"https:\/\/jnegre.com\/wp-content\/uploads\/2020\/12\/jnegre-enfriadoras-opcionales-condensador-adiabatico-dest-300x300.jpg\" class=\"attachment-woocommerce_thumbnail size-woocommerce_thumbnail\" alt=\"Condensador adiab\u00e0tic - JNEGRE\" srcset=\"https:\/\/jnegre.com\/wp-content\/uploads\/2020\/12\/jnegre-enfriadoras-opcionales-condensador-adiabatico-dest-300x300.jpg 300w, https:\/\/jnegre.com\/wp-content\/uploads\/2020\/12\/jnegre-enfriadoras-opcionales-condensador-adiabatico-dest-150x150.jpg 150w, https:\/\/jnegre.com\/wp-content\/uploads\/2020\/12\/jnegre-enfriadoras-opcionales-condensador-adiabatico-dest-768x768.jpg 768w, https:\/\/jnegre.com\/wp-content\/uploads\/2020\/12\/jnegre-enfriadoras-opcionales-condensador-adiabatico-dest-250x250.jpg 250w, https:\/\/jnegre.com\/wp-content\/uploads\/2020\/12\/jnegre-enfriadoras-opcionales-condensador-adiabatico-dest-600x600.jpg 600w, https:\/\/jnegre.com\/wp-content\/uploads\/2020\/12\/jnegre-enfriadoras-opcionales-condensador-adiabatico-dest-100x100.jpg 100w, https:\/\/jnegre.com\/wp-content\/uploads\/2020\/12\/jnegre-enfriadoras-opcionales-condensador-adiabatico-dest.jpg 800w\" sizes=\"auto, (max-width: 300px) 100vw, 300px\" \/><h2 class=\"woocommerce-loop-product__title\">Condensador adiab\u00e0tic<\/h2>\n<\/a><a href=\"https:\/\/jnegre.com\/ca\/producto\/condensador-adiabatic\/\" aria-describedby=\"woocommerce_loop_add_to_cart_link_describedby_4391\" data-quantity=\"1\" class=\"button product_type_simple\" data-product_id=\"4391\" data-product_sku=\"\" aria-label=\"M\u00e9s informaci\u00f3 sobre &ldquo;Condensador adiab\u00e0tic&rdquo;\" rel=\"nofollow\" data-success_message=\"\">Ver producto<\/a>\t<span id=\"woocommerce_loop_add_to_cart_link_describedby_4391\" class=\"screen-reader-text\">\n\t\t\t<\/span>\n<\/li>\n<li class=\"product type-product post-4390 status-publish instock product_cat-opcionals has-post-thumbnail shipping-taxable product-type-simple\">\n\t<a href=\"https:\/\/jnegre.com\/ca\/producto\/condensador-cilindric\/\" class=\"woocommerce-LoopProduct-link\"><img loading=\"lazy\" decoding=\"async\" width=\"300\" height=\"300\" src=\"https:\/\/jnegre.com\/wp-content\/uploads\/2020\/12\/jnegre-condensador-cilindrico-300x300.jpg\" class=\"attachment-woocommerce_thumbnail size-woocommerce_thumbnail\" alt=\"JNEGRE - Refrigerant ecol\u00f2gic\" srcset=\"https:\/\/jnegre.com\/wp-content\/uploads\/2020\/12\/jnegre-condensador-cilindrico-300x300.jpg 300w, https:\/\/jnegre.com\/wp-content\/uploads\/2020\/12\/jnegre-condensador-cilindrico-150x150.jpg 150w, https:\/\/jnegre.com\/wp-content\/uploads\/2020\/12\/jnegre-condensador-cilindrico-768x768.jpg 768w, https:\/\/jnegre.com\/wp-content\/uploads\/2020\/12\/jnegre-condensador-cilindrico-250x250.jpg 250w, https:\/\/jnegre.com\/wp-content\/uploads\/2020\/12\/jnegre-condensador-cilindrico-600x600.jpg 600w, https:\/\/jnegre.com\/wp-content\/uploads\/2020\/12\/jnegre-condensador-cilindrico-100x100.jpg 100w, https:\/\/jnegre.com\/wp-content\/uploads\/2020\/12\/jnegre-condensador-cilindrico.jpg 800w\" sizes=\"auto, (max-width: 300px) 100vw, 300px\" \/><h2 class=\"woocommerce-loop-product__title\">Condensador cil\u00edndric<\/h2>\n<\/a><a href=\"https:\/\/jnegre.com\/ca\/producto\/condensador-cilindric\/\" aria-describedby=\"woocommerce_loop_add_to_cart_link_describedby_4390\" data-quantity=\"1\" class=\"button product_type_simple\" data-product_id=\"4390\" data-product_sku=\"\" aria-label=\"M\u00e9s informaci\u00f3 sobre &ldquo;Condensador cil\u00edndric&rdquo;\" rel=\"nofollow\" data-success_message=\"\">Ver producto<\/a>\t<span id=\"woocommerce_loop_add_to_cart_link_describedby_4390\" class=\"screen-reader-text\">\n\t\t\t<\/span>\n<\/li>\n<li class=\"product type-product post-4389 status-publish instock product_cat-opcionals has-post-thumbnail shipping-taxable product-type-simple\">\n\t<a href=\"https:\/\/jnegre.com\/ca\/producto\/refrigerant-ecologic\/\" class=\"woocommerce-LoopProduct-link\"><img loading=\"lazy\" decoding=\"async\" width=\"300\" height=\"300\" src=\"https:\/\/jnegre.com\/wp-content\/uploads\/2020\/12\/jnegre-refrigerante-ecologico-dest-300x300.jpg\" class=\"attachment-woocommerce_thumbnail size-woocommerce_thumbnail\" alt=\"JNEGRE - Refrigerant ecol\u00f2gic\" srcset=\"https:\/\/jnegre.com\/wp-content\/uploads\/2020\/12\/jnegre-refrigerante-ecologico-dest-300x300.jpg 300w, https:\/\/jnegre.com\/wp-content\/uploads\/2020\/12\/jnegre-refrigerante-ecologico-dest-150x150.jpg 150w, https:\/\/jnegre.com\/wp-content\/uploads\/2020\/12\/jnegre-refrigerante-ecologico-dest-768x768.jpg 768w, https:\/\/jnegre.com\/wp-content\/uploads\/2020\/12\/jnegre-refrigerante-ecologico-dest-250x250.jpg 250w, https:\/\/jnegre.com\/wp-content\/uploads\/2020\/12\/jnegre-refrigerante-ecologico-dest-600x600.jpg 600w, https:\/\/jnegre.com\/wp-content\/uploads\/2020\/12\/jnegre-refrigerante-ecologico-dest-100x100.jpg 100w, https:\/\/jnegre.com\/wp-content\/uploads\/2020\/12\/jnegre-refrigerante-ecologico-dest.jpg 800w\" sizes=\"auto, (max-width: 300px) 100vw, 300px\" \/><h2 class=\"woocommerce-loop-product__title\">Refrigerant ecol\u00f2gic<\/h2>\n<\/a><a href=\"https:\/\/jnegre.com\/ca\/producto\/refrigerant-ecologic\/\" aria-describedby=\"woocommerce_loop_add_to_cart_link_describedby_4389\" data-quantity=\"1\" class=\"button product_type_simple\" data-product_id=\"4389\" data-product_sku=\"\" aria-label=\"M\u00e9s informaci\u00f3 sobre &ldquo;Refrigerant ecol\u00f2gic&rdquo;\" rel=\"nofollow\" data-success_message=\"\">Ver producto<\/a>\t<span id=\"woocommerce_loop_add_to_cart_link_describedby_4389\" class=\"screen-reader-text\">\n\t\t\t<\/span>\n<\/li>\n<li class=\"product type-product post-4415 status-publish last instock product_cat-opcionals has-post-thumbnail shipping-taxable product-type-simple\">\n\t<a href=\"https:\/\/jnegre.com\/ca\/producto\/servei-de-monitoratge\/\" class=\"woocommerce-LoopProduct-link\"><img loading=\"lazy\" decoding=\"async\" width=\"300\" height=\"300\" src=\"https:\/\/jnegre.com\/wp-content\/uploads\/2020\/12\/jnegre-serviciode-monitorizacion-dest-300x300.jpg\" class=\"attachment-woocommerce_thumbnail size-woocommerce_thumbnail\" alt=\"Servei de monitoritzaci\u00f3 - JNEGRE\" srcset=\"https:\/\/jnegre.com\/wp-content\/uploads\/2020\/12\/jnegre-serviciode-monitorizacion-dest-300x300.jpg 300w, https:\/\/jnegre.com\/wp-content\/uploads\/2020\/12\/jnegre-serviciode-monitorizacion-dest-150x150.jpg 150w, https:\/\/jnegre.com\/wp-content\/uploads\/2020\/12\/jnegre-serviciode-monitorizacion-dest-768x768.jpg 768w, https:\/\/jnegre.com\/wp-content\/uploads\/2020\/12\/jnegre-serviciode-monitorizacion-dest-250x250.jpg 250w, https:\/\/jnegre.com\/wp-content\/uploads\/2020\/12\/jnegre-serviciode-monitorizacion-dest-600x600.jpg 600w, https:\/\/jnegre.com\/wp-content\/uploads\/2020\/12\/jnegre-serviciode-monitorizacion-dest-100x100.jpg 100w, https:\/\/jnegre.com\/wp-content\/uploads\/2020\/12\/jnegre-serviciode-monitorizacion-dest.jpg 800w\" sizes=\"auto, (max-width: 300px) 100vw, 300px\" \/><h2 class=\"woocommerce-loop-product__title\">Servei de monitoratge<\/h2>\n<\/a><a href=\"https:\/\/jnegre.com\/ca\/producto\/servei-de-monitoratge\/\" aria-describedby=\"woocommerce_loop_add_to_cart_link_describedby_4415\" data-quantity=\"1\" class=\"button product_type_simple\" data-product_id=\"4415\" data-product_sku=\"\" aria-label=\"M\u00e9s informaci\u00f3 sobre &ldquo;Servei de monitoratge&rdquo;\" rel=\"nofollow\" data-success_message=\"\">Ver producto<\/a>\t<span id=\"woocommerce_loop_add_to_cart_link_describedby_4415\" class=\"screen-reader-text\">\n\t\t\t<\/span>\n<\/li>\n<\/ul>\n<\/div>[\/vc_column][\/vc_row][vc_row][vc_column][vc_empty_space height=&#8221;65px&#8221;][vc_column_text]La gamma G inclou totes les refredadores amb compressors de cargol, que es caracteritzen per una estructura simple: estan compostes per poques parts m\u00f2bils que permeten un moviment continu i fluid. Aix\u00f2 suposa una disminuci\u00f3 de les tensions mec\u00e0niques, reduint aix\u00ed la possibilitat d&#8217;avaria i desgast. La simplicitat de l&#8217;enginyeria assegura una sensible reducci\u00f3 de les vibracions, derivades dels moviments mec\u00e0nics, i de l&#8217;soroll associat, amb molts avantatges en termes de comoditat i instal\u00b7laci\u00f3.<\/p>\n<p>Gr\u00e0cies a l&#8217;estructura simple dels compressors instal\u00b7lats, les unitats G-Range es caracteritzen per una llarga vida \u00fatil i, per tant, d&#8217;una gran fiabilitat, aix\u00ed com per una important reducci\u00f3 dels costos de manteniment.<\/p>\n<p>Dins de la Gamma G, Geoclima ha desenvolupat dues l\u00ednies de productes, que es distingeixen pel tipus de refrigerant utilitzat: la l\u00ednia Energymiser i la l\u00ednia Greenmiser.<\/p>\n<p>Els chillers condensats per aire es munten sobre una estructura met\u00e0l\u00b7lica autoportant, pintat amb pols epoxi adequadament tractada per a la instal\u00b7laci\u00f3 a l&#8217;aire lliure. Totes les unitats es lliuren completament cablejades i llestes per ser connectades. Abans del lliurament cada m\u00e0quina \u00e9s sotmesa a una prova de rendiment d&#8217;acord a les m\u00e9s estrictes normes en vigor, amb les proves d&#8217;intervenci\u00f3 de tots els sistemes de seguretat i els components instal\u00b7lats.<br \/>\nCada unitat est\u00e0 disponible amb el ventilador a baixa velocitat i kit d&#8217;a\u00efllament ac\u00fastic de l&#8217;compressor per a baix nivell sonor LN (Low Noise).<\/p>\n<p>Llarg: de 2410 a 12910 mm<br \/>\nAmple: de 1050 a 2250 mm<br \/>\nAltura: de 2540 a 2790 mm<br \/>\nPes d&#8217;Operaci\u00f3: de 1116 a 14166 kg[\/vc_column_text][\/vc_column][\/vc_row][vc_row][vc_column][vc_empty_space height=&#8221;65px&#8221;][vc_column_text]<\/p>\n<h5>Compressor Cargol<br \/>\nInverter Opcional<br \/>\nAerocondensador Microcanal<br \/>\nVentilador EC o AC<br \/>\nOpcions: ATEX, aerocondensadors cil\u00edndrics, aerocondensadors Adiab\u00e0tics<\/h5>\n<p>[\/vc_column_text][\/vc_column][\/vc_row][vc_row][vc_column][vc_empty_space height=&#8221;65px&#8221;][vc_column_text]<\/p>\n<h5 class=\"p1\"><span class=\"s1\">Qui \u00e9s GEOCLIMA<\/span><\/h5>\n<p>[\/vc_column_text][vc_empty_space][vc_single_image image=&#8221;3350&#8243; img_size=&#8221;full&#8221;][vc_row_inner][vc_column_inner width=&#8221;1\/4&#8243;][\/vc_column_inner][vc_column_inner width=&#8221;3\/4&#8243;][vc_column_text]<\/p>\n<ul>\n<li>Primera empresa a Europa en termes d&#8217;abast i aplicacions amb tecnologia Turbocor<\/li>\n<li>Tercera empresa Europea en consum de compressors Turbocor<\/li>\n<li>Primera empresa a aplicar compressors Turbocor en condensaci\u00f3 per aire<\/li>\n<li>Primera empresa en el m\u00f3n a aplicar el refrigerant ecol\u00f2gic R1234ze (2011)<\/li>\n<li>Solucions a mesures<\/li>\n<\/ul>\n<p>[\/vc_column_text][\/vc_column_inner][\/vc_row_inner][\/vc_column][\/vc_row][vc_row][vc_column][vc_empty_space height=&#8221;65px&#8221;][vc_column_text]<\/p>\n<h5>Robustesa per a m\u00e0xima durabilitat<\/h5>\n<p>[\/vc_column_text][vc_empty_space][vc_row_inner][vc_column_inner width=&#8221;2\/3&#8243;][vc_single_image image=&#8221;3352&#8243; img_size=&#8221;full&#8221;][\/vc_column_inner][vc_column_inner width=&#8221;1\/3&#8243;][vc_column_text]<\/p>\n<ul>\n<li>Estructures caragolades, no reblades, amb perns d&#8217;acer<\/li>\n<li>Estructura amb marc plegat a pressi\u00f3 de 5 mm pintat en calent.<\/li>\n<li>Quadre el\u00e8ctric no premuntat, fabricat en f\u00e0brica, espai\u00f3s, amb possibilitat d&#8217;afegir components personals. Coberta de pluja, coberta de ventilaci\u00f3, etc.<\/li>\n<\/ul>\n<p>[\/vc_column_text][\/vc_column_inner][\/vc_row_inner][vc_empty_space height=&#8221;65px&#8221;][vc_single_image image=&#8221;3351&#8243; img_size=&#8221;full&#8221;][\/vc_column][\/vc_row]<\/p>\n<\/div>","protected":false},"excerpt":{"rendered":"<p>La gamma G inclou totes les refredadores amb compressors de cargol.<\/p>\n<p>Gr\u00e0cies a l&#8217;estructura simple dels compressors instal\u00b7lats, les unitats G-Range es caracteritzen per una gran fiabilitat, aix\u00ed com per una important reducci\u00f3 dels costos de manteniment.<\/p>\n<p>Dins de la Gamma G, Geoclima ha desenvolupat dues l\u00ednies de productes, que es distingeixen pel tipus de refrigerant utilitzat: la l\u00ednia Energymiser i la l\u00ednia Greenmiser.<\/p>\n<h5>Documentaci\u00f3<\/h5>\n<p><a href=\"https:\/\/jnegre.com\/wp-content\/uploads\/pdf\/jnegre-catalogo-chillers.pdf\" target=\"_blank\" rel=\"noopener noreferrer\">Cat\u00e0leg<\/a><br \/>\n<a href=\"https:\/\/jnegre.com\/wp-content\/uploads\/pdf\/jnegre-manual-mantenimiento-chillers.pdf\" target=\"_blank\" rel=\"noopener noreferrer\">Manual<\/a><\/p>\n","protected":false},"featured_media":4179,"template":"","meta":[],"product_brand":[],"product_cat":[111],"product_tag":[],"class_list":{"0":"post-4442","1":"product","2":"type-product","3":"status-publish","4":"has-post-thumbnail","6":"product_cat-chillers-ca","8":"first","9":"instock","10":"shipping-taxable","11":"product-type-simple"},"yoast_head":"<!-- This site is optimized with the Yoast SEO plugin v27.5 - https:\/\/yoast.com\/product\/yoast-seo-wordpress\/ -->\n<title>Refredadores altes pot\u00e8ncies 200-3000kW | J.Negre | Expertos en Intercambio T\u00e9rmico y Refrigeraci\u00f3n Industrial desde 1978<\/title>\n<meta name=\"description\" content=\"Refredadores altes pot\u00e8ncies amb compressor magn\u00e8tic. Efici\u00e8ncia energ\u00e8tica, respecte a l&#039;entorn, fiabilitat i major rendibilitat\" \/>\n<meta name=\"robots\" content=\"index, follow, max-snippet:-1, max-image-preview:large, max-video-preview:-1\" \/>\n<link rel=\"canonical\" href=\"https:\/\/jnegre.com\/ca\/producto\/refredadores-altes-potencies-200-30000kw\/\" \/>\n<meta property=\"og:locale\" content=\"ca_ES\" \/>\n<meta property=\"og:type\" content=\"article\" \/>\n<meta property=\"og:title\" content=\"Refredadores altes pot\u00e8ncies 200-3000kW | J.Negre | Expertos en Intercambio T\u00e9rmico y Refrigeraci\u00f3n Industrial desde 1978\" \/>\n<meta property=\"og:description\" content=\"Refredadores altes pot\u00e8ncies amb compressor magn\u00e8tic. Efici\u00e8ncia energ\u00e8tica, respecte a l&#039;entorn, fiabilitat i major rendibilitat\" \/>\n<meta property=\"og:url\" content=\"https:\/\/jnegre.com\/ca\/producto\/refredadores-altes-potencies-200-30000kw\/\" \/>\n<meta property=\"og:site_name\" content=\"J.Negre | Expertos en Intercambio T\u00e9rmico y Refrigeraci\u00f3n Industrial desde 1978\" \/>\n<meta property=\"article:modified_time\" content=\"2021-03-30T10:03:22+00:00\" \/>\n<meta property=\"og:image\" content=\"https:\/\/jnegre.com\/wp-content\/uploads\/2020\/12\/jnegre-enfriadoras-altas-potencias-dest.jpg\" \/>\n\t<meta property=\"og:image:width\" content=\"800\" \/>\n\t<meta property=\"og:image:height\" content=\"800\" \/>\n\t<meta property=\"og:image:type\" content=\"image\/jpeg\" \/>\n<meta name=\"twitter:card\" content=\"summary_large_image\" \/>\n<meta name=\"twitter:label1\" content=\"Temps estimat de lectura\" \/>\n\t<meta name=\"twitter:data1\" content=\"4 minuts\" \/>\n<script type=\"application\/ld+json\" class=\"yoast-schema-graph\">{\"@context\":\"https:\\\/\\\/schema.org\",\"@graph\":[{\"@type\":\"WebPage\",\"@id\":\"https:\\\/\\\/jnegre.com\\\/ca\\\/producto\\\/refredadores-altes-potencies-200-30000kw\\\/\",\"url\":\"https:\\\/\\\/jnegre.com\\\/ca\\\/producto\\\/refredadores-altes-potencies-200-30000kw\\\/\",\"name\":\"Refredadores altes pot\u00e8ncies 200-3000kW | J.Negre | Expertos en Intercambio T\u00e9rmico y Refrigeraci\u00f3n Industrial desde 1978\",\"isPartOf\":{\"@id\":\"https:\\\/\\\/jnegre.com\\\/ca\\\/#website\"},\"primaryImageOfPage\":{\"@id\":\"https:\\\/\\\/jnegre.com\\\/ca\\\/producto\\\/refredadores-altes-potencies-200-30000kw\\\/#primaryimage\"},\"image\":{\"@id\":\"https:\\\/\\\/jnegre.com\\\/ca\\\/producto\\\/refredadores-altes-potencies-200-30000kw\\\/#primaryimage\"},\"thumbnailUrl\":\"https:\\\/\\\/jnegre.com\\\/wp-content\\\/uploads\\\/2020\\\/12\\\/jnegre-enfriadoras-altas-potencias-dest.jpg\",\"datePublished\":\"2021-03-30T10:03:13+00:00\",\"dateModified\":\"2021-03-30T10:03:22+00:00\",\"description\":\"Refredadores altes pot\u00e8ncies amb compressor magn\u00e8tic. Efici\u00e8ncia energ\u00e8tica, respecte a l'entorn, fiabilitat i major rendibilitat\",\"breadcrumb\":{\"@id\":\"https:\\\/\\\/jnegre.com\\\/ca\\\/producto\\\/refredadores-altes-potencies-200-30000kw\\\/#breadcrumb\"},\"inLanguage\":\"ca\",\"potentialAction\":[{\"@type\":\"ReadAction\",\"target\":[\"https:\\\/\\\/jnegre.com\\\/ca\\\/producto\\\/refredadores-altes-potencies-200-30000kw\\\/\"]}]},{\"@type\":\"ImageObject\",\"inLanguage\":\"ca\",\"@id\":\"https:\\\/\\\/jnegre.com\\\/ca\\\/producto\\\/refredadores-altes-potencies-200-30000kw\\\/#primaryimage\",\"url\":\"https:\\\/\\\/jnegre.com\\\/wp-content\\\/uploads\\\/2020\\\/12\\\/jnegre-enfriadoras-altas-potencias-dest.jpg\",\"contentUrl\":\"https:\\\/\\\/jnegre.com\\\/wp-content\\\/uploads\\\/2020\\\/12\\\/jnegre-enfriadoras-altas-potencias-dest.jpg\",\"width\":800,\"height\":800,\"caption\":\"JNEGRE - Refredadores altes pot\u00e8ncies 200-3000kW\"},{\"@type\":\"BreadcrumbList\",\"@id\":\"https:\\\/\\\/jnegre.com\\\/ca\\\/producto\\\/refredadores-altes-potencies-200-30000kw\\\/#breadcrumb\",\"itemListElement\":[{\"@type\":\"ListItem\",\"position\":1,\"name\":\"Inicio\",\"item\":\"https:\\\/\\\/jnegre.com\\\/ca\\\/\"},{\"@type\":\"ListItem\",\"position\":2,\"name\":\"Tienda\",\"item\":\"https:\\\/\\\/jnegre.com\\\/ca\\\/tienda\\\/\"},{\"@type\":\"ListItem\",\"position\":3,\"name\":\"Refrigeradores d'aigua\",\"item\":\"https:\\\/\\\/jnegre.com\\\/ca\\\/categoria-producto\\\/refrigeradores-daigua\\\/\"},{\"@type\":\"ListItem\",\"position\":4,\"name\":\"Chillers\",\"item\":\"https:\\\/\\\/jnegre.com\\\/ca\\\/categoria-producto\\\/refrigeradores-daigua\\\/chillers-ca\\\/\"},{\"@type\":\"ListItem\",\"position\":5,\"name\":\"Refredadores altes pot\u00e8ncies 200-3000kW\"}]},{\"@type\":\"WebSite\",\"@id\":\"https:\\\/\\\/jnegre.com\\\/ca\\\/#website\",\"url\":\"https:\\\/\\\/jnegre.com\\\/ca\\\/\",\"name\":\"J.Negre | Expertos en Intercambio T\u00e9rmico y Refrigeraci\u00f3n Industrial desde 1978\",\"description\":\"Intercambiadores de placas Sondex, torres de refrigeraci\u00f3n, enfriadoras magn\u00e9ticas y m\u00e1s. Servicio t\u00e9cnico y suministro con m\u00e1s de 30 a\u00f1os de experiencia\",\"publisher\":{\"@id\":\"https:\\\/\\\/jnegre.com\\\/ca\\\/#organization\"},\"potentialAction\":[{\"@type\":\"SearchAction\",\"target\":{\"@type\":\"EntryPoint\",\"urlTemplate\":\"https:\\\/\\\/jnegre.com\\\/ca\\\/?s={search_term_string}\"},\"query-input\":{\"@type\":\"PropertyValueSpecification\",\"valueRequired\":true,\"valueName\":\"search_term_string\"}}],\"inLanguage\":\"ca\"},{\"@type\":\"Organization\",\"@id\":\"https:\\\/\\\/jnegre.com\\\/ca\\\/#organization\",\"name\":\"J. Negre C.\",\"url\":\"https:\\\/\\\/jnegre.com\\\/ca\\\/\",\"logo\":{\"@type\":\"ImageObject\",\"inLanguage\":\"ca\",\"@id\":\"https:\\\/\\\/jnegre.com\\\/ca\\\/#\\\/schema\\\/logo\\\/image\\\/\",\"url\":\"https:\\\/\\\/jnegre.com\\\/wp-content\\\/uploads\\\/2021\\\/05\\\/jnegre-logo-tagline.png\",\"contentUrl\":\"https:\\\/\\\/jnegre.com\\\/wp-content\\\/uploads\\\/2021\\\/05\\\/jnegre-logo-tagline.png\",\"width\":1411,\"height\":380,\"caption\":\"J. Negre C.\"},\"image\":{\"@id\":\"https:\\\/\\\/jnegre.com\\\/ca\\\/#\\\/schema\\\/logo\\\/image\\\/\"}}]}<\/script>\n<!-- \/ Yoast SEO plugin. -->","yoast_head_json":{"title":"Refredadores altes pot\u00e8ncies 200-3000kW | J.Negre | Expertos en Intercambio T\u00e9rmico y Refrigeraci\u00f3n Industrial desde 1978","description":"Refredadores altes pot\u00e8ncies amb compressor magn\u00e8tic. Efici\u00e8ncia energ\u00e8tica, respecte a l'entorn, fiabilitat i major rendibilitat","robots":{"index":"index","follow":"follow","max-snippet":"max-snippet:-1","max-image-preview":"max-image-preview:large","max-video-preview":"max-video-preview:-1"},"canonical":"https:\/\/jnegre.com\/ca\/producto\/refredadores-altes-potencies-200-30000kw\/","og_locale":"ca_ES","og_type":"article","og_title":"Refredadores altes pot\u00e8ncies 200-3000kW | J.Negre | Expertos en Intercambio T\u00e9rmico y Refrigeraci\u00f3n Industrial desde 1978","og_description":"Refredadores altes pot\u00e8ncies amb compressor magn\u00e8tic. Efici\u00e8ncia energ\u00e8tica, respecte a l'entorn, fiabilitat i major rendibilitat","og_url":"https:\/\/jnegre.com\/ca\/producto\/refredadores-altes-potencies-200-30000kw\/","og_site_name":"J.Negre | Expertos en Intercambio T\u00e9rmico y Refrigeraci\u00f3n Industrial desde 1978","article_modified_time":"2021-03-30T10:03:22+00:00","og_image":[{"width":800,"height":800,"url":"https:\/\/jnegre.com\/wp-content\/uploads\/2020\/12\/jnegre-enfriadoras-altas-potencias-dest.jpg","type":"image\/jpeg"}],"twitter_card":"summary_large_image","twitter_misc":{"Temps estimat de lectura":"4 minuts"},"schema":{"@context":"https:\/\/schema.org","@graph":[{"@type":"WebPage","@id":"https:\/\/jnegre.com\/ca\/producto\/refredadores-altes-potencies-200-30000kw\/","url":"https:\/\/jnegre.com\/ca\/producto\/refredadores-altes-potencies-200-30000kw\/","name":"Refredadores altes pot\u00e8ncies 200-3000kW | J.Negre | Expertos en Intercambio T\u00e9rmico y Refrigeraci\u00f3n Industrial desde 1978","isPartOf":{"@id":"https:\/\/jnegre.com\/ca\/#website"},"primaryImageOfPage":{"@id":"https:\/\/jnegre.com\/ca\/producto\/refredadores-altes-potencies-200-30000kw\/#primaryimage"},"image":{"@id":"https:\/\/jnegre.com\/ca\/producto\/refredadores-altes-potencies-200-30000kw\/#primaryimage"},"thumbnailUrl":"https:\/\/jnegre.com\/wp-content\/uploads\/2020\/12\/jnegre-enfriadoras-altas-potencias-dest.jpg","datePublished":"2021-03-30T10:03:13+00:00","dateModified":"2021-03-30T10:03:22+00:00","description":"Refredadores altes pot\u00e8ncies amb compressor magn\u00e8tic. Efici\u00e8ncia energ\u00e8tica, respecte a l'entorn, fiabilitat i major rendibilitat","breadcrumb":{"@id":"https:\/\/jnegre.com\/ca\/producto\/refredadores-altes-potencies-200-30000kw\/#breadcrumb"},"inLanguage":"ca","potentialAction":[{"@type":"ReadAction","target":["https:\/\/jnegre.com\/ca\/producto\/refredadores-altes-potencies-200-30000kw\/"]}]},{"@type":"ImageObject","inLanguage":"ca","@id":"https:\/\/jnegre.com\/ca\/producto\/refredadores-altes-potencies-200-30000kw\/#primaryimage","url":"https:\/\/jnegre.com\/wp-content\/uploads\/2020\/12\/jnegre-enfriadoras-altas-potencias-dest.jpg","contentUrl":"https:\/\/jnegre.com\/wp-content\/uploads\/2020\/12\/jnegre-enfriadoras-altas-potencias-dest.jpg","width":800,"height":800,"caption":"JNEGRE - Refredadores altes pot\u00e8ncies 200-3000kW"},{"@type":"BreadcrumbList","@id":"https:\/\/jnegre.com\/ca\/producto\/refredadores-altes-potencies-200-30000kw\/#breadcrumb","itemListElement":[{"@type":"ListItem","position":1,"name":"Inicio","item":"https:\/\/jnegre.com\/ca\/"},{"@type":"ListItem","position":2,"name":"Tienda","item":"https:\/\/jnegre.com\/ca\/tienda\/"},{"@type":"ListItem","position":3,"name":"Refrigeradores d'aigua","item":"https:\/\/jnegre.com\/ca\/categoria-producto\/refrigeradores-daigua\/"},{"@type":"ListItem","position":4,"name":"Chillers","item":"https:\/\/jnegre.com\/ca\/categoria-producto\/refrigeradores-daigua\/chillers-ca\/"},{"@type":"ListItem","position":5,"name":"Refredadores altes pot\u00e8ncies 200-3000kW"}]},{"@type":"WebSite","@id":"https:\/\/jnegre.com\/ca\/#website","url":"https:\/\/jnegre.com\/ca\/","name":"J.Negre | Expertos en Intercambio T\u00e9rmico y Refrigeraci\u00f3n Industrial desde 1978","description":"Intercambiadores de placas Sondex, torres de refrigeraci\u00f3n, enfriadoras magn\u00e9ticas y m\u00e1s. Servicio t\u00e9cnico y suministro con m\u00e1s de 30 a\u00f1os de experiencia","publisher":{"@id":"https:\/\/jnegre.com\/ca\/#organization"},"potentialAction":[{"@type":"SearchAction","target":{"@type":"EntryPoint","urlTemplate":"https:\/\/jnegre.com\/ca\/?s={search_term_string}"},"query-input":{"@type":"PropertyValueSpecification","valueRequired":true,"valueName":"search_term_string"}}],"inLanguage":"ca"},{"@type":"Organization","@id":"https:\/\/jnegre.com\/ca\/#organization","name":"J. Negre C.","url":"https:\/\/jnegre.com\/ca\/","logo":{"@type":"ImageObject","inLanguage":"ca","@id":"https:\/\/jnegre.com\/ca\/#\/schema\/logo\/image\/","url":"https:\/\/jnegre.com\/wp-content\/uploads\/2021\/05\/jnegre-logo-tagline.png","contentUrl":"https:\/\/jnegre.com\/wp-content\/uploads\/2021\/05\/jnegre-logo-tagline.png","width":1411,"height":380,"caption":"J. Negre C."},"image":{"@id":"https:\/\/jnegre.com\/ca\/#\/schema\/logo\/image\/"}}]}},"_links":{"self":[{"href":"https:\/\/jnegre.com\/ca\/wp-json\/wp\/v2\/product\/4442","targetHints":{"allow":["GET"]}}],"collection":[{"href":"https:\/\/jnegre.com\/ca\/wp-json\/wp\/v2\/product"}],"about":[{"href":"https:\/\/jnegre.com\/ca\/wp-json\/wp\/v2\/types\/product"}],"wp:featuredmedia":[{"embeddable":true,"href":"https:\/\/jnegre.com\/ca\/wp-json\/wp\/v2\/media\/4179"}],"wp:attachment":[{"href":"https:\/\/jnegre.com\/ca\/wp-json\/wp\/v2\/media?parent=4442"}],"wp:term":[{"taxonomy":"product_brand","embeddable":true,"href":"https:\/\/jnegre.com\/ca\/wp-json\/wp\/v2\/product_brand?post=4442"},{"taxonomy":"product_cat","embeddable":true,"href":"https:\/\/jnegre.com\/ca\/wp-json\/wp\/v2\/product_cat?post=4442"},{"taxonomy":"product_tag","embeddable":true,"href":"https:\/\/jnegre.com\/ca\/wp-json\/wp\/v2\/product_tag?post=4442"}],"curies":[{"name":"wp","href":"https:\/\/api.w.org\/{rel}","templated":true}]}}