{"id":4391,"date":"2021-03-24T12:29:43","date_gmt":"2021-03-24T12:29:43","guid":{"rendered":"https:\/\/jnegre.com\/producto\/condensador-adiabatic\/"},"modified":"2021-03-30T08:13:58","modified_gmt":"2021-03-30T08:13:58","slug":"condensador-adiabatic","status":"publish","type":"product","link":"https:\/\/jnegre.com\/ca\/producto\/condensador-adiabatic\/","title":{"rendered":"Condensador adiab\u00e0tic"},"content":{"rendered":"<div class=\"wpb-content-wrapper\"><p>[vc_row el_class=&#8221;screen-reader-text&#8221;][vc_column][vc_column_text]<\/p>\n<h2>Condensador adiab\u00e0tic<\/h2>\n<p>El condensador adiab\u00e0tic est\u00e0 equipat amb un innovador sistema d&#8217;evaporaci\u00f3 que permet un considerable estalvi d&#8217;energia.<\/p>\n<p>El refrigerador adiab\u00e0tic de GEOCLIMA est\u00e0 equipat amb un innovador sistema d&#8217;evaporaci\u00f3 que permet un considerable estalvi d&#8217;energia, explotant el proc\u00e9s natural de refredament adiab\u00e0tic.<\/p>\n<h5>Documentaci\u00f3<\/h5>\n<p><a href=\"https:\/\/jnegre.com\/wp-content\/uploads\/pdf\/jnegre-enfriador-adiabatico-geoclima.pdf\" target=\"_blank\" rel=\"noopener noreferrer\">Cat\u00e0leg<\/a>[\/vc_column_text][\/vc_column][\/vc_row][vc_row][vc_column][vc_video link=&#8221;https:\/\/www.youtube.com\/watch?v=vUTQGdTOdq4&#8243;][\/vc_column][\/vc_row][vc_row][vc_column][vc_empty_space height=&#8221;65px&#8221;][\/vc_column][\/vc_row][vc_row][vc_column width=&#8221;1\/4&#8243;][vc_single_image image=&#8221;3338&#8243; img_size=&#8221;full&#8221;][\/vc_column][vc_column width=&#8221;3\/4&#8243;][vc_column_text]En 2017, Geoclima va obtenir la certificaci\u00f3 AHRI\u00ae, una garantia del rendiment del producte, tant per a les gammes de productes refrigerats per aigua (AHRI WCCL) com per aire (AHRI ACCL) com a fabricant d&#8217;equips originals.<\/p>\n<p>Amb les certificacions AHRI, els clients i usuaris finals tenen la seguretat que les refrigeradores refrigerades per aigua i aire de Geoclima funcionaran d&#8217;acord amb els valors de rendiment declarats en la documentaci\u00f3 t\u00e8cnica i en el programari de selecci\u00f3 Geoselectool.[\/vc_column_text][\/vc_column][\/vc_row][vc_row][vc_column][vc_empty_space height=&#8221;65px&#8221;][\/vc_column][\/vc_row][vc_row][vc_column width=&#8221;1\/2&#8243;][vc_column_text]El sistema evaporatiu \u00e9s un proc\u00e9s mitjan\u00e7ant el qual l&#8217;aigua, procedent d&#8217;una canonada d&#8217;aigua situada externament en la part superior dels panells humidificadors, humiteja aquests panells, l&#8217;aire calent i sec retirat de l&#8217;ambient passa a trav\u00e9s d&#8217;aquests panells humits i es refreda evaporant part de l&#8217;aigua. L&#8217;efecte de refredament permet reduir la temperatura de condensaci\u00f3 obtenint una reducci\u00f3 considerable de la relaci\u00f3 de pressi\u00f3 del compressor, amb els beneficis energ\u00e8tics resultants. L&#8217;aigua que passa a trav\u00e9s dels panells, es recull mitjan\u00e7ant un sistema de &#8220;canonada de drenatge&#8221;, amb canalons col\u00b7locats sota cada panell i drena l&#8217;aigua.[\/vc_column_text][\/vc_column][vc_column width=&#8221;1\/2&#8243;][vc_column_text]El sistema evaporatiu \u00e9s particularment efica\u00e7 i eficient quan la temperatura ambient \u00e9s alta i la humitat relativa \u00e9s inferior al 60%. Durant els mesos d&#8217;hivern, o en condicions ambientals molt baixes per al sistema d&#8217;evaporaci\u00f3, el control intel\u00b7ligent plega els panells, reduint l&#8217;absorci\u00f3 dels ventiladors, a fi de mantenir la m\u00e0xima efici\u00e8ncia del sistema. L&#8217;efecte d&#8217;evaporaci\u00f3 redueix la temperatura de l&#8217;aire fins a 8 \u00b0C, augmentant l&#8217;efici\u00e8ncia dels condensadors. Emprant el sistema evaporatiu adiab\u00e0tic, GEOCLIMA pot reduir l&#8217;absorci\u00f3 el\u00e8ctrica anual de la refrigeradora fins a un 30%, en comparaci\u00f3 amb un sistema refrigerat per aire convencional.[\/vc_column_text][\/vc_column][\/vc_row][vc_row][vc_column][vc_empty_space height=&#8221;65px&#8221;][\/vc_column][\/vc_row][vc_row][vc_column][vc_single_image image=&#8221;3319&#8243; img_size=&#8221;full&#8221;][\/vc_column][\/vc_row][vc_row][vc_column][vc_empty_space height=&#8221;65px&#8221;][\/vc_column][\/vc_row][vc_row][vc_column width=&#8221;1\/3&#8243;][vc_single_image image=&#8221;3320&#8243; img_size=&#8221;full&#8221;][\/vc_column][vc_column width=&#8221;1\/3&#8243;][vc_single_image image=&#8221;3321&#8243; img_size=&#8221;full&#8221;][\/vc_column][vc_column width=&#8221;1\/3&#8243;][vc_column_text]<\/p>\n<h5>MODE HIVERN<\/h5>\n<h6>Panells adiab\u00e0tics plegats<\/h6>\n<ul>\n<li>Menor p\u00e8rdua de c\u00e0rrega<\/li>\n<li>Major durabilitat dels panells<\/li>\n<li>Menys embrutament<\/li>\n<\/ul>\n<p>[\/vc_column_text][\/vc_column][\/vc_row][vc_row][vc_column][vc_empty_space height=&#8221;65px&#8221;][\/vc_column][\/vc_row][vc_row][vc_column width=&#8221;1\/3&#8243;][vc_single_image image=&#8221;3322&#8243; img_size=&#8221;full&#8221;][\/vc_column][vc_column width=&#8221;1\/3&#8243;][vc_single_image image=&#8221;3323&#8243; img_size=&#8221;full&#8221;][\/vc_column][vc_column width=&#8221;1\/3&#8243;][vc_column_text]<\/p>\n<h5>MODE ESTIU<\/h5>\n<h6>Panells adiab\u00e0tics desplegats<\/h6>\n<p>[\/vc_column_text][\/vc_column][\/vc_row][vc_row][vc_column][vc_empty_space height=&#8221;65px&#8221;][\/vc_column][\/vc_row]<\/p>\n<\/div>","protected":false},"excerpt":{"rendered":"<p>El refrigerador adiab\u00e0tic de GEOCLIMA est\u00e0 equipat amb un innovador sistema d&#8217;evaporaci\u00f3 que permet un considerable estalvi d&#8217;energia, explotant el proc\u00e9s natural de refredament adiab\u00e0tic.<\/p>\n<h5>Documentaci\u00f3<\/h5>\n<p><a href=\"https:\/\/jnegre.com\/wp-content\/uploads\/pdf\/jnegre-enfriador-adiabatico-geoclima.pdf\" target=\"_blank\" rel=\"noopener noreferrer\">Cat\u00e0leg<\/a><\/p>\n","protected":false},"featured_media":4157,"template":"","meta":[],"product_brand":[],"product_cat":[113],"product_tag":[],"class_list":{"0":"post-4391","1":"product","2":"type-product","3":"status-publish","4":"has-post-thumbnail","6":"product_cat-opcionals","8":"first","9":"instock","10":"shipping-taxable","11":"product-type-simple"},"yoast_head":"<!-- This site is optimized with the Yoast SEO plugin v27.5 - https:\/\/yoast.com\/product\/yoast-seo-wordpress\/ -->\n<title>Condensador adiab\u00e0tic - Refrigerador adiab\u00e0tic - | J.Negre | Expertos en Intercambio T\u00e9rmico y Refrigeraci\u00f3n Industrial desde 1978<\/title>\n<meta name=\"description\" content=\"El condensador adiab\u00e0tic est\u00e0 equipat amb un innovador sistema d&#039;evaporaci\u00f3 que permet un considerable estalvi d&#039;energia.\" \/>\n<meta name=\"robots\" content=\"index, follow, max-snippet:-1, max-image-preview:large, max-video-preview:-1\" \/>\n<link rel=\"canonical\" href=\"https:\/\/jnegre.com\/ca\/producto\/condensador-adiabatic\/\" \/>\n<meta property=\"og:locale\" content=\"ca_ES\" \/>\n<meta property=\"og:type\" content=\"article\" \/>\n<meta property=\"og:title\" content=\"Condensador adiab\u00e0tic - Refrigerador adiab\u00e0tic - | J.Negre | Expertos en Intercambio T\u00e9rmico y Refrigeraci\u00f3n Industrial desde 1978\" \/>\n<meta property=\"og:description\" content=\"El condensador adiab\u00e0tic est\u00e0 equipat amb un innovador sistema d&#039;evaporaci\u00f3 que permet un considerable estalvi d&#039;energia.\" \/>\n<meta property=\"og:url\" content=\"https:\/\/jnegre.com\/ca\/producto\/condensador-adiabatic\/\" \/>\n<meta property=\"og:site_name\" content=\"J.Negre | Expertos en Intercambio T\u00e9rmico y Refrigeraci\u00f3n Industrial desde 1978\" \/>\n<meta property=\"article:modified_time\" content=\"2021-03-30T08:13:58+00:00\" \/>\n<meta property=\"og:image\" content=\"https:\/\/jnegre.com\/wp-content\/uploads\/2020\/12\/jnegre-enfriadoras-opcionales-condensador-adiabatico-dest.jpg\" \/>\n\t<meta property=\"og:image:width\" content=\"800\" \/>\n\t<meta property=\"og:image:height\" content=\"800\" \/>\n\t<meta property=\"og:image:type\" content=\"image\/jpeg\" \/>\n<meta name=\"twitter:card\" content=\"summary_large_image\" \/>\n<meta name=\"twitter:label1\" content=\"Temps estimat de lectura\" \/>\n\t<meta name=\"twitter:data1\" content=\"3 minuts\" \/>\n<script type=\"application\/ld+json\" class=\"yoast-schema-graph\">{\"@context\":\"https:\\\/\\\/schema.org\",\"@graph\":[{\"@type\":\"WebPage\",\"@id\":\"https:\\\/\\\/jnegre.com\\\/ca\\\/producto\\\/condensador-adiabatic\\\/\",\"url\":\"https:\\\/\\\/jnegre.com\\\/ca\\\/producto\\\/condensador-adiabatic\\\/\",\"name\":\"Condensador adiab\u00e0tic - Refrigerador adiab\u00e0tic - | J.Negre | Expertos en Intercambio T\u00e9rmico y Refrigeraci\u00f3n Industrial desde 1978\",\"isPartOf\":{\"@id\":\"https:\\\/\\\/jnegre.com\\\/ca\\\/#website\"},\"primaryImageOfPage\":{\"@id\":\"https:\\\/\\\/jnegre.com\\\/ca\\\/producto\\\/condensador-adiabatic\\\/#primaryimage\"},\"image\":{\"@id\":\"https:\\\/\\\/jnegre.com\\\/ca\\\/producto\\\/condensador-adiabatic\\\/#primaryimage\"},\"thumbnailUrl\":\"https:\\\/\\\/jnegre.com\\\/wp-content\\\/uploads\\\/2020\\\/12\\\/jnegre-enfriadoras-opcionales-condensador-adiabatico-dest.jpg\",\"datePublished\":\"2021-03-24T12:29:43+00:00\",\"dateModified\":\"2021-03-30T08:13:58+00:00\",\"description\":\"El condensador adiab\u00e0tic est\u00e0 equipat amb un innovador sistema d'evaporaci\u00f3 que permet un considerable estalvi d'energia.\",\"breadcrumb\":{\"@id\":\"https:\\\/\\\/jnegre.com\\\/ca\\\/producto\\\/condensador-adiabatic\\\/#breadcrumb\"},\"inLanguage\":\"ca\",\"potentialAction\":[{\"@type\":\"ReadAction\",\"target\":[\"https:\\\/\\\/jnegre.com\\\/ca\\\/producto\\\/condensador-adiabatic\\\/\"]}]},{\"@type\":\"ImageObject\",\"inLanguage\":\"ca\",\"@id\":\"https:\\\/\\\/jnegre.com\\\/ca\\\/producto\\\/condensador-adiabatic\\\/#primaryimage\",\"url\":\"https:\\\/\\\/jnegre.com\\\/wp-content\\\/uploads\\\/2020\\\/12\\\/jnegre-enfriadoras-opcionales-condensador-adiabatico-dest.jpg\",\"contentUrl\":\"https:\\\/\\\/jnegre.com\\\/wp-content\\\/uploads\\\/2020\\\/12\\\/jnegre-enfriadoras-opcionales-condensador-adiabatico-dest.jpg\",\"width\":800,\"height\":800,\"caption\":\"Condensador adiab\u00e0tic - JNEGRE\"},{\"@type\":\"BreadcrumbList\",\"@id\":\"https:\\\/\\\/jnegre.com\\\/ca\\\/producto\\\/condensador-adiabatic\\\/#breadcrumb\",\"itemListElement\":[{\"@type\":\"ListItem\",\"position\":1,\"name\":\"Inicio\",\"item\":\"https:\\\/\\\/jnegre.com\\\/ca\\\/\"},{\"@type\":\"ListItem\",\"position\":2,\"name\":\"Tienda\",\"item\":\"https:\\\/\\\/jnegre.com\\\/ca\\\/tienda\\\/\"},{\"@type\":\"ListItem\",\"position\":3,\"name\":\"Refrigeradores d'aigua\",\"item\":\"https:\\\/\\\/jnegre.com\\\/ca\\\/categoria-producto\\\/refrigeradores-daigua\\\/\"},{\"@type\":\"ListItem\",\"position\":4,\"name\":\"Opcionals\",\"item\":\"https:\\\/\\\/jnegre.com\\\/ca\\\/categoria-producto\\\/refrigeradores-daigua\\\/opcionals\\\/\"},{\"@type\":\"ListItem\",\"position\":5,\"name\":\"Condensador adiab\u00e0tic\"}]},{\"@type\":\"WebSite\",\"@id\":\"https:\\\/\\\/jnegre.com\\\/ca\\\/#website\",\"url\":\"https:\\\/\\\/jnegre.com\\\/ca\\\/\",\"name\":\"J.Negre | Expertos en Intercambio T\u00e9rmico y Refrigeraci\u00f3n Industrial desde 1978\",\"description\":\"Intercambiadores de placas Sondex, torres de refrigeraci\u00f3n, enfriadoras magn\u00e9ticas y m\u00e1s. Servicio t\u00e9cnico y suministro con m\u00e1s de 30 a\u00f1os de experiencia\",\"publisher\":{\"@id\":\"https:\\\/\\\/jnegre.com\\\/ca\\\/#organization\"},\"potentialAction\":[{\"@type\":\"SearchAction\",\"target\":{\"@type\":\"EntryPoint\",\"urlTemplate\":\"https:\\\/\\\/jnegre.com\\\/ca\\\/?s={search_term_string}\"},\"query-input\":{\"@type\":\"PropertyValueSpecification\",\"valueRequired\":true,\"valueName\":\"search_term_string\"}}],\"inLanguage\":\"ca\"},{\"@type\":\"Organization\",\"@id\":\"https:\\\/\\\/jnegre.com\\\/ca\\\/#organization\",\"name\":\"J. Negre C.\",\"url\":\"https:\\\/\\\/jnegre.com\\\/ca\\\/\",\"logo\":{\"@type\":\"ImageObject\",\"inLanguage\":\"ca\",\"@id\":\"https:\\\/\\\/jnegre.com\\\/ca\\\/#\\\/schema\\\/logo\\\/image\\\/\",\"url\":\"https:\\\/\\\/jnegre.com\\\/wp-content\\\/uploads\\\/2021\\\/05\\\/jnegre-logo-tagline.png\",\"contentUrl\":\"https:\\\/\\\/jnegre.com\\\/wp-content\\\/uploads\\\/2021\\\/05\\\/jnegre-logo-tagline.png\",\"width\":1411,\"height\":380,\"caption\":\"J. Negre C.\"},\"image\":{\"@id\":\"https:\\\/\\\/jnegre.com\\\/ca\\\/#\\\/schema\\\/logo\\\/image\\\/\"}}]}<\/script>\n<!-- \/ Yoast SEO plugin. -->","yoast_head_json":{"title":"Condensador adiab\u00e0tic - Refrigerador adiab\u00e0tic - | J.Negre | Expertos en Intercambio T\u00e9rmico y Refrigeraci\u00f3n Industrial desde 1978","description":"El condensador adiab\u00e0tic est\u00e0 equipat amb un innovador sistema d'evaporaci\u00f3 que permet un considerable estalvi d'energia.","robots":{"index":"index","follow":"follow","max-snippet":"max-snippet:-1","max-image-preview":"max-image-preview:large","max-video-preview":"max-video-preview:-1"},"canonical":"https:\/\/jnegre.com\/ca\/producto\/condensador-adiabatic\/","og_locale":"ca_ES","og_type":"article","og_title":"Condensador adiab\u00e0tic - Refrigerador adiab\u00e0tic - | J.Negre | Expertos en Intercambio T\u00e9rmico y Refrigeraci\u00f3n Industrial desde 1978","og_description":"El condensador adiab\u00e0tic est\u00e0 equipat amb un innovador sistema d'evaporaci\u00f3 que permet un considerable estalvi d'energia.","og_url":"https:\/\/jnegre.com\/ca\/producto\/condensador-adiabatic\/","og_site_name":"J.Negre | Expertos en Intercambio T\u00e9rmico y Refrigeraci\u00f3n Industrial desde 1978","article_modified_time":"2021-03-30T08:13:58+00:00","og_image":[{"width":800,"height":800,"url":"https:\/\/jnegre.com\/wp-content\/uploads\/2020\/12\/jnegre-enfriadoras-opcionales-condensador-adiabatico-dest.jpg","type":"image\/jpeg"}],"twitter_card":"summary_large_image","twitter_misc":{"Temps estimat de lectura":"3 minuts"},"schema":{"@context":"https:\/\/schema.org","@graph":[{"@type":"WebPage","@id":"https:\/\/jnegre.com\/ca\/producto\/condensador-adiabatic\/","url":"https:\/\/jnegre.com\/ca\/producto\/condensador-adiabatic\/","name":"Condensador adiab\u00e0tic - Refrigerador adiab\u00e0tic - | J.Negre | Expertos en Intercambio T\u00e9rmico y Refrigeraci\u00f3n Industrial desde 1978","isPartOf":{"@id":"https:\/\/jnegre.com\/ca\/#website"},"primaryImageOfPage":{"@id":"https:\/\/jnegre.com\/ca\/producto\/condensador-adiabatic\/#primaryimage"},"image":{"@id":"https:\/\/jnegre.com\/ca\/producto\/condensador-adiabatic\/#primaryimage"},"thumbnailUrl":"https:\/\/jnegre.com\/wp-content\/uploads\/2020\/12\/jnegre-enfriadoras-opcionales-condensador-adiabatico-dest.jpg","datePublished":"2021-03-24T12:29:43+00:00","dateModified":"2021-03-30T08:13:58+00:00","description":"El condensador adiab\u00e0tic est\u00e0 equipat amb un innovador sistema d'evaporaci\u00f3 que permet un considerable estalvi d'energia.","breadcrumb":{"@id":"https:\/\/jnegre.com\/ca\/producto\/condensador-adiabatic\/#breadcrumb"},"inLanguage":"ca","potentialAction":[{"@type":"ReadAction","target":["https:\/\/jnegre.com\/ca\/producto\/condensador-adiabatic\/"]}]},{"@type":"ImageObject","inLanguage":"ca","@id":"https:\/\/jnegre.com\/ca\/producto\/condensador-adiabatic\/#primaryimage","url":"https:\/\/jnegre.com\/wp-content\/uploads\/2020\/12\/jnegre-enfriadoras-opcionales-condensador-adiabatico-dest.jpg","contentUrl":"https:\/\/jnegre.com\/wp-content\/uploads\/2020\/12\/jnegre-enfriadoras-opcionales-condensador-adiabatico-dest.jpg","width":800,"height":800,"caption":"Condensador adiab\u00e0tic - JNEGRE"},{"@type":"BreadcrumbList","@id":"https:\/\/jnegre.com\/ca\/producto\/condensador-adiabatic\/#breadcrumb","itemListElement":[{"@type":"ListItem","position":1,"name":"Inicio","item":"https:\/\/jnegre.com\/ca\/"},{"@type":"ListItem","position":2,"name":"Tienda","item":"https:\/\/jnegre.com\/ca\/tienda\/"},{"@type":"ListItem","position":3,"name":"Refrigeradores d'aigua","item":"https:\/\/jnegre.com\/ca\/categoria-producto\/refrigeradores-daigua\/"},{"@type":"ListItem","position":4,"name":"Opcionals","item":"https:\/\/jnegre.com\/ca\/categoria-producto\/refrigeradores-daigua\/opcionals\/"},{"@type":"ListItem","position":5,"name":"Condensador adiab\u00e0tic"}]},{"@type":"WebSite","@id":"https:\/\/jnegre.com\/ca\/#website","url":"https:\/\/jnegre.com\/ca\/","name":"J.Negre | Expertos en Intercambio T\u00e9rmico y Refrigeraci\u00f3n Industrial desde 1978","description":"Intercambiadores de placas Sondex, torres de refrigeraci\u00f3n, enfriadoras magn\u00e9ticas y m\u00e1s. Servicio t\u00e9cnico y suministro con m\u00e1s de 30 a\u00f1os de experiencia","publisher":{"@id":"https:\/\/jnegre.com\/ca\/#organization"},"potentialAction":[{"@type":"SearchAction","target":{"@type":"EntryPoint","urlTemplate":"https:\/\/jnegre.com\/ca\/?s={search_term_string}"},"query-input":{"@type":"PropertyValueSpecification","valueRequired":true,"valueName":"search_term_string"}}],"inLanguage":"ca"},{"@type":"Organization","@id":"https:\/\/jnegre.com\/ca\/#organization","name":"J. Negre C.","url":"https:\/\/jnegre.com\/ca\/","logo":{"@type":"ImageObject","inLanguage":"ca","@id":"https:\/\/jnegre.com\/ca\/#\/schema\/logo\/image\/","url":"https:\/\/jnegre.com\/wp-content\/uploads\/2021\/05\/jnegre-logo-tagline.png","contentUrl":"https:\/\/jnegre.com\/wp-content\/uploads\/2021\/05\/jnegre-logo-tagline.png","width":1411,"height":380,"caption":"J. Negre C."},"image":{"@id":"https:\/\/jnegre.com\/ca\/#\/schema\/logo\/image\/"}}]}},"_links":{"self":[{"href":"https:\/\/jnegre.com\/ca\/wp-json\/wp\/v2\/product\/4391","targetHints":{"allow":["GET"]}}],"collection":[{"href":"https:\/\/jnegre.com\/ca\/wp-json\/wp\/v2\/product"}],"about":[{"href":"https:\/\/jnegre.com\/ca\/wp-json\/wp\/v2\/types\/product"}],"wp:featuredmedia":[{"embeddable":true,"href":"https:\/\/jnegre.com\/ca\/wp-json\/wp\/v2\/media\/4157"}],"wp:attachment":[{"href":"https:\/\/jnegre.com\/ca\/wp-json\/wp\/v2\/media?parent=4391"}],"wp:term":[{"taxonomy":"product_brand","embeddable":true,"href":"https:\/\/jnegre.com\/ca\/wp-json\/wp\/v2\/product_brand?post=4391"},{"taxonomy":"product_cat","embeddable":true,"href":"https:\/\/jnegre.com\/ca\/wp-json\/wp\/v2\/product_cat?post=4391"},{"taxonomy":"product_tag","embeddable":true,"href":"https:\/\/jnegre.com\/ca\/wp-json\/wp\/v2\/product_tag?post=4391"}],"curies":[{"name":"wp","href":"https:\/\/api.w.org\/{rel}","templated":true}]}}