{"id":3620,"date":"2020-11-08T19:40:48","date_gmt":"2021-03-18T12:18:46","guid":{"rendered":"https:\/\/jnegre.com\/producto\/aerorefredadors\/"},"modified":"2021-05-31T07:20:52","modified_gmt":"2021-05-31T07:20:52","slug":"aerorefredadors","status":"publish","type":"product","link":"https:\/\/jnegre.com\/ca\/producto\/aerorefredadors\/","title":{"rendered":"Aerorefredadors"},"content":{"rendered":"<div class=\"wpb-content-wrapper\"><p>[vc_row el_class=&#8221;screen-reader-text&#8221;][vc_column][vc_column_text]<\/p>\n<h2>Aerorefredadors<\/h2>\n<p>Nova gamma de Aeroenfriadores THERMOKEY (Dry coolers). Producte innovador per a operadors del sector de refrigeraci\u00f3 industrial.<\/p>\n<p>M\u00e9s de 180.000 solucions de Aerorefredadors per a satisfer qualsevol necessitat en el sector d&#8217;aire condicionat i refredament industrial.<br \/>\nGaranteixen el compliment de les normes mediambientals m\u00e9s estrictes en termes de contaminaci\u00f3 ac\u00fastica.<\/p>\n<p>Els camps d&#8217;aplicaci\u00f3 m\u00e9s habituals s\u00f3n: aire condicionat, refredament de centres de dades, refredament motors cogeneraci\u00f3, refredament de processos en molts sectors.<\/p>\n<p>La certificaci\u00f3 Eurovent confirma i garanteix que el rendiment dels nostres Aerorefredadors \u2013 Power Line horitzontals i en \u201cV\u201d \u2013 realment correspon a les condicions de disseny.<\/p>\n<h5>Documentaci\u00f3<\/h5>\n<p><a href=\"https:\/\/jnegre.com\/wp-content\/uploads\/pdf\/jnegre-aeros.pdf\" target=\"_blank\" rel=\"noopener noreferrer\">Cat\u00e0leg<\/a><br \/>\n<a href=\"https:\/\/jnegre.com\/wp-content\/uploads\/2021\/05\/jnegre-manual-aeros-esp.pdf\" target=\"_blank\" rel=\"noopener noreferrer\">Manual<\/a><br \/>\n<a href=\"https:\/\/jnegre.com\/wp-content\/uploads\/2021\/05\/jnegre-aeros-accesorios.pdf\" target=\"_blank\" rel=\"noopener noreferrer\">Accessoris<\/a>[\/vc_column_text][\/vc_column][\/vc_row][vc_row css=&#8221;.vc_custom_1606821002356{padding-bottom: 65px !important;}&#8221;][vc_column][vc_empty_space height=&#8221;65px&#8221;][vc_column_text]<\/p>\n<h3>Aerorefredadors POWER-LINE<\/h3>\n<p>[\/vc_column_text][vc_empty_space][vc_row_inner][vc_column_inner width=&#8221;1\/3&#8243;][vc_single_image image=&#8221;3219&#8243; img_size=&#8221;full&#8221;][\/vc_column_inner][vc_column_inner width=&#8221;1\/3&#8243;][vc_column_text]<\/p>\n<h5>AEROREFREDADORS POWER-LINE<\/h5>\n<h6>Rang de rendiment:<\/h6>\n<p>Capacitat desde 8 fins a 890 kW<br \/>\n(glicol 35%, Tw1 = 40 \u00b0C, Tw2 = 35 \u00b0C, T1 = 25 \u00b0C)<\/p>\n<h6>Ventiladors:<\/h6>\n<p>Di\u00e0metre \u00d8 500, 630, 800, 900, 1000 mm, motor AC o EC<\/p>\n<h6>Ventatges:<\/h6>\n<ul>\n<li>Geometria d&#8217;alta efici\u00e8ncia<\/li>\n<li>Disseny modular, 1-10 ventiladors<\/li>\n<li>8 nivells sonors<\/li>\n<li>Tubs en coure o acer inoxidable AISI 304 o AISI 316L<\/li>\n<li>Aletes disponibles en una \u00e0mplia gamma de materials<\/li>\n<li>Gamma completa d&#8217;accessoris<\/li>\n<li>Carcassa en acer galvanitzat, pintat en pols<\/li>\n<\/ul>\n<p>[\/vc_column_text][\/vc_column_inner][vc_column_inner width=&#8221;1\/3&#8243;][vc_column_text]<\/p>\n<h5>AEROREFREDADORS POWER-LINE (2 FILES DE VENTILADORS)<\/h5>\n<h6>Rang de rendiment:<\/h6>\n<p>Capacitat desde 45 a 1123 kW<br \/>\n(glicol 35%, Tw1 = 40 \u00b0C, Tw2 = 35 \u00b0C, T1 = 25 \u00b0C)<\/p>\n<h6>Ventiladors:<\/h6>\n<p>Di\u00e0metre \u00d8 500, 630, 800, 900, 1000 mm, motor AC o EC<\/p>\n<h6>Ventatges:<\/h6>\n<ul>\n<li>Geometria d&#8217;alta efici\u00e8ncia<\/li>\n<li>Disseny modular, 2-16 ventiladors<\/li>\n<li>8 nivells sonors<\/li>\n<li>Tubs en coure o acer inoxidable AISI 304 o AISI 316L<\/li>\n<li>Aletes disponibles en una \u00e0mplia gamma de materials<\/li>\n<li>Gamma completa d&#8217;accessoris<\/li>\n<li>Carcassa en acer galvanitzat, pintat en pols<\/li>\n<\/ul>\n<p>[\/vc_column_text][\/vc_column_inner][\/vc_row_inner][\/vc_column][\/vc_row][vc_row css=&#8221;.vc_custom_1606820983420{padding-bottom: 65px !important;}&#8221;][vc_column][vc_empty_space][vc_column_text]<\/p>\n<h3>AEROREFREDADORS POWER-J<\/h3>\n<p>[\/vc_column_text][vc_empty_space][vc_row_inner][vc_column_inner width=&#8221;1\/3&#8243;][vc_single_image image=&#8221;3218&#8243; img_size=&#8221;full&#8221;][\/vc_column_inner][vc_column_inner width=&#8221;1\/3&#8243;][vc_column_text]<\/p>\n<h5>AEROREFREDADORS POWER-J (1 FILA DE VENTILADORS)<\/h5>\n<h6>Rang de rendiment:<\/h6>\n<p>Capacitat desde 70 a 961 kW<br \/>\n(glicol 35%, Tw1 = 40 \u00b0C, Tw2 = 35 \u00b0C, T1 = 25 \u00b0C)<\/p>\n<h6>Ventiladors:<\/h6>\n<p>Di\u00e0metre \u00d8 800, 900, 1000 mm, motor AC o EC<\/p>\n<h6>Ventatges:<\/h6>\n<ul>\n<li>Geometria d&#8217;alta efici\u00e8ncia<\/li>\n<li>Disseny modular, 2-7 ventiladors<\/li>\n<li>8 nivells sonors<\/li>\n<li>Tubs en coure o acer inoxidable AISI 304 o AISI 316L<\/li>\n<li>Aletes disponibles en una \u00e0mplia gamma de materials<\/li>\n<li>Gamma completa d&#8217;accessoris<\/li>\n<li>AFS (Air Fresh System) o WFS (Wet Fin System), disponibles sota petici\u00f3<\/li>\n<\/ul>\n<p>[\/vc_column_text][\/vc_column_inner][vc_column_inner width=&#8221;1\/3&#8243;][vc_column_text]<\/p>\n<h5>AEROREFREDADORS POWER-J (2 FILAS DE VENTILADORS)<\/h5>\n<h6>Rang de rendiment:<\/h6>\n<p>Capacitat desde 126 a 1585 kW<br \/>\n(glicol 35%, Tw1 = 40 \u00b0C, Tw2 = 35 \u00b0C, T1 = 25 \u00b0C)<\/p>\n<h6><strong>Ventiladors:<\/strong><\/h6>\n<p>Di\u00e0metre \u00d8 800, 900, 1000 mm, motor AC o EC<\/p>\n<h6><strong>Ventatges:<\/strong><\/h6>\n<ul>\n<li>Geometria d&#8217;alta efici\u00e8ncia<\/li>\n<li>Disseny modular, 4-16 ventiladors<\/li>\n<li>8 nivells sonors<\/li>\n<li>Tubs en coure o acer inoxidable AISI 304 o AISI 316L<\/li>\n<li>Aletes disponibles en una \u00e0mplia gamma de materials<\/li>\n<li>Gamma completa d&#8217;accessoris<\/li>\n<li>AFS (Air Fresh System), WFS (Wet Fin System) o EPS (Evaporative Panel System), disponibles sota petici\u00f3<\/li>\n<li>Carcassa en acer galvanitzat, pintat en pols<\/li>\n<\/ul>\n<p>[\/vc_column_text][\/vc_column_inner][\/vc_row_inner][\/vc_column][\/vc_row][vc_row css=&#8221;.vc_custom_1606820983420{padding-bottom: 65px !important;}&#8221;][vc_column][vc_empty_space][vc_column_text]<\/p>\n<h3>Aerorefredadors SUPER POWER-J<\/h3>\n<p>[\/vc_column_text][vc_empty_space][vc_row_inner][vc_column_inner width=&#8221;1\/3&#8243;][vc_single_image image=&#8221;3220&#8243; img_size=&#8221;full&#8221;][\/vc_column_inner][vc_column_inner el_class=&#8221;vc_col-sm-8&#8243; width=&#8221;2\/3&#8243;][vc_column_text]<\/p>\n<h5>Caracter\u00edstiques Aerorefredadors SUPER POWER-J<\/h5>\n<h6>Rang de rendiment:<\/h6>\n<p>capacitat per a cada m\u00f2dul fins a 120 kW**<\/p>\n<h6>Ventiladors:<\/h6>\n<p>Di\u00e0metre \u00d8 800 mm, motor AC y EC<\/p>\n<h6>M\u00f2duls:<\/h6>\n<p>De 1 a n<br \/>\n(**) Condicions est\u00e0ndard \u2013 \u0394T = 15k glicol 35%,<\/p>\n<p>Tw1 = 40 \u00b0C, Tw2 = 35 \u00b0C, T1 = 25 \u00b0C<\/p>\n<h6>Ventatges:<\/h6>\n<ul>\n<li>M\u00e0xim rendiment, m\u00ednim espai<\/li>\n<li>Geometria d&#8217;alta efici\u00e8ncia<\/li>\n<li>Disseny modular, 8-20 ventiladors<\/li>\n<li>8 nivells sonors<\/li>\n<li>Tubs en coure o acer inoxidable AISI 304 o AISI 316L<\/li>\n<li>Aletes disponibles en una \u00e0mplia gamma de materials<\/li>\n<li>Gamma completa d&#8217;accessoris<\/li>\n<li>AFS (Air Fresh System) o WFS (Wet Fin System), disponibles sota petici\u00f3<\/li>\n<\/ul>\n<p>[\/vc_column_text][\/vc_column_inner][\/vc_row_inner][\/vc_column][\/vc_row][vc_row css=&#8221;.vc_custom_1606820983420{padding-bottom: 65px !important;}&#8221;][vc_column][vc_empty_space][vc_column_text]<\/p>\n<h3>Refrigeradors l\u00edquids modulars TKMICRO H2O<\/h3>\n<p>[\/vc_column_text][vc_empty_space][vc_row_inner][vc_column_inner width=&#8221;1\/3&#8243;][vc_single_image image=&#8221;3217&#8243; img_size=&#8221;full&#8221;][\/vc_column_inner][vc_column_inner el_class=&#8221;vc_col-sm-8&#8243; width=&#8221;2\/3&#8243;][vc_column_text]<\/p>\n<h5>Caracter\u00edstiques Refrigeradors l\u00edquids modulars TKMICRO H2O<\/h5>\n<h6>Rang de rendiment:<\/h6>\n<p>capacitat per a cada m\u00f2dul fins a 120 kW**<\/p>\n<h6>Ventiladors:<\/h6>\n<p>Di\u00e0metre \u00d8 800 mm, motor AC y EC<\/p>\n<h6>M\u00f2duls:<\/h6>\n<p>de 1 a n<br \/>\n(**) Condicions est\u00e0ndard \u2013 \u0394T = 15k glicol 35%,<\/p>\n<p>Tw1 = 40 \u00b0C, Tw2 = 35 \u00b0C, T1 = 25 \u00b0C[\/vc_column_text][\/vc_column_inner][\/vc_row_inner][\/vc_column][\/vc_row][vc_row css=&#8221;.vc_custom_1606473766187{padding-top: 65px !important;}&#8221;][vc_column][vc_empty_space][vc_column_text]<\/p>\n<h3>Algunes instal\u00b7lacions<\/h3>\n<p>[\/vc_column_text][vc_empty_space][vc_row_inner][vc_column_inner width=&#8221;1\/2&#8243;][vc_gallery interval=&#8221;3&#8243; images=&#8221;4467,4469,4471,4473,4475,4477,4479&#8243; img_size=&#8221;full&#8221; el_class=&#8221;text-center textcenter&#8221;][\/vc_column_inner][vc_column_inner width=&#8221;1\/2&#8243;][vc_gallery type=&#8221;image_grid&#8221; images=&#8221;4467,4469,4471,4473,4475,4477,4479&#8243; img_size=&#8221;&#8221; el_class=&#8221;text-center textcenter&#8221;][\/vc_column_inner][\/vc_row_inner][vc_empty_space height=&#8221;100px&#8221;][\/vc_column][\/vc_row]<\/p>\n<\/div>","protected":false},"excerpt":{"rendered":"<p>M\u00e9s de 180.000 solucions de Aerorefredadors per a satisfer qualsevol necessitat en el sector d&#8217;aire condicionat i refredament industrial.<br \/>\nGaranteixen el compliment de les normes mediambientals m\u00e9s estrictes en termes de contaminaci\u00f3 ac\u00fastica.<\/p>\n<p>Els camps d&#8217;aplicaci\u00f3 m\u00e9s habituals s\u00f3n: aire condicionat, refredament de centres de dades, refredament motors cogeneraci\u00f3, refredament de processos en molts sectors.<\/p>\n<p>&nbsp;<\/p>\n<div class=\"wpb_column vc_column_container vc_col-sm-4\" data-equalizer-watch=\"\">\n<div class=\"wpb_wrapper\">\n<div class=\"wpb_single_image wpb_content_element vc_align_left\">\n<figure class=\"wpb_wrapper vc_figure\">\n<div class=\"vc_single_image-wrapper vc_box_border_grey\"><img loading=\"lazy\" decoding=\"async\" class=\"vc_single_image-img attachment-full\" src=\"https:\/\/jnegre.com\/wp-content\/uploads\/2020\/11\/eurovent-logo.jpeg\" width=\"1207\" height=\"435\"><\/div>\n<\/figure>\n<\/div>\n<\/div>\n<\/div>\n<div class=\"wpb_column vc_column_container vc_col-sm-8\" data-equalizer-watch=\"\">\n<div class=\"wpb_wrapper\">\n<div class=\"wpb_text_column wpb_content_element \">\n<div class=\"wpb_wrapper\">\n<p style=\"font-size: 14px; line-height: normal;\">La certificaci\u00f3 Eurovent confirma i garanteix que el rendiment dels nostres Aerorefredadors \u2013 Power Line horitzontals i en \u201cV\u201d \u2013 realment correspon a les condicions de disseny.<\/p>\n<\/div>\n<\/div>\n<\/div>\n<\/div>\n<p>&nbsp;<\/p>\n<p>&nbsp;<\/p>\n<h5>Documentaci\u00f3<\/h5>\n<p><a href=\"https:\/\/jnegre.com\/wp-content\/uploads\/pdf\/jnegre-aeros.pdf\" target=\"_blank\" rel=\"noopener noreferrer\">Cat\u00e0leg<\/a><br \/>\n<a href=\"https:\/\/jnegre.com\/wp-content\/uploads\/pdf\/jnegre-esp-manual-aerorefrigeradores.pdf\" target=\"_blank\" rel=\"noopener noreferrer\">Manual<\/a><br \/>\n<a href=\"https:\/\/jnegre.com\/wp-content\/uploads\/pdf\/jnegre-aerorefrigeradores-accesorios.pdf\" target=\"_blank\" rel=\"noopener noreferrer\">Accessoris<\/a><\/p>\n","protected":false},"featured_media":4106,"template":"","meta":[],"product_brand":[],"product_cat":[105],"product_tag":[],"class_list":{"0":"post-3620","1":"product","2":"type-product","3":"status-publish","4":"has-post-thumbnail","6":"product_cat-aerorefrigeradors","8":"first","9":"instock","10":"shipping-taxable","11":"product-type-simple"},"yoast_head":"<!-- This site is optimized with the Yoast SEO plugin v27.5 - https:\/\/yoast.com\/product\/yoast-seo-wordpress\/ -->\n<title>Aerorefredadors | J.Negre | Expertos en Intercambio T\u00e9rmico y Refrigeraci\u00f3n Industrial desde 1978<\/title>\n<meta name=\"description\" content=\"Nova gamma de Aeroenfriadores THERMOKEY (Dry coolers). Producte innovador per a operadors del sector de refrigeraci\u00f3 industrial.\" \/>\n<meta name=\"robots\" content=\"index, follow, max-snippet:-1, max-image-preview:large, max-video-preview:-1\" \/>\n<link rel=\"canonical\" href=\"https:\/\/jnegre.com\/ca\/producto\/aerorefredadors\/\" \/>\n<meta property=\"og:locale\" content=\"ca_ES\" \/>\n<meta property=\"og:type\" content=\"article\" \/>\n<meta property=\"og:title\" content=\"Aerorefredadors | J.Negre | Expertos en Intercambio T\u00e9rmico y Refrigeraci\u00f3n Industrial desde 1978\" \/>\n<meta property=\"og:description\" content=\"Nova gamma de Aeroenfriadores THERMOKEY (Dry coolers). Producte innovador per a operadors del sector de refrigeraci\u00f3 industrial.\" \/>\n<meta property=\"og:url\" content=\"https:\/\/jnegre.com\/ca\/producto\/aerorefredadors\/\" \/>\n<meta property=\"og:site_name\" content=\"J.Negre | Expertos en Intercambio T\u00e9rmico y Refrigeraci\u00f3n Industrial desde 1978\" \/>\n<meta property=\"article:modified_time\" content=\"2021-05-31T07:20:52+00:00\" \/>\n<meta property=\"og:image\" content=\"https:\/\/jnegre.com\/wp-content\/uploads\/2020\/11\/jnegre-aeroenfriadores-super-power-j.jpg\" \/>\n\t<meta property=\"og:image:width\" content=\"800\" \/>\n\t<meta property=\"og:image:height\" content=\"800\" \/>\n\t<meta property=\"og:image:type\" content=\"image\/jpeg\" \/>\n<meta name=\"twitter:card\" content=\"summary_large_image\" \/>\n<meta name=\"twitter:label1\" content=\"Temps estimat de lectura\" \/>\n\t<meta name=\"twitter:data1\" content=\"5 minuts\" \/>\n<script type=\"application\/ld+json\" class=\"yoast-schema-graph\">{\"@context\":\"https:\\\/\\\/schema.org\",\"@graph\":[{\"@type\":\"WebPage\",\"@id\":\"https:\\\/\\\/jnegre.com\\\/ca\\\/producto\\\/aerorefredadors\\\/\",\"url\":\"https:\\\/\\\/jnegre.com\\\/ca\\\/producto\\\/aerorefredadors\\\/\",\"name\":\"Aerorefredadors | J.Negre | Expertos en Intercambio T\u00e9rmico y Refrigeraci\u00f3n Industrial desde 1978\",\"isPartOf\":{\"@id\":\"https:\\\/\\\/jnegre.com\\\/ca\\\/#website\"},\"primaryImageOfPage\":{\"@id\":\"https:\\\/\\\/jnegre.com\\\/ca\\\/producto\\\/aerorefredadors\\\/#primaryimage\"},\"image\":{\"@id\":\"https:\\\/\\\/jnegre.com\\\/ca\\\/producto\\\/aerorefredadors\\\/#primaryimage\"},\"thumbnailUrl\":\"https:\\\/\\\/jnegre.com\\\/wp-content\\\/uploads\\\/2020\\\/11\\\/jnegre-aeroenfriadores-super-power-j.jpg\",\"datePublished\":\"2021-03-18T12:18:46+00:00\",\"dateModified\":\"2021-05-31T07:20:52+00:00\",\"description\":\"Nova gamma de Aeroenfriadores THERMOKEY (Dry coolers). Producte innovador per a operadors del sector de refrigeraci\u00f3 industrial.\",\"breadcrumb\":{\"@id\":\"https:\\\/\\\/jnegre.com\\\/ca\\\/producto\\\/aerorefredadors\\\/#breadcrumb\"},\"inLanguage\":\"ca\",\"potentialAction\":[{\"@type\":\"ReadAction\",\"target\":[\"https:\\\/\\\/jnegre.com\\\/ca\\\/producto\\\/aerorefredadors\\\/\"]}]},{\"@type\":\"ImageObject\",\"inLanguage\":\"ca\",\"@id\":\"https:\\\/\\\/jnegre.com\\\/ca\\\/producto\\\/aerorefredadors\\\/#primaryimage\",\"url\":\"https:\\\/\\\/jnegre.com\\\/wp-content\\\/uploads\\\/2020\\\/11\\\/jnegre-aeroenfriadores-super-power-j.jpg\",\"contentUrl\":\"https:\\\/\\\/jnegre.com\\\/wp-content\\\/uploads\\\/2020\\\/11\\\/jnegre-aeroenfriadores-super-power-j.jpg\",\"width\":800,\"height\":800,\"caption\":\"jnegre-aerorefredadors-super-power-j\"},{\"@type\":\"BreadcrumbList\",\"@id\":\"https:\\\/\\\/jnegre.com\\\/ca\\\/producto\\\/aerorefredadors\\\/#breadcrumb\",\"itemListElement\":[{\"@type\":\"ListItem\",\"position\":1,\"name\":\"Inicio\",\"item\":\"https:\\\/\\\/jnegre.com\\\/ca\\\/\"},{\"@type\":\"ListItem\",\"position\":2,\"name\":\"Tienda\",\"item\":\"https:\\\/\\\/jnegre.com\\\/ca\\\/tienda\\\/\"},{\"@type\":\"ListItem\",\"position\":3,\"name\":\"Aerorefrigeradors\",\"item\":\"https:\\\/\\\/jnegre.com\\\/ca\\\/categoria-producto\\\/aerorefrigeradors\\\/\"},{\"@type\":\"ListItem\",\"position\":4,\"name\":\"Aerorefredadors\"}]},{\"@type\":\"WebSite\",\"@id\":\"https:\\\/\\\/jnegre.com\\\/ca\\\/#website\",\"url\":\"https:\\\/\\\/jnegre.com\\\/ca\\\/\",\"name\":\"J.Negre | Expertos en Intercambio T\u00e9rmico y Refrigeraci\u00f3n Industrial desde 1978\",\"description\":\"Intercambiadores de placas Sondex, torres de refrigeraci\u00f3n, enfriadoras magn\u00e9ticas y m\u00e1s. Servicio t\u00e9cnico y suministro con m\u00e1s de 30 a\u00f1os de experiencia\",\"publisher\":{\"@id\":\"https:\\\/\\\/jnegre.com\\\/ca\\\/#organization\"},\"potentialAction\":[{\"@type\":\"SearchAction\",\"target\":{\"@type\":\"EntryPoint\",\"urlTemplate\":\"https:\\\/\\\/jnegre.com\\\/ca\\\/?s={search_term_string}\"},\"query-input\":{\"@type\":\"PropertyValueSpecification\",\"valueRequired\":true,\"valueName\":\"search_term_string\"}}],\"inLanguage\":\"ca\"},{\"@type\":\"Organization\",\"@id\":\"https:\\\/\\\/jnegre.com\\\/ca\\\/#organization\",\"name\":\"J. Negre C.\",\"url\":\"https:\\\/\\\/jnegre.com\\\/ca\\\/\",\"logo\":{\"@type\":\"ImageObject\",\"inLanguage\":\"ca\",\"@id\":\"https:\\\/\\\/jnegre.com\\\/ca\\\/#\\\/schema\\\/logo\\\/image\\\/\",\"url\":\"https:\\\/\\\/jnegre.com\\\/wp-content\\\/uploads\\\/2021\\\/05\\\/jnegre-logo-tagline.png\",\"contentUrl\":\"https:\\\/\\\/jnegre.com\\\/wp-content\\\/uploads\\\/2021\\\/05\\\/jnegre-logo-tagline.png\",\"width\":1411,\"height\":380,\"caption\":\"J. Negre C.\"},\"image\":{\"@id\":\"https:\\\/\\\/jnegre.com\\\/ca\\\/#\\\/schema\\\/logo\\\/image\\\/\"}}]}<\/script>\n<!-- \/ Yoast SEO plugin. -->","yoast_head_json":{"title":"Aerorefredadors | J.Negre | Expertos en Intercambio T\u00e9rmico y Refrigeraci\u00f3n Industrial desde 1978","description":"Nova gamma de Aeroenfriadores THERMOKEY (Dry coolers). Producte innovador per a operadors del sector de refrigeraci\u00f3 industrial.","robots":{"index":"index","follow":"follow","max-snippet":"max-snippet:-1","max-image-preview":"max-image-preview:large","max-video-preview":"max-video-preview:-1"},"canonical":"https:\/\/jnegre.com\/ca\/producto\/aerorefredadors\/","og_locale":"ca_ES","og_type":"article","og_title":"Aerorefredadors | J.Negre | Expertos en Intercambio T\u00e9rmico y Refrigeraci\u00f3n Industrial desde 1978","og_description":"Nova gamma de Aeroenfriadores THERMOKEY (Dry coolers). Producte innovador per a operadors del sector de refrigeraci\u00f3 industrial.","og_url":"https:\/\/jnegre.com\/ca\/producto\/aerorefredadors\/","og_site_name":"J.Negre | Expertos en Intercambio T\u00e9rmico y Refrigeraci\u00f3n Industrial desde 1978","article_modified_time":"2021-05-31T07:20:52+00:00","og_image":[{"width":800,"height":800,"url":"https:\/\/jnegre.com\/wp-content\/uploads\/2020\/11\/jnegre-aeroenfriadores-super-power-j.jpg","type":"image\/jpeg"}],"twitter_card":"summary_large_image","twitter_misc":{"Temps estimat de lectura":"5 minuts"},"schema":{"@context":"https:\/\/schema.org","@graph":[{"@type":"WebPage","@id":"https:\/\/jnegre.com\/ca\/producto\/aerorefredadors\/","url":"https:\/\/jnegre.com\/ca\/producto\/aerorefredadors\/","name":"Aerorefredadors | J.Negre | Expertos en Intercambio T\u00e9rmico y Refrigeraci\u00f3n Industrial desde 1978","isPartOf":{"@id":"https:\/\/jnegre.com\/ca\/#website"},"primaryImageOfPage":{"@id":"https:\/\/jnegre.com\/ca\/producto\/aerorefredadors\/#primaryimage"},"image":{"@id":"https:\/\/jnegre.com\/ca\/producto\/aerorefredadors\/#primaryimage"},"thumbnailUrl":"https:\/\/jnegre.com\/wp-content\/uploads\/2020\/11\/jnegre-aeroenfriadores-super-power-j.jpg","datePublished":"2021-03-18T12:18:46+00:00","dateModified":"2021-05-31T07:20:52+00:00","description":"Nova gamma de Aeroenfriadores THERMOKEY (Dry coolers). Producte innovador per a operadors del sector de refrigeraci\u00f3 industrial.","breadcrumb":{"@id":"https:\/\/jnegre.com\/ca\/producto\/aerorefredadors\/#breadcrumb"},"inLanguage":"ca","potentialAction":[{"@type":"ReadAction","target":["https:\/\/jnegre.com\/ca\/producto\/aerorefredadors\/"]}]},{"@type":"ImageObject","inLanguage":"ca","@id":"https:\/\/jnegre.com\/ca\/producto\/aerorefredadors\/#primaryimage","url":"https:\/\/jnegre.com\/wp-content\/uploads\/2020\/11\/jnegre-aeroenfriadores-super-power-j.jpg","contentUrl":"https:\/\/jnegre.com\/wp-content\/uploads\/2020\/11\/jnegre-aeroenfriadores-super-power-j.jpg","width":800,"height":800,"caption":"jnegre-aerorefredadors-super-power-j"},{"@type":"BreadcrumbList","@id":"https:\/\/jnegre.com\/ca\/producto\/aerorefredadors\/#breadcrumb","itemListElement":[{"@type":"ListItem","position":1,"name":"Inicio","item":"https:\/\/jnegre.com\/ca\/"},{"@type":"ListItem","position":2,"name":"Tienda","item":"https:\/\/jnegre.com\/ca\/tienda\/"},{"@type":"ListItem","position":3,"name":"Aerorefrigeradors","item":"https:\/\/jnegre.com\/ca\/categoria-producto\/aerorefrigeradors\/"},{"@type":"ListItem","position":4,"name":"Aerorefredadors"}]},{"@type":"WebSite","@id":"https:\/\/jnegre.com\/ca\/#website","url":"https:\/\/jnegre.com\/ca\/","name":"J.Negre | Expertos en Intercambio T\u00e9rmico y Refrigeraci\u00f3n Industrial desde 1978","description":"Intercambiadores de placas Sondex, torres de refrigeraci\u00f3n, enfriadoras magn\u00e9ticas y m\u00e1s. Servicio t\u00e9cnico y suministro con m\u00e1s de 30 a\u00f1os de experiencia","publisher":{"@id":"https:\/\/jnegre.com\/ca\/#organization"},"potentialAction":[{"@type":"SearchAction","target":{"@type":"EntryPoint","urlTemplate":"https:\/\/jnegre.com\/ca\/?s={search_term_string}"},"query-input":{"@type":"PropertyValueSpecification","valueRequired":true,"valueName":"search_term_string"}}],"inLanguage":"ca"},{"@type":"Organization","@id":"https:\/\/jnegre.com\/ca\/#organization","name":"J. Negre C.","url":"https:\/\/jnegre.com\/ca\/","logo":{"@type":"ImageObject","inLanguage":"ca","@id":"https:\/\/jnegre.com\/ca\/#\/schema\/logo\/image\/","url":"https:\/\/jnegre.com\/wp-content\/uploads\/2021\/05\/jnegre-logo-tagline.png","contentUrl":"https:\/\/jnegre.com\/wp-content\/uploads\/2021\/05\/jnegre-logo-tagline.png","width":1411,"height":380,"caption":"J. Negre C."},"image":{"@id":"https:\/\/jnegre.com\/ca\/#\/schema\/logo\/image\/"}}]}},"_links":{"self":[{"href":"https:\/\/jnegre.com\/ca\/wp-json\/wp\/v2\/product\/3620","targetHints":{"allow":["GET"]}}],"collection":[{"href":"https:\/\/jnegre.com\/ca\/wp-json\/wp\/v2\/product"}],"about":[{"href":"https:\/\/jnegre.com\/ca\/wp-json\/wp\/v2\/types\/product"}],"wp:featuredmedia":[{"embeddable":true,"href":"https:\/\/jnegre.com\/ca\/wp-json\/wp\/v2\/media\/4106"}],"wp:attachment":[{"href":"https:\/\/jnegre.com\/ca\/wp-json\/wp\/v2\/media?parent=3620"}],"wp:term":[{"taxonomy":"product_brand","embeddable":true,"href":"https:\/\/jnegre.com\/ca\/wp-json\/wp\/v2\/product_brand?post=3620"},{"taxonomy":"product_cat","embeddable":true,"href":"https:\/\/jnegre.com\/ca\/wp-json\/wp\/v2\/product_cat?post=3620"},{"taxonomy":"product_tag","embeddable":true,"href":"https:\/\/jnegre.com\/ca\/wp-json\/wp\/v2\/product_tag?post=3620"}],"curies":[{"name":"wp","href":"https:\/\/api.w.org\/{rel}","templated":true}]}}