{"id":3619,"date":"2021-03-17T13:36:52","date_gmt":"2021-03-17T13:36:52","guid":{"rendered":"https:\/\/jnegre.com\/producto\/evaporadors-o-refrigeradors\/"},"modified":"2021-03-30T07:59:25","modified_gmt":"2021-03-30T07:59:25","slug":"evaporadors-refrigeradors","status":"publish","type":"product","link":"https:\/\/jnegre.com\/ca\/producto\/evaporadors-refrigeradors\/","title":{"rendered":"Evaporadors o refrigeradors"},"content":{"rendered":"<div class=\"wpb-content-wrapper\"><p>[vc_row el_class=&#8221;screen-reader-text&#8221;][vc_column][vc_column_text]<\/p>\n<h2>Evaporadors o refrigeradors<\/h2>\n<p>Evaporadors o refrigeradors. Ideal per a totes les aplicacions que requereixen una r\u00e0pida congelaci\u00f3 dels aliments.<\/p>\n<p>M\u00e9s de 30.000 solucions de aeroevaporadors per a preservar la temperatura en qualsevol cambra de conservaci\u00f3.<\/p>\n<ul>\n<li>Ventiladors de baix soroll.<\/li>\n<li>Aeroevaporadors inspeccionables d&#8217;acer inoxidable resistents i f\u00e0cils de desinfectar.<\/li>\n<li>Sistemes de desgebrament .<\/li>\n<li>Blast freezer per a assegurar una r\u00e0pida congelaci\u00f3 dels aliments i preservar les seves propietats originals.<\/li>\n<\/ul>\n<h5>Documentaci\u00f3 Evaporadors o refrigeradors<\/h5>\n<p><a href=\"https:\/\/jnegre.com\/wp-content\/uploads\/pdf\/jnegre-aeros.pdf\" target=\"_blank\" rel=\"noopener noreferrer\">Descarregar Cat\u00e0leg<\/a>[\/vc_column_text][\/vc_column][\/vc_row][vc_row css=&#8221;.vc_custom_1606821002356{padding-bottom: 65px !important;}&#8221;][vc_column][vc_empty_space height=&#8221;65px&#8221;][vc_column_text]<\/p>\n<h3>Refrigeradors c\u00fabics lleugers<\/h3>\n<p>[\/vc_column_text][vc_empty_space][vc_row_inner][vc_column_inner width=&#8221;1\/3&#8243;][vc_single_image image=&#8221;3266&#8243; img_size=&#8221;full&#8221;][\/vc_column_inner][vc_column_inner el_class=&#8221;vc_col-sm-8&#8243; width=&#8221;2\/3&#8243;][vc_column_text]<\/p>\n<h5>CARACTER\u00cdSTIQUES<\/h5>\n<h6>\u00c0rea d&#8217;aplicaci\u00f3:<\/h6>\n<p>Cambres fredes petites i mitjanes per a conservar productes frescos o congelats<\/p>\n<h6>Rang de rendiment:<\/h6>\n<p>Operaci\u00f3 d&#8217;expansi\u00f3 directa: capacitat de 1,44 a 47 kW (R404A, Et=-8 \u00b0C, T1=0 \u00b0C, HR=85%)<br \/>\nOperaci\u00f3 de salmorra: capacitat d&#8217;1 a 20 kW (glicol 30%, TW1= -10 \u00b0C, T1= 0 \u00b0C, HR = 85%)<\/p>\n<h6>Ventiladors:<\/h6>\n<p>Di\u00e0metre \u00d8 300, 350, 400 y 450 mm<\/p>\n<h6>Ventatges:<\/h6>\n<ul>\n<li>Alta efici\u00e8ncia en grand\u00e0ries compactes<\/li>\n<li>Disseny modular, 1-4 ventiladors<\/li>\n<li>Espaiat de l&#8217;aleta: 4 mm, 6 mm o 8 mm<\/li>\n<li>Marc s\u00f2lid en acer galvanitzat, carcasses en ABS (sota petici\u00f3, unitat completa en acer galvanitzat)<\/li>\n<li>RAL 9010<\/li>\n<li>Sistema de descongelament el\u00e8ctric disponible sota petici\u00f3<\/li>\n<\/ul>\n<p>[\/vc_column_text][\/vc_column_inner][\/vc_row_inner][\/vc_column][\/vc_row][vc_row css=&#8221;.vc_custom_1606820983420{padding-bottom: 65px !important;}&#8221;][vc_column][vc_empty_space height=&#8221;65px&#8221;][vc_column_text]<\/p>\n<h3>Refrigeradors industrials de flux dual<\/h3>\n<p>[\/vc_column_text][vc_empty_space][vc_row_inner][vc_column_inner width=&#8221;1\/3&#8243;][vc_single_image image=&#8221;3270&#8243; img_size=&#8221;full&#8221;][\/vc_column_inner][vc_column_inner el_class=&#8221;vc_col-sm-8&#8243; width=&#8221;2\/3&#8243;][vc_column_text]<\/p>\n<h5>Caracter\u00edstiques<\/h5>\n<h6>\u00c0rea d&#8217;aplicaci\u00f3:<\/h6>\n<ul>\n<li>Cambres frigor\u00edfiques mitjanes i grans i grans dip\u00f2sits refrigerats per a conservar productes frescos o congelats<\/li>\n<li>Sales de processament mitjanes i grans<\/li>\n<\/ul>\n<h6>Rang de rendiment:<\/h6>\n<ul>\n<li>Operaci\u00f3 d&#8217;expansi\u00f3 directa: capacitat fins a 115 kW (R404A, Et=-8 \u00b0C, T1=0 \u00b0C, HR=85%)<\/li>\n<li>Operaci\u00f3 de salmorra: capacitat fins a 160 kW (glicol 30%, TW1=-10 \u00b0C, T1=0 \u00b0C, HR=85%)<\/li>\n<li>Operaci\u00f3 d&#8217;amon\u00edac: capacitat fins a 170 kW (R404A, Et=-8 \u00b0C, T1=0 \u00b0C, HR=85%)<\/li>\n<\/ul>\n<h6>Ventiladors:<\/h6>\n<p>Di\u00e0metre \u00d8 500, 560, 630 mm, motor AC.<\/p>\n<h6>Ventatges:<\/h6>\n<ul>\n<li>Disseny modular, 1-5 ventiladors<\/li>\n<li>Canonada de coure o acer inoxidable AISI 304<\/li>\n<li>Aletes disponibles en una \u00e0mplia gamma de materials<\/li>\n<li>Espaiat de l&#8217;aleta: 4,5 mm \u2013 7 mm<\/li>\n<li>Diversos sistemes de descongelaci\u00f3 disponibles<\/li>\n<li>Carcassa: disponible en acer inoxidable AISI 304 o pintat RAL 9010, alumini<\/li>\n<\/ul>\n<p>[\/vc_column_text][\/vc_column_inner][\/vc_row_inner][\/vc_column][\/vc_row][vc_row css=&#8221;.vc_custom_1606820983420{padding-bottom: 65px !important;}&#8221;][vc_column][vc_empty_space height=&#8221;65px&#8221;][vc_column_text]<\/p>\n<h3>Refrigeradors industrials<\/h3>\n<p>[\/vc_column_text][vc_empty_space][vc_row_inner][vc_column_inner width=&#8221;1\/3&#8243;][vc_single_image image=&#8221;3269&#8243; img_size=&#8221;full&#8221;][\/vc_column_inner][vc_column_inner el_class=&#8221;vc_col-sm-8&#8243; width=&#8221;2\/3&#8243;][vc_column_text]<\/p>\n<h5>Caracter\u00edstiques<\/h5>\n<h6>\u00c0rea d&#8217;aplicaci\u00f3:<\/h6>\n<p>Cambres fredes petites i mitjanes per a conservar productes frescos o congelats<br \/>\nSales de processament petites i mitjanes<\/p>\n<h6>Rang de rendiment:<\/h6>\n<p>Capacitat de 1,5 a 20 kW (R404A, Et=-8 \u00b0C, T1=0 \u00b0C, HR=85%)<\/p>\n<h6>Ventiladors:<\/h6>\n<p>Monof\u00e0sic, \u00d8 350 mm<\/p>\n<h6>Ventatges:<\/h6>\n<ul>\n<li>Disseny modular, 1-4 ventiladors<\/li>\n<li>Espaiat de l&#8217;aleta: 3 mm 6 mm<\/li>\n<li>Sistema de descongelament el\u00e8ctric disponible sota petici\u00f3<\/li>\n<li>Carcassa: disponible en alumini, en acer inoxidable AISI 304 o pintat RAL 9010<\/li>\n<\/ul>\n<p>[\/vc_column_text][\/vc_column_inner][\/vc_row_inner][\/vc_column][\/vc_row][vc_row css=&#8221;.vc_custom_1606820983420{padding-bottom: 65px !important;}&#8221;][vc_column][vc_empty_space height=&#8221;65px&#8221;][vc_column_text]<\/p>\n<h3>Refrigeradors comercials de flux dual<\/h3>\n<p>[\/vc_column_text][vc_empty_space][vc_row_inner][vc_column_inner width=&#8221;1\/3&#8243;][vc_single_image image=&#8221;3264&#8243; img_size=&#8221;full&#8221;][\/vc_column_inner][vc_column_inner el_class=&#8221;vc_col-sm-8&#8243; width=&#8221;2\/3&#8243;][vc_column_text]<\/p>\n<h5>Caracter\u00edstiques<\/h5>\n<h6>\u00c0rea d&#8217;aplicaci\u00f3:<\/h6>\n<p>Cambres fredes petites i mitjanes per a conservar productes frescos o congelats<br \/>\nSales de processament petites i mitjanes<\/p>\n<h6>Rang de rendiment:<\/h6>\n<p>Capacitat de 1,5 a 20 kW (R404A, Et=-8 \u00b0C, T1=0 \u00b0C, HR=85%)<\/p>\n<h6>Ventiladors:<\/h6>\n<p>Monof\u00e0sic, \u00d8 350 mm<\/p>\n<h6>Ventatges:<\/h6>\n<ul>\n<li>Disseny modular, 1-4 ventiladors<\/li>\n<li>Espaiat de l&#8217;aleta: 3 mm 6 mm<\/li>\n<li>Sistema de descongelament el\u00e8ctric disponible sota petici\u00f3<\/li>\n<li>Carcassa: disponible en alumini, en acer inoxidable AISI 304 o pintat RAL 9010<\/li>\n<\/ul>\n<p>[\/vc_column_text][\/vc_column_inner][\/vc_row_inner][\/vc_column][\/vc_row][vc_row css=&#8221;.vc_custom_1606820983420{padding-bottom: 65px !important;}&#8221;][vc_column][vc_empty_space height=&#8221;65px&#8221;][vc_column_text]<\/p>\n<h3>Refrigeradors de congelaci\u00f3 r\u00e0pida<\/h3>\n<p>[\/vc_column_text][vc_empty_space][vc_row_inner][vc_column_inner width=&#8221;1\/3&#8243;][vc_single_image image=&#8221;3265&#8243; img_size=&#8221;full&#8221;][\/vc_column_inner][vc_column_inner el_class=&#8221;vc_col-sm-8&#8243; width=&#8221;2\/3&#8243;][vc_column_text]<\/p>\n<h5>Caracter\u00edstiques<\/h5>\n<h6>\u00c0rea d&#8217;aplicaci\u00f3:<\/h6>\n<p>Cambres frigor\u00edfiques espec\u00edfiques per a la refrigeraci\u00f3 del producte o la congelaci\u00f3 r\u00e0pida<\/p>\n<h6>Rang de rendiment:<\/h6>\n<p>Capacitat de 14 a 107 kW (Et = -40 \u00b0C, T1 = -35 \u00b0C, HR = 90%)<\/p>\n<h6>Ventiladors:<\/h6>\n<p>Di\u00e0metre \u00d8 630 mm<\/p>\n<h6>Ventatges:<\/h6>\n<ul>\n<li>Pressi\u00f3 est\u00e0tica externa de 100 Pa (est\u00e0ndard); pot aconseguir 400 Pa amb ventiladors tubulars especials.<\/li>\n<li>Canonada de coure o acer inoxidable AISI 304<\/li>\n<li>Aletes disponibles en una \u00e0mplia gamma de materials<\/li>\n<li>Espaiat de l&#8217;aleta: 12 mm<\/li>\n<li>Diversos sistemes de descongelaci\u00f3 disponibles<\/li>\n<li>Carcassa: disponible en alumini, en acer inoxidable AISI 304 o pintat RAL 9010<\/li>\n<\/ul>\n<p>[\/vc_column_text][\/vc_column_inner][\/vc_row_inner][\/vc_column][\/vc_row][vc_row css=&#8221;.vc_custom_1606820983420{padding-bottom: 65px !important;}&#8221;][vc_column][vc_empty_space height=&#8221;65px&#8221;][vc_column_text]<\/p>\n<h3>Refrigeradors de fruites<\/h3>\n<p>[\/vc_column_text][vc_empty_space][vc_row_inner][vc_column_inner width=&#8221;1\/3&#8243;][vc_single_image image=&#8221;3267&#8243; img_size=&#8221;full&#8221;][\/vc_column_inner][vc_column_inner el_class=&#8221;vc_col-sm-8&#8243; width=&#8221;2\/3&#8243;][vc_column_text]<\/p>\n<h5>Caracter\u00edstiques<\/h5>\n<h6>\u00c0rea d&#8217;aplicaci\u00f3:<\/h6>\n<p>Cambres frigor\u00edfiques espec\u00edfiques per a la conservaci\u00f3 de fruites i verdures<\/p>\n<h6>Rang de rendiment:<\/h6>\n<p>Capacitat de 21 a 50 kW (R404A, Et=-8 \u00b0C, T1=0 \u00b0C, HR=85%)<\/p>\n<h6>Ventiladors:<\/h6>\n<p>Di\u00e0metre \u00d8 400 y 450 mm<\/p>\n<h6>Ventatges:<\/h6>\n<ul>\n<li>Disseny modular, 3-6 ventilados<\/li>\n<li>Espaiat de l&#8217;aleta: 6 mm<\/li>\n<li>Sistema de descongelament el\u00e8ctric disponible sota petici\u00f3<\/li>\n<li>Marc s\u00f2lid en acer galvanitzat, acer pintat RAL 9010<\/li>\n<\/ul>\n<p>[\/vc_column_text][\/vc_column_inner][\/vc_row_inner][\/vc_column][\/vc_row][vc_row css=&#8221;.vc_custom_1606820983420{padding-bottom: 65px !important;}&#8221;][vc_column][vc_empty_space height=&#8221;65px&#8221;][vc_column_text]<\/p>\n<h3>Refrigeradors radials<\/h3>\n<p>[\/vc_column_text][vc_empty_space][vc_row_inner][vc_column_inner width=&#8221;1\/3&#8243;][vc_single_image image=&#8221;3271&#8243; img_size=&#8221;full&#8221;][\/vc_column_inner][vc_column_inner el_class=&#8221;vc_col-sm-8&#8243; width=&#8221;2\/3&#8243;][vc_column_text]<\/p>\n<h5>Caracter\u00edstiques<\/h5>\n<h6>\u00c0rea d&#8217;aplicaci\u00f3:<\/h6>\n<p>Conductes d&#8217;aire<\/p>\n<h6>Rang de rendiment:<\/h6>\n<p>Operaci\u00f3 d&#8217;expansi\u00f3 directa: capacitat de 10 a 115 kW (R404A, Et=2 \u00b0C, T1=12 \u00b0C, HR=75%)<br \/>\nOperaci\u00f3 de salmorra: capacitat de 7 a 135 kW (glicol 30%, TW1=0 \u00b0C, T1=12 \u00b0C, HR=75%)<\/p>\n<h6>Ventiladors:<\/h6>\n<p>Ventiladors radials amb conductes, di\u00e0metre \u00d8 560, 630 mm<\/p>\n<h6>Ventatges:<\/h6>\n<ul>\n<li>Espaiat de l&#8217;aleta: 4,5 mm o 7 mm<\/li>\n<li>Canonada de coure o acer inoxidable AISI 304<\/li>\n<li>Pressi\u00f3 est\u00e0tica externa 150 Pa<\/li>\n<li>Disseny modular, 1-4 ventiladors<\/li>\n<li>Sistema de descongelament el\u00e8ctric disponible sota petici\u00f3<\/li>\n<li>Carcassa en alumini o pintada RAL 9010<\/li>\n<\/ul>\n<p>[\/vc_column_text][\/vc_column_inner][\/vc_row_inner][\/vc_column][\/vc_row][vc_row css=&#8221;.vc_custom_1606820983420{padding-bottom: 65px !important;}&#8221;][vc_column][vc_empty_space height=&#8221;65px&#8221;][vc_column_text]<\/p>\n<h3>Refrigeradors HEN<\/h3>\n<p>[\/vc_column_text][vc_empty_space][vc_row_inner][vc_column_inner width=&#8221;1\/3&#8243;][vc_single_image image=&#8221;3268&#8243; img_size=&#8221;full&#8221;][\/vc_column_inner][vc_column_inner el_class=&#8221;vc_col-sm-8&#8243; width=&#8221;2\/3&#8243;][vc_column_text]<\/p>\n<h5>Caracter\u00edstiques<\/h5>\n<h6>\u00c0rea d&#8217;aplicaci\u00f3:<\/h6>\n<p>Emmagatzematge de patates i vegetals<\/p>\n<h6>Rang de rendiment:<\/h6>\n<p>Capacitat de 40 a 143 kW (R404A, Et=-5 \u00b0C, T1=0 \u00b0C, HR=90%)<\/p>\n<h6>Ventiladors:<\/h6>\n<p>Di\u00e0metre \u00d8 800 alta prevalen\u00e7a amb diferents valors d&#8217;ESP<\/p>\n<h6>Ventatges:<\/h6>\n<ul>\n<li>Disseny modular, 2-4 ventiladors<\/li>\n<li>Espaiat de l&#8217;aleta 7 mm<\/li>\n<li>Sistema de descongelament el\u00e8ctric disponible sota petici\u00f3<\/li>\n<li>Marc s\u00f2lid en acer galvanitzat<\/li>\n<\/ul>\n<p>[\/vc_column_text][\/vc_column_inner][\/vc_row_inner][\/vc_column][\/vc_row]<\/p>\n<\/div>","protected":false},"excerpt":{"rendered":"<p>M\u00e9s de 30.000 solucions de aeroevaporadors per a preservar la temperatura en qualsevol cambra de conservaci\u00f3.<\/p>\n<ul>\n<li>Ventiladors de baix soroll.<\/li>\n<li>Aeroevaporadors inspeccionables d&#8217;acer inoxidable resistents i f\u00e0cils de desinfectar.<\/li>\n<li>Sistemes de desgebrament .<\/li>\n<li>Blast freezer per a assegurar una r\u00e0pida congelaci\u00f3 dels aliments i preservar les seves propietats originals.<\/li>\n<\/ul>\n<h5>Documentaci\u00f3<\/h5>\n<p><a href=\"https:\/\/jnegre.com\/wp-content\/uploads\/pdf\/jnegre-aeros.pdf\" target=\"_blank\" rel=\"noopener noreferrer\">Descarregar Cat\u00e0leg<\/a><\/p>\n","protected":false},"featured_media":4126,"template":"","meta":[],"product_brand":[],"product_cat":[105],"product_tag":[],"class_list":{"0":"post-3619","1":"product","2":"type-product","3":"status-publish","4":"has-post-thumbnail","6":"product_cat-aerorefrigeradors","8":"first","9":"instock","10":"shipping-taxable","11":"product-type-simple"},"yoast_head":"<!-- This site is optimized with the Yoast SEO plugin v27.5 - https:\/\/yoast.com\/product\/yoast-seo-wordpress\/ -->\n<title>Evaporadors o refrigeradors | Aero refrigeradors - J.Negre | Expertos en Intercambio T\u00e9rmico y Refrigeraci\u00f3n Industrial desde 1978<\/title>\n<meta name=\"description\" content=\"Evaporadors o refrigeradors. Ideal per a totes les aplicacions que requereixen una r\u00e0pida congelaci\u00f3 dels aliments.\" \/>\n<meta name=\"robots\" content=\"index, follow, max-snippet:-1, max-image-preview:large, max-video-preview:-1\" \/>\n<link rel=\"canonical\" href=\"https:\/\/jnegre.com\/ca\/producto\/evaporadors-refrigeradors\/\" \/>\n<meta property=\"og:locale\" content=\"ca_ES\" \/>\n<meta property=\"og:type\" content=\"article\" \/>\n<meta property=\"og:title\" content=\"Evaporadors o refrigeradors | Aero refrigeradors - J.Negre | Expertos en Intercambio T\u00e9rmico y Refrigeraci\u00f3n Industrial desde 1978\" \/>\n<meta property=\"og:description\" content=\"Evaporadors o refrigeradors. Ideal per a totes les aplicacions que requereixen una r\u00e0pida congelaci\u00f3 dels aliments.\" \/>\n<meta property=\"og:url\" content=\"https:\/\/jnegre.com\/ca\/producto\/evaporadors-refrigeradors\/\" \/>\n<meta property=\"og:site_name\" content=\"J.Negre | Expertos en Intercambio T\u00e9rmico y Refrigeraci\u00f3n Industrial desde 1978\" \/>\n<meta property=\"article:modified_time\" content=\"2021-03-30T07:59:25+00:00\" \/>\n<meta property=\"og:image\" content=\"https:\/\/jnegre.com\/wp-content\/uploads\/2020\/11\/jnegre-evaporadores-refrigeradores-industriales-dest.jpg\" \/>\n\t<meta property=\"og:image:width\" content=\"800\" \/>\n\t<meta property=\"og:image:height\" content=\"800\" \/>\n\t<meta property=\"og:image:type\" content=\"image\/jpeg\" \/>\n<meta name=\"twitter:card\" content=\"summary_large_image\" \/>\n<meta name=\"twitter:label1\" content=\"Temps estimat de lectura\" \/>\n\t<meta name=\"twitter:data1\" content=\"6 minuts\" \/>\n<script type=\"application\/ld+json\" class=\"yoast-schema-graph\">{\"@context\":\"https:\\\/\\\/schema.org\",\"@graph\":[{\"@type\":\"WebPage\",\"@id\":\"https:\\\/\\\/jnegre.com\\\/ca\\\/producto\\\/evaporadors-refrigeradors\\\/\",\"url\":\"https:\\\/\\\/jnegre.com\\\/ca\\\/producto\\\/evaporadors-refrigeradors\\\/\",\"name\":\"Evaporadors o refrigeradors | Aero refrigeradors - J.Negre | Expertos en Intercambio T\u00e9rmico y Refrigeraci\u00f3n Industrial desde 1978\",\"isPartOf\":{\"@id\":\"https:\\\/\\\/jnegre.com\\\/ca\\\/#website\"},\"primaryImageOfPage\":{\"@id\":\"https:\\\/\\\/jnegre.com\\\/ca\\\/producto\\\/evaporadors-refrigeradors\\\/#primaryimage\"},\"image\":{\"@id\":\"https:\\\/\\\/jnegre.com\\\/ca\\\/producto\\\/evaporadors-refrigeradors\\\/#primaryimage\"},\"thumbnailUrl\":\"https:\\\/\\\/jnegre.com\\\/wp-content\\\/uploads\\\/2020\\\/11\\\/jnegre-evaporadores-refrigeradores-industriales-dest.jpg\",\"datePublished\":\"2021-03-17T13:36:52+00:00\",\"dateModified\":\"2021-03-30T07:59:25+00:00\",\"description\":\"Evaporadors o refrigeradors. Ideal per a totes les aplicacions que requereixen una r\u00e0pida congelaci\u00f3 dels aliments.\",\"breadcrumb\":{\"@id\":\"https:\\\/\\\/jnegre.com\\\/ca\\\/producto\\\/evaporadors-refrigeradors\\\/#breadcrumb\"},\"inLanguage\":\"ca\",\"potentialAction\":[{\"@type\":\"ReadAction\",\"target\":[\"https:\\\/\\\/jnegre.com\\\/ca\\\/producto\\\/evaporadors-refrigeradors\\\/\"]}]},{\"@type\":\"ImageObject\",\"inLanguage\":\"ca\",\"@id\":\"https:\\\/\\\/jnegre.com\\\/ca\\\/producto\\\/evaporadors-refrigeradors\\\/#primaryimage\",\"url\":\"https:\\\/\\\/jnegre.com\\\/wp-content\\\/uploads\\\/2020\\\/11\\\/jnegre-evaporadores-refrigeradores-industriales-dest.jpg\",\"contentUrl\":\"https:\\\/\\\/jnegre.com\\\/wp-content\\\/uploads\\\/2020\\\/11\\\/jnegre-evaporadores-refrigeradores-industriales-dest.jpg\",\"width\":800,\"height\":800,\"caption\":\"JNEGRE - Refrigeradors HEN\"},{\"@type\":\"BreadcrumbList\",\"@id\":\"https:\\\/\\\/jnegre.com\\\/ca\\\/producto\\\/evaporadors-refrigeradors\\\/#breadcrumb\",\"itemListElement\":[{\"@type\":\"ListItem\",\"position\":1,\"name\":\"Inicio\",\"item\":\"https:\\\/\\\/jnegre.com\\\/ca\\\/\"},{\"@type\":\"ListItem\",\"position\":2,\"name\":\"Tienda\",\"item\":\"https:\\\/\\\/jnegre.com\\\/ca\\\/tienda\\\/\"},{\"@type\":\"ListItem\",\"position\":3,\"name\":\"Aerorefrigeradors\",\"item\":\"https:\\\/\\\/jnegre.com\\\/ca\\\/categoria-producto\\\/aerorefrigeradors\\\/\"},{\"@type\":\"ListItem\",\"position\":4,\"name\":\"Evaporadors o refrigeradors\"}]},{\"@type\":\"WebSite\",\"@id\":\"https:\\\/\\\/jnegre.com\\\/ca\\\/#website\",\"url\":\"https:\\\/\\\/jnegre.com\\\/ca\\\/\",\"name\":\"J.Negre | Expertos en Intercambio T\u00e9rmico y Refrigeraci\u00f3n Industrial desde 1978\",\"description\":\"Intercambiadores de placas Sondex, torres de refrigeraci\u00f3n, enfriadoras magn\u00e9ticas y m\u00e1s. Servicio t\u00e9cnico y suministro con m\u00e1s de 30 a\u00f1os de experiencia\",\"publisher\":{\"@id\":\"https:\\\/\\\/jnegre.com\\\/ca\\\/#organization\"},\"potentialAction\":[{\"@type\":\"SearchAction\",\"target\":{\"@type\":\"EntryPoint\",\"urlTemplate\":\"https:\\\/\\\/jnegre.com\\\/ca\\\/?s={search_term_string}\"},\"query-input\":{\"@type\":\"PropertyValueSpecification\",\"valueRequired\":true,\"valueName\":\"search_term_string\"}}],\"inLanguage\":\"ca\"},{\"@type\":\"Organization\",\"@id\":\"https:\\\/\\\/jnegre.com\\\/ca\\\/#organization\",\"name\":\"J. Negre C.\",\"url\":\"https:\\\/\\\/jnegre.com\\\/ca\\\/\",\"logo\":{\"@type\":\"ImageObject\",\"inLanguage\":\"ca\",\"@id\":\"https:\\\/\\\/jnegre.com\\\/ca\\\/#\\\/schema\\\/logo\\\/image\\\/\",\"url\":\"https:\\\/\\\/jnegre.com\\\/wp-content\\\/uploads\\\/2021\\\/05\\\/jnegre-logo-tagline.png\",\"contentUrl\":\"https:\\\/\\\/jnegre.com\\\/wp-content\\\/uploads\\\/2021\\\/05\\\/jnegre-logo-tagline.png\",\"width\":1411,\"height\":380,\"caption\":\"J. Negre C.\"},\"image\":{\"@id\":\"https:\\\/\\\/jnegre.com\\\/ca\\\/#\\\/schema\\\/logo\\\/image\\\/\"}}]}<\/script>\n<!-- \/ Yoast SEO plugin. -->","yoast_head_json":{"title":"Evaporadors o refrigeradors | Aero refrigeradors - J.Negre | Expertos en Intercambio T\u00e9rmico y Refrigeraci\u00f3n Industrial desde 1978","description":"Evaporadors o refrigeradors. Ideal per a totes les aplicacions que requereixen una r\u00e0pida congelaci\u00f3 dels aliments.","robots":{"index":"index","follow":"follow","max-snippet":"max-snippet:-1","max-image-preview":"max-image-preview:large","max-video-preview":"max-video-preview:-1"},"canonical":"https:\/\/jnegre.com\/ca\/producto\/evaporadors-refrigeradors\/","og_locale":"ca_ES","og_type":"article","og_title":"Evaporadors o refrigeradors | Aero refrigeradors - J.Negre | Expertos en Intercambio T\u00e9rmico y Refrigeraci\u00f3n Industrial desde 1978","og_description":"Evaporadors o refrigeradors. Ideal per a totes les aplicacions que requereixen una r\u00e0pida congelaci\u00f3 dels aliments.","og_url":"https:\/\/jnegre.com\/ca\/producto\/evaporadors-refrigeradors\/","og_site_name":"J.Negre | Expertos en Intercambio T\u00e9rmico y Refrigeraci\u00f3n Industrial desde 1978","article_modified_time":"2021-03-30T07:59:25+00:00","og_image":[{"width":800,"height":800,"url":"https:\/\/jnegre.com\/wp-content\/uploads\/2020\/11\/jnegre-evaporadores-refrigeradores-industriales-dest.jpg","type":"image\/jpeg"}],"twitter_card":"summary_large_image","twitter_misc":{"Temps estimat de lectura":"6 minuts"},"schema":{"@context":"https:\/\/schema.org","@graph":[{"@type":"WebPage","@id":"https:\/\/jnegre.com\/ca\/producto\/evaporadors-refrigeradors\/","url":"https:\/\/jnegre.com\/ca\/producto\/evaporadors-refrigeradors\/","name":"Evaporadors o refrigeradors | Aero refrigeradors - J.Negre | Expertos en Intercambio T\u00e9rmico y Refrigeraci\u00f3n Industrial desde 1978","isPartOf":{"@id":"https:\/\/jnegre.com\/ca\/#website"},"primaryImageOfPage":{"@id":"https:\/\/jnegre.com\/ca\/producto\/evaporadors-refrigeradors\/#primaryimage"},"image":{"@id":"https:\/\/jnegre.com\/ca\/producto\/evaporadors-refrigeradors\/#primaryimage"},"thumbnailUrl":"https:\/\/jnegre.com\/wp-content\/uploads\/2020\/11\/jnegre-evaporadores-refrigeradores-industriales-dest.jpg","datePublished":"2021-03-17T13:36:52+00:00","dateModified":"2021-03-30T07:59:25+00:00","description":"Evaporadors o refrigeradors. Ideal per a totes les aplicacions que requereixen una r\u00e0pida congelaci\u00f3 dels aliments.","breadcrumb":{"@id":"https:\/\/jnegre.com\/ca\/producto\/evaporadors-refrigeradors\/#breadcrumb"},"inLanguage":"ca","potentialAction":[{"@type":"ReadAction","target":["https:\/\/jnegre.com\/ca\/producto\/evaporadors-refrigeradors\/"]}]},{"@type":"ImageObject","inLanguage":"ca","@id":"https:\/\/jnegre.com\/ca\/producto\/evaporadors-refrigeradors\/#primaryimage","url":"https:\/\/jnegre.com\/wp-content\/uploads\/2020\/11\/jnegre-evaporadores-refrigeradores-industriales-dest.jpg","contentUrl":"https:\/\/jnegre.com\/wp-content\/uploads\/2020\/11\/jnegre-evaporadores-refrigeradores-industriales-dest.jpg","width":800,"height":800,"caption":"JNEGRE - Refrigeradors HEN"},{"@type":"BreadcrumbList","@id":"https:\/\/jnegre.com\/ca\/producto\/evaporadors-refrigeradors\/#breadcrumb","itemListElement":[{"@type":"ListItem","position":1,"name":"Inicio","item":"https:\/\/jnegre.com\/ca\/"},{"@type":"ListItem","position":2,"name":"Tienda","item":"https:\/\/jnegre.com\/ca\/tienda\/"},{"@type":"ListItem","position":3,"name":"Aerorefrigeradors","item":"https:\/\/jnegre.com\/ca\/categoria-producto\/aerorefrigeradors\/"},{"@type":"ListItem","position":4,"name":"Evaporadors o refrigeradors"}]},{"@type":"WebSite","@id":"https:\/\/jnegre.com\/ca\/#website","url":"https:\/\/jnegre.com\/ca\/","name":"J.Negre | Expertos en Intercambio T\u00e9rmico y Refrigeraci\u00f3n Industrial desde 1978","description":"Intercambiadores de placas Sondex, torres de refrigeraci\u00f3n, enfriadoras magn\u00e9ticas y m\u00e1s. Servicio t\u00e9cnico y suministro con m\u00e1s de 30 a\u00f1os de experiencia","publisher":{"@id":"https:\/\/jnegre.com\/ca\/#organization"},"potentialAction":[{"@type":"SearchAction","target":{"@type":"EntryPoint","urlTemplate":"https:\/\/jnegre.com\/ca\/?s={search_term_string}"},"query-input":{"@type":"PropertyValueSpecification","valueRequired":true,"valueName":"search_term_string"}}],"inLanguage":"ca"},{"@type":"Organization","@id":"https:\/\/jnegre.com\/ca\/#organization","name":"J. Negre C.","url":"https:\/\/jnegre.com\/ca\/","logo":{"@type":"ImageObject","inLanguage":"ca","@id":"https:\/\/jnegre.com\/ca\/#\/schema\/logo\/image\/","url":"https:\/\/jnegre.com\/wp-content\/uploads\/2021\/05\/jnegre-logo-tagline.png","contentUrl":"https:\/\/jnegre.com\/wp-content\/uploads\/2021\/05\/jnegre-logo-tagline.png","width":1411,"height":380,"caption":"J. Negre C."},"image":{"@id":"https:\/\/jnegre.com\/ca\/#\/schema\/logo\/image\/"}}]}},"_links":{"self":[{"href":"https:\/\/jnegre.com\/ca\/wp-json\/wp\/v2\/product\/3619","targetHints":{"allow":["GET"]}}],"collection":[{"href":"https:\/\/jnegre.com\/ca\/wp-json\/wp\/v2\/product"}],"about":[{"href":"https:\/\/jnegre.com\/ca\/wp-json\/wp\/v2\/types\/product"}],"wp:featuredmedia":[{"embeddable":true,"href":"https:\/\/jnegre.com\/ca\/wp-json\/wp\/v2\/media\/4126"}],"wp:attachment":[{"href":"https:\/\/jnegre.com\/ca\/wp-json\/wp\/v2\/media?parent=3619"}],"wp:term":[{"taxonomy":"product_brand","embeddable":true,"href":"https:\/\/jnegre.com\/ca\/wp-json\/wp\/v2\/product_brand?post=3619"},{"taxonomy":"product_cat","embeddable":true,"href":"https:\/\/jnegre.com\/ca\/wp-json\/wp\/v2\/product_cat?post=3619"},{"taxonomy":"product_tag","embeddable":true,"href":"https:\/\/jnegre.com\/ca\/wp-json\/wp\/v2\/product_tag?post=3619"}],"curies":[{"name":"wp","href":"https:\/\/api.w.org\/{rel}","templated":true}]}}