{"id":3618,"date":"2021-03-17T13:09:30","date_gmt":"2021-03-17T13:09:30","guid":{"rendered":"https:\/\/jnegre.com\/producto\/aerocondensadors\/"},"modified":"2021-03-30T07:59:20","modified_gmt":"2021-03-30T07:59:20","slug":"aerocondensadors","status":"publish","type":"product","link":"https:\/\/jnegre.com\/ca\/producto\/aerocondensadors\/","title":{"rendered":"Aerocondensadors"},"content":{"rendered":"<div class=\"wpb-content-wrapper\"><p>[vc_row el_class=&#8221;screen-reader-text&#8221;][vc_column][vc_column_text]<\/p>\n<h2>Aerocondensadors<\/h2>\n<p>Aerocondensadors. Refrigeradors. \u00c0mplia gamma de condensadors refredats per aire amb tecnologia de microcanals.<\/p>\n<p>Els aerocondensadors remots s&#8217;utilitzen com a unitats de condensaci\u00f3 externes en el sector d&#8217;aire condicionat i refrigeraci\u00f3 i contribueixen a l&#8217;optimitzaci\u00f3 dels sistemes d&#8217;aire condicionat en hospitals, hotels, centres comercials, centres de dades, supermercats i cambres frigor\u00edfiques.<\/p>\n<p>ThermoKey ofereix condensadors remots de tub\/aleta i microcanal.<\/p>\n<h5>Documentaci\u00f3<\/h5>\n<p><a href=\"https:\/\/jnegre.com\/wp-content\/uploads\/pdf\/jnegre-aeros.pdf\" target=\"_blank\" rel=\"noopener noreferrer\">Cat\u00e0leg<\/a>[\/vc_column_text][\/vc_column][\/vc_row][vc_row css=&#8221;.vc_custom_1606821002356{padding-bottom: 65px !important;}&#8221;][vc_column][vc_empty_space height=&#8221;65px&#8221;][vc_column_text]<\/p>\n<h3>Condensadors TURBO-LINE<\/h3>\n<p>[\/vc_column_text][vc_empty_space][vc_row_inner][vc_column_inner width=&#8221;1\/3&#8243;][vc_single_image image=&#8221;3226&#8243; img_size=&#8221;full&#8221;][\/vc_column_inner][vc_column_inner el_class=&#8221;vc_col-sm-8&#8243; width=&#8221;2\/3&#8243;][vc_column_text]<\/p>\n<h5>CARACTER\u00cdSTIQUES<\/h5>\n<h6>\u00c0rea d&#8217;aplicaci\u00f3:<\/h6>\n<p>Condensaci\u00f3 de gas<br \/>\nRang de rendiment:<\/p>\n<p>Capacitat de 10 a 1200 kW (R404A, Tc = 40 \u00b0C, T1 = 25 \u00b0C)<\/p>\n<h6>Ventiladors:<\/h6>\n<p>Di\u00e0metre \u00d8 500, 630, 800 mm, motor AC o EC<\/p>\n<h6>Ventatges:<\/h6>\n<ul>\n<li>Geometria d&#8217;alta efici\u00e8ncia<\/li>\n<li>Disseny modular, 1-16 ventiladors<\/li>\n<li>Tubs en coure o acer inoxidable AISI 304<\/li>\n<li>Aletes disponibles en una \u00e0mplia gamma de materials<\/li>\n<li>Gamma completa d&#8217;accessoris, 8 nivells de so<\/li>\n<li>S\u00e8rie Premium disponible per a ventiladors \u00d8 500 i 630 mm<\/li>\n<li>Carcassa en acer galvanitzat, pintat en pols<\/li>\n<\/ul>\n<p>[\/vc_column_text][\/vc_column_inner][\/vc_row_inner][\/vc_column][\/vc_row][vc_row css=&#8221;.vc_custom_1606821002356{padding-bottom: 65px !important;}&#8221;][vc_column][vc_empty_space height=&#8221;65px&#8221;][vc_column_text]<\/p>\n<h3>Condensadors TURBO-J<\/h3>\n<p>[\/vc_column_text][vc_empty_space][vc_row_inner][vc_column_inner width=&#8221;1\/3&#8243;][vc_single_image image=&#8221;3225&#8243; img_size=&#8221;full&#8221;][\/vc_column_inner][vc_column_inner el_class=&#8221;vc_col-sm-8&#8243; width=&#8221;2\/3&#8243;][vc_column_text]<\/p>\n<h5>CARACTER\u00cdSTIQUES<\/h5>\n<h6>\u00c0rea d&#8217;aplicaci\u00f3:<\/h6>\n<p>Condensaci\u00f3 de gas<\/p>\n<h6>Rang de rendiment:<\/h6>\n<p>Capacitat de 100 a 1915 kW (R404A, Tc = 40 \u00b0C, T1 = 25 \u00b0C)<\/p>\n<h6>Ventiladors:<\/h6>\n<p>Di\u00e0metre \u00d8 900 mm, motor AC o EC<\/p>\n<h6>Ventatges:<\/h6>\n<ul>\n<li>M\u00e0xim rendiment, m\u00ednim espai<\/li>\n<li>Geometria d&#8217;alta efici\u00e8ncia<\/li>\n<li>Disseny modular, 2-16 ventiladors<\/li>\n<li>Tubs en coure o acer inoxidable AISI 304<\/li>\n<li>Aletes disponibles en una \u00e0mplia gamma de materials<\/li>\n<li>Gamma completa d&#8217;accessoris, 8 nivells de so<\/li>\n<li>AFS (Air Fresh System), WFS (Wet Fi System) i EPS (Evaporative Panell System), disponibles sota petici\u00f3<\/li>\n<li>Carcassa en acer galvanitzat, pintat en pols<\/li>\n<\/ul>\n<p>[\/vc_column_text][\/vc_column_inner][\/vc_row_inner][\/vc_column][\/vc_row][vc_row css=&#8221;.vc_custom_1606821002356{padding-bottom: 65px !important;}&#8221;][vc_column][vc_empty_space height=&#8221;65px&#8221;][vc_column_text]<\/p>\n<h3>Condensador remot microcanal de taula<\/h3>\n<p>[\/vc_column_text][vc_empty_space][vc_row_inner][vc_column_inner width=&#8221;1\/3&#8243;][vc_single_image image=&#8221;3221&#8243; img_size=&#8221;full&#8221;][\/vc_column_inner][vc_column_inner el_class=&#8221;vc_col-sm-8&#8243; width=&#8221;2\/3&#8243;][vc_column_text]<\/p>\n<h5>CARACTER\u00cdSTIQUES<\/h5>\n<h6>Rang de rendiment:<\/h6>\n<p>Capacitat de 10 kW a 480 kW (*)<br \/>\n+30% de capacitat enfront dels condensadors tradicionals de la mateixa grand\u00e0ria<br \/>\nDisseny modular, 1-8 ventiladors<br \/>\nDimensions i pes redu\u00efts<\/p>\n<h6>Ventiladors:<\/h6>\n<p>Di\u00e0metre \u00d8 300, 400, 450, 500, 630, 800, 900 mm, motor AC o EC.<br \/>\nLes unitats es poden personalitzar amb una \u00e0mplia gamma d&#8217;accessoris<br \/>\n(*)Condicions est\u00e0ndard \u2013 R404A, temperatura de condensaci\u00f3: 40 \u00b0C,<br \/>\nsubenfriamiento: 3 \u00b0K, desuperheat: 25 \u00b0K, temperatura de l&#8217;aire: 25 \u00b0C[\/vc_column_text][\/vc_column_inner][\/vc_row_inner][\/vc_column][\/vc_row][vc_row css=&#8221;.vc_custom_1606821002356{padding-bottom: 65px !important;}&#8221;][vc_column][vc_empty_space height=&#8221;65px&#8221;][vc_column_text]<\/p>\n<h3>Condensadors remots V-TYPE<\/h3>\n<p>[\/vc_column_text][vc_empty_space][vc_row_inner][vc_column_inner width=&#8221;1\/3&#8243;][vc_single_image image=&#8221;3224&#8243; img_size=&#8221;full&#8221;][\/vc_column_inner][vc_column_inner el_class=&#8221;vc_col-sm-8&#8243; width=&#8221;2\/3&#8243;][vc_column_text]<\/p>\n<h5>CARACTER\u00cdSTIQUES<\/h5>\n<h6>Rang de rendiment:<\/h6>\n<p>capacitat de 90 kW a 870 kW (*)<\/p>\n<h6>Ventiladors:<\/h6>\n<p>Di\u00e0metre \u00d8 800, 900 mm, motor AC o EC<br \/>\nLes unitats es poden personalitzar amb una \u00e0mplia gamma d&#8217;accessoris<br \/>\n(*) Condicions est\u00e0ndard \u2013 R404A, temperatura de condensaci\u00f3: 40 \u00b0C,<br \/>\nsubrefredament: 3 \u00b0K, desuperheat: 25 \u00b0K, temperatura de l&#8217;aire: 25 \u00b0C[\/vc_column_text][\/vc_column_inner][\/vc_row_inner][\/vc_column][\/vc_row][vc_row css=&#8221;.vc_custom_1606821002356{padding-bottom: 65px !important;}&#8221;][vc_column][vc_empty_space height=&#8221;65px&#8221;][vc_column_text]<\/p>\n<h3>Condensadors remots lleugers TKSMART<\/h3>\n<p>[\/vc_column_text][vc_empty_space][vc_row_inner][vc_column_inner width=&#8221;1\/3&#8243;][vc_single_image image=&#8221;3222&#8243; img_size=&#8221;full&#8221;][\/vc_column_inner][vc_column_inner el_class=&#8221;vc_col-sm-8&#8243; width=&#8221;2\/3&#8243;][vc_column_text]<\/p>\n<h5>CARACTER\u00cdSTIQUES<\/h5>\n<h6>Rang de rendiment:<\/h6>\n<p>capacitat de 13 kW a 98 kW ()<\/p>\n<h6>1-4 ventiladors:<\/h6>\n<p>di\u00e0metre \u00d8 400, 500, 630 mm, ventiladors AC o EC<\/p>\n<p>(*) Condicions est\u00e0ndard \u2013 R404A, temperatura de condensaci\u00f3: 40 \u00b0C,<br \/>\nsubrefredament: 3 \u00b0K, desuperheat: 25 \u00b0K, temperatura de l&#8217;aire: 25 \u00b0C[\/vc_column_text][\/vc_column_inner][\/vc_row_inner][\/vc_column][\/vc_row][vc_row css=&#8221;.vc_custom_1606821002356{padding-bottom: 65px !important;}&#8221;][vc_column][vc_empty_space height=&#8221;65px&#8221;][vc_column_text]<\/p>\n<h3>Condensadors remots modulars TKMICRO V-TYPE<\/h3>\n<p>[\/vc_column_text][vc_empty_space][vc_row_inner][vc_column_inner width=&#8221;1\/3&#8243;][vc_single_image image=&#8221;3223&#8243; img_size=&#8221;full&#8221;][\/vc_column_inner][vc_column_inner el_class=&#8221;vc_col-sm-8&#8243; width=&#8221;2\/3&#8243;][vc_column_text]<\/p>\n<h5>CARACTER\u00cdSTIQUES<\/h5>\n<h5>Rang de rendiment per a cada m\u00f2dul:<\/h5>\n<p>TKMicro 25: 148kW<br \/>\nTKMicro 32: 160 kW<\/p>\n<h6>Ventiladors<\/h6>\n<p>di\u00e0metre \u00d8 800 mm, motor AC o EC<\/p>\n<h6>M\u00f2duls<\/h6>\n<p>de 1 a n[\/vc_column_text][\/vc_column_inner][\/vc_row_inner][\/vc_column][\/vc_row]<\/p>\n<\/div>","protected":false},"excerpt":{"rendered":"<p>Els aerocondensadors remots s&#8217;utilitzen com a unitats de condensaci\u00f3 externes en el sector d&#8217;aire condicionat i refrigeraci\u00f3 i contribueixen a l&#8217;optimitzaci\u00f3 dels sistemes d&#8217;aire condicionat en hospitals, hotels, centres comercials, centres de dades, supermercats i cambres frigor\u00edfiques.<\/p>\n<p>ThermoKey ofereix condensadors remots de tub\/aleta i microcanal.<\/p>\n<h5>Documentaci\u00f3<\/h5>\n<p><a href=\"https:\/\/jnegre.com\/wp-content\/uploads\/pdf\/jnegre-aeros.pdf\" target=\"_blank\" rel=\"noopener noreferrer\">Cat\u00e0leg<\/a><\/p>\n","protected":false},"featured_media":4109,"template":"","meta":[],"product_brand":[],"product_cat":[105],"product_tag":[],"class_list":{"0":"post-3618","1":"product","2":"type-product","3":"status-publish","4":"has-post-thumbnail","6":"product_cat-aerorefrigeradors","8":"first","9":"instock","10":"shipping-taxable","11":"product-type-simple"},"yoast_head":"<!-- This site is optimized with the Yoast SEO plugin v27.5 - https:\/\/yoast.com\/product\/yoast-seo-wordpress\/ -->\n<title>Aerocondensadors | Aero refrigeradors - J.Negre | Expertos en Intercambio T\u00e9rmico y Refrigeraci\u00f3n Industrial desde 1978<\/title>\n<meta name=\"description\" content=\"Aerocondensadors. Aerorefrigeradors. \u00c0mplia gamma de condensadors refredats per aire amb tecnologia de microcanals.\" \/>\n<meta name=\"robots\" content=\"index, follow, max-snippet:-1, max-image-preview:large, max-video-preview:-1\" \/>\n<link rel=\"canonical\" href=\"https:\/\/jnegre.com\/ca\/producto\/aerocondensadors\/\" \/>\n<meta property=\"og:locale\" content=\"ca_ES\" \/>\n<meta property=\"og:type\" content=\"article\" \/>\n<meta property=\"og:title\" content=\"Aerocondensadors | Aero refrigeradors - J.Negre | Expertos en Intercambio T\u00e9rmico y Refrigeraci\u00f3n Industrial desde 1978\" \/>\n<meta property=\"og:description\" content=\"Aerocondensadors. Aerorefrigeradors. \u00c0mplia gamma de condensadors refredats per aire amb tecnologia de microcanals.\" \/>\n<meta property=\"og:url\" content=\"https:\/\/jnegre.com\/ca\/producto\/aerocondensadors\/\" \/>\n<meta property=\"og:site_name\" content=\"J.Negre | Expertos en Intercambio T\u00e9rmico y Refrigeraci\u00f3n Industrial desde 1978\" \/>\n<meta property=\"article:modified_time\" content=\"2021-03-30T07:59:20+00:00\" \/>\n<meta property=\"og:image\" content=\"https:\/\/jnegre.com\/wp-content\/uploads\/2020\/11\/jnegre-condensadores-remotos-modulares-tkmicro-v-type.jpg\" \/>\n\t<meta property=\"og:image:width\" content=\"800\" \/>\n\t<meta property=\"og:image:height\" content=\"800\" \/>\n\t<meta property=\"og:image:type\" content=\"image\/jpeg\" \/>\n<meta name=\"twitter:card\" content=\"summary_large_image\" \/>\n<meta name=\"twitter:label1\" content=\"Temps estimat de lectura\" \/>\n\t<meta name=\"twitter:data1\" content=\"4 minuts\" \/>\n<script type=\"application\/ld+json\" class=\"yoast-schema-graph\">{\"@context\":\"https:\\\/\\\/schema.org\",\"@graph\":[{\"@type\":\"WebPage\",\"@id\":\"https:\\\/\\\/jnegre.com\\\/ca\\\/producto\\\/aerocondensadors\\\/\",\"url\":\"https:\\\/\\\/jnegre.com\\\/ca\\\/producto\\\/aerocondensadors\\\/\",\"name\":\"Aerocondensadors | Aero refrigeradors - J.Negre | Expertos en Intercambio T\u00e9rmico y Refrigeraci\u00f3n Industrial desde 1978\",\"isPartOf\":{\"@id\":\"https:\\\/\\\/jnegre.com\\\/ca\\\/#website\"},\"primaryImageOfPage\":{\"@id\":\"https:\\\/\\\/jnegre.com\\\/ca\\\/producto\\\/aerocondensadors\\\/#primaryimage\"},\"image\":{\"@id\":\"https:\\\/\\\/jnegre.com\\\/ca\\\/producto\\\/aerocondensadors\\\/#primaryimage\"},\"thumbnailUrl\":\"https:\\\/\\\/jnegre.com\\\/wp-content\\\/uploads\\\/2020\\\/11\\\/jnegre-condensadores-remotos-modulares-tkmicro-v-type.jpg\",\"datePublished\":\"2021-03-17T13:09:30+00:00\",\"dateModified\":\"2021-03-30T07:59:20+00:00\",\"description\":\"Aerocondensadors. Aerorefrigeradors. \u00c0mplia gamma de condensadors refredats per aire amb tecnologia de microcanals.\",\"breadcrumb\":{\"@id\":\"https:\\\/\\\/jnegre.com\\\/ca\\\/producto\\\/aerocondensadors\\\/#breadcrumb\"},\"inLanguage\":\"ca\",\"potentialAction\":[{\"@type\":\"ReadAction\",\"target\":[\"https:\\\/\\\/jnegre.com\\\/ca\\\/producto\\\/aerocondensadors\\\/\"]}]},{\"@type\":\"ImageObject\",\"inLanguage\":\"ca\",\"@id\":\"https:\\\/\\\/jnegre.com\\\/ca\\\/producto\\\/aerocondensadors\\\/#primaryimage\",\"url\":\"https:\\\/\\\/jnegre.com\\\/wp-content\\\/uploads\\\/2020\\\/11\\\/jnegre-condensadores-remotos-modulares-tkmicro-v-type.jpg\",\"contentUrl\":\"https:\\\/\\\/jnegre.com\\\/wp-content\\\/uploads\\\/2020\\\/11\\\/jnegre-condensadores-remotos-modulares-tkmicro-v-type.jpg\",\"width\":800,\"height\":800,\"caption\":\"JNEGRE - Aerorefrigeradors - Condensadors Remots Modulars TKMICRO V-TYPE\"},{\"@type\":\"BreadcrumbList\",\"@id\":\"https:\\\/\\\/jnegre.com\\\/ca\\\/producto\\\/aerocondensadors\\\/#breadcrumb\",\"itemListElement\":[{\"@type\":\"ListItem\",\"position\":1,\"name\":\"Inicio\",\"item\":\"https:\\\/\\\/jnegre.com\\\/ca\\\/\"},{\"@type\":\"ListItem\",\"position\":2,\"name\":\"Tienda\",\"item\":\"https:\\\/\\\/jnegre.com\\\/ca\\\/tienda\\\/\"},{\"@type\":\"ListItem\",\"position\":3,\"name\":\"Aerorefrigeradors\",\"item\":\"https:\\\/\\\/jnegre.com\\\/ca\\\/categoria-producto\\\/aerorefrigeradors\\\/\"},{\"@type\":\"ListItem\",\"position\":4,\"name\":\"Aerocondensadors\"}]},{\"@type\":\"WebSite\",\"@id\":\"https:\\\/\\\/jnegre.com\\\/ca\\\/#website\",\"url\":\"https:\\\/\\\/jnegre.com\\\/ca\\\/\",\"name\":\"J.Negre | Expertos en Intercambio T\u00e9rmico y Refrigeraci\u00f3n Industrial desde 1978\",\"description\":\"Intercambiadores de placas Sondex, torres de refrigeraci\u00f3n, enfriadoras magn\u00e9ticas y m\u00e1s. Servicio t\u00e9cnico y suministro con m\u00e1s de 30 a\u00f1os de experiencia\",\"publisher\":{\"@id\":\"https:\\\/\\\/jnegre.com\\\/ca\\\/#organization\"},\"potentialAction\":[{\"@type\":\"SearchAction\",\"target\":{\"@type\":\"EntryPoint\",\"urlTemplate\":\"https:\\\/\\\/jnegre.com\\\/ca\\\/?s={search_term_string}\"},\"query-input\":{\"@type\":\"PropertyValueSpecification\",\"valueRequired\":true,\"valueName\":\"search_term_string\"}}],\"inLanguage\":\"ca\"},{\"@type\":\"Organization\",\"@id\":\"https:\\\/\\\/jnegre.com\\\/ca\\\/#organization\",\"name\":\"J. Negre C.\",\"url\":\"https:\\\/\\\/jnegre.com\\\/ca\\\/\",\"logo\":{\"@type\":\"ImageObject\",\"inLanguage\":\"ca\",\"@id\":\"https:\\\/\\\/jnegre.com\\\/ca\\\/#\\\/schema\\\/logo\\\/image\\\/\",\"url\":\"https:\\\/\\\/jnegre.com\\\/wp-content\\\/uploads\\\/2021\\\/05\\\/jnegre-logo-tagline.png\",\"contentUrl\":\"https:\\\/\\\/jnegre.com\\\/wp-content\\\/uploads\\\/2021\\\/05\\\/jnegre-logo-tagline.png\",\"width\":1411,\"height\":380,\"caption\":\"J. Negre C.\"},\"image\":{\"@id\":\"https:\\\/\\\/jnegre.com\\\/ca\\\/#\\\/schema\\\/logo\\\/image\\\/\"}}]}<\/script>\n<!-- \/ Yoast SEO plugin. -->","yoast_head_json":{"title":"Aerocondensadors | Aero refrigeradors - J.Negre | Expertos en Intercambio T\u00e9rmico y Refrigeraci\u00f3n Industrial desde 1978","description":"Aerocondensadors. Aerorefrigeradors. \u00c0mplia gamma de condensadors refredats per aire amb tecnologia de microcanals.","robots":{"index":"index","follow":"follow","max-snippet":"max-snippet:-1","max-image-preview":"max-image-preview:large","max-video-preview":"max-video-preview:-1"},"canonical":"https:\/\/jnegre.com\/ca\/producto\/aerocondensadors\/","og_locale":"ca_ES","og_type":"article","og_title":"Aerocondensadors | Aero refrigeradors - J.Negre | Expertos en Intercambio T\u00e9rmico y Refrigeraci\u00f3n Industrial desde 1978","og_description":"Aerocondensadors. Aerorefrigeradors. \u00c0mplia gamma de condensadors refredats per aire amb tecnologia de microcanals.","og_url":"https:\/\/jnegre.com\/ca\/producto\/aerocondensadors\/","og_site_name":"J.Negre | Expertos en Intercambio T\u00e9rmico y Refrigeraci\u00f3n Industrial desde 1978","article_modified_time":"2021-03-30T07:59:20+00:00","og_image":[{"width":800,"height":800,"url":"https:\/\/jnegre.com\/wp-content\/uploads\/2020\/11\/jnegre-condensadores-remotos-modulares-tkmicro-v-type.jpg","type":"image\/jpeg"}],"twitter_card":"summary_large_image","twitter_misc":{"Temps estimat de lectura":"4 minuts"},"schema":{"@context":"https:\/\/schema.org","@graph":[{"@type":"WebPage","@id":"https:\/\/jnegre.com\/ca\/producto\/aerocondensadors\/","url":"https:\/\/jnegre.com\/ca\/producto\/aerocondensadors\/","name":"Aerocondensadors | Aero refrigeradors - J.Negre | Expertos en Intercambio T\u00e9rmico y Refrigeraci\u00f3n Industrial desde 1978","isPartOf":{"@id":"https:\/\/jnegre.com\/ca\/#website"},"primaryImageOfPage":{"@id":"https:\/\/jnegre.com\/ca\/producto\/aerocondensadors\/#primaryimage"},"image":{"@id":"https:\/\/jnegre.com\/ca\/producto\/aerocondensadors\/#primaryimage"},"thumbnailUrl":"https:\/\/jnegre.com\/wp-content\/uploads\/2020\/11\/jnegre-condensadores-remotos-modulares-tkmicro-v-type.jpg","datePublished":"2021-03-17T13:09:30+00:00","dateModified":"2021-03-30T07:59:20+00:00","description":"Aerocondensadors. Aerorefrigeradors. \u00c0mplia gamma de condensadors refredats per aire amb tecnologia de microcanals.","breadcrumb":{"@id":"https:\/\/jnegre.com\/ca\/producto\/aerocondensadors\/#breadcrumb"},"inLanguage":"ca","potentialAction":[{"@type":"ReadAction","target":["https:\/\/jnegre.com\/ca\/producto\/aerocondensadors\/"]}]},{"@type":"ImageObject","inLanguage":"ca","@id":"https:\/\/jnegre.com\/ca\/producto\/aerocondensadors\/#primaryimage","url":"https:\/\/jnegre.com\/wp-content\/uploads\/2020\/11\/jnegre-condensadores-remotos-modulares-tkmicro-v-type.jpg","contentUrl":"https:\/\/jnegre.com\/wp-content\/uploads\/2020\/11\/jnegre-condensadores-remotos-modulares-tkmicro-v-type.jpg","width":800,"height":800,"caption":"JNEGRE - Aerorefrigeradors - Condensadors Remots Modulars TKMICRO V-TYPE"},{"@type":"BreadcrumbList","@id":"https:\/\/jnegre.com\/ca\/producto\/aerocondensadors\/#breadcrumb","itemListElement":[{"@type":"ListItem","position":1,"name":"Inicio","item":"https:\/\/jnegre.com\/ca\/"},{"@type":"ListItem","position":2,"name":"Tienda","item":"https:\/\/jnegre.com\/ca\/tienda\/"},{"@type":"ListItem","position":3,"name":"Aerorefrigeradors","item":"https:\/\/jnegre.com\/ca\/categoria-producto\/aerorefrigeradors\/"},{"@type":"ListItem","position":4,"name":"Aerocondensadors"}]},{"@type":"WebSite","@id":"https:\/\/jnegre.com\/ca\/#website","url":"https:\/\/jnegre.com\/ca\/","name":"J.Negre | Expertos en Intercambio T\u00e9rmico y Refrigeraci\u00f3n Industrial desde 1978","description":"Intercambiadores de placas Sondex, torres de refrigeraci\u00f3n, enfriadoras magn\u00e9ticas y m\u00e1s. Servicio t\u00e9cnico y suministro con m\u00e1s de 30 a\u00f1os de experiencia","publisher":{"@id":"https:\/\/jnegre.com\/ca\/#organization"},"potentialAction":[{"@type":"SearchAction","target":{"@type":"EntryPoint","urlTemplate":"https:\/\/jnegre.com\/ca\/?s={search_term_string}"},"query-input":{"@type":"PropertyValueSpecification","valueRequired":true,"valueName":"search_term_string"}}],"inLanguage":"ca"},{"@type":"Organization","@id":"https:\/\/jnegre.com\/ca\/#organization","name":"J. Negre C.","url":"https:\/\/jnegre.com\/ca\/","logo":{"@type":"ImageObject","inLanguage":"ca","@id":"https:\/\/jnegre.com\/ca\/#\/schema\/logo\/image\/","url":"https:\/\/jnegre.com\/wp-content\/uploads\/2021\/05\/jnegre-logo-tagline.png","contentUrl":"https:\/\/jnegre.com\/wp-content\/uploads\/2021\/05\/jnegre-logo-tagline.png","width":1411,"height":380,"caption":"J. Negre C."},"image":{"@id":"https:\/\/jnegre.com\/ca\/#\/schema\/logo\/image\/"}}]}},"_links":{"self":[{"href":"https:\/\/jnegre.com\/ca\/wp-json\/wp\/v2\/product\/3618","targetHints":{"allow":["GET"]}}],"collection":[{"href":"https:\/\/jnegre.com\/ca\/wp-json\/wp\/v2\/product"}],"about":[{"href":"https:\/\/jnegre.com\/ca\/wp-json\/wp\/v2\/types\/product"}],"wp:featuredmedia":[{"embeddable":true,"href":"https:\/\/jnegre.com\/ca\/wp-json\/wp\/v2\/media\/4109"}],"wp:attachment":[{"href":"https:\/\/jnegre.com\/ca\/wp-json\/wp\/v2\/media?parent=3618"}],"wp:term":[{"taxonomy":"product_brand","embeddable":true,"href":"https:\/\/jnegre.com\/ca\/wp-json\/wp\/v2\/product_brand?post=3618"},{"taxonomy":"product_cat","embeddable":true,"href":"https:\/\/jnegre.com\/ca\/wp-json\/wp\/v2\/product_cat?post=3618"},{"taxonomy":"product_tag","embeddable":true,"href":"https:\/\/jnegre.com\/ca\/wp-json\/wp\/v2\/product_tag?post=3618"}],"curies":[{"name":"wp","href":"https:\/\/api.w.org\/{rel}","templated":true}]}}