{"id":3617,"date":"2021-03-17T12:45:58","date_gmt":"2021-03-17T12:45:58","guid":{"rendered":"https:\/\/jnegre.com\/producto\/chiller-amb-condensacio-en-versio-adiabatica\/"},"modified":"2021-03-30T07:58:53","modified_gmt":"2021-03-30T07:58:53","slug":"chiller-amb-condensacio-en-versio-adiabatica","status":"publish","type":"product","link":"https:\/\/jnegre.com\/ca\/producto\/chiller-amb-condensacio-en-versio-adiabatica\/","title":{"rendered":"Chiller amb condensaci\u00f3 en versi\u00f3 adiab\u00e0tica"},"content":{"rendered":"<div class=\"wpb-content-wrapper\"><p>[vc_row el_class=&#8221;screen-reader-text&#8221;][vc_column][vc_column_text]Chiller amb condensaci\u00f3 en versi\u00f3 adiab\u00e0tica.<\/p>\n<h2>Chiller amb condensaci\u00f3 en versi\u00f3 adiab\u00e0tica<\/h2>\n<p>L&#8217;efici\u00e8ncia energ\u00e8tica est\u00e0ndard del chiller amb condensaci\u00f3 en versi\u00f3 adiab\u00e0tica, obtinguda mitjan\u00e7ant la pre-refrigeraci\u00f3 de l&#8217;aire d&#8217;entrada en els condensadors, obtenint fins i tot a l&#8217;estiu, quan el consum el\u00e8ctric del compressor aconsegueix el seu pic m\u00e9s elevat, fa que aquests equips en aquestes condicions de treball tinguin un consum d&#8217;energia moderat que nom\u00e9s es poden registrar en els mesos intermedis.[\/vc_column_text][\/vc_column][\/vc_row]<\/p>\n<\/div>","protected":false},"excerpt":{"rendered":"<p>L&#8217;efici\u00e8ncia energ\u00e8tica est\u00e0ndard del chiller amb condensaci\u00f3 en versi\u00f3 adiab\u00e0tica, obtinguda mitjan\u00e7ant la pre-refrigeraci\u00f3 de l&#8217;aire d&#8217;entrada en els condensadors, obtenint fins i tot a l&#8217;estiu, quan el consum el\u00e8ctric del compressor aconsegueix el seu pic m\u00e9s elevat, fa que aquests equips en aquestes condicions de treball tinguin un consum d&#8217;energia moderat que nom\u00e9s es poden registrar en els mesos intermedis.<\/p>\n","protected":false},"featured_media":3723,"template":"","meta":[],"product_brand":[],"product_cat":[110],"product_tag":[],"class_list":{"0":"post-3617","1":"product","2":"type-product","3":"status-publish","4":"has-post-thumbnail","6":"product_cat-refrigeradores-daigua","8":"first","9":"instock","10":"shipping-taxable","11":"product-type-simple"},"yoast_head":"<!-- This site is optimized with the Yoast SEO plugin v27.5 - https:\/\/yoast.com\/product\/yoast-seo-wordpress\/ -->\n<title>Chiller amb condensaci\u00f3 en versi\u00f3 adiab\u00e0tica | J.Negre | Expertos en Intercambio T\u00e9rmico y Refrigeraci\u00f3n Industrial desde 1978<\/title>\n<meta name=\"description\" content=\"Refrigeradores d&#039;aigua. Chiller amb condensaci\u00f3 en versi\u00f3 adiab\u00e0tica. Equips que tenen un consum d&#039;energia moderat fins i tot a l&#039;estiu.\" \/>\n<meta name=\"robots\" content=\"index, follow, max-snippet:-1, max-image-preview:large, max-video-preview:-1\" \/>\n<link rel=\"canonical\" href=\"https:\/\/jnegre.com\/ca\/producto\/chiller-amb-condensacio-en-versio-adiabatica\/\" \/>\n<meta property=\"og:locale\" content=\"ca_ES\" \/>\n<meta property=\"og:type\" content=\"article\" \/>\n<meta property=\"og:title\" content=\"Chiller amb condensaci\u00f3 en versi\u00f3 adiab\u00e0tica | J.Negre | Expertos en Intercambio T\u00e9rmico y Refrigeraci\u00f3n Industrial desde 1978\" \/>\n<meta property=\"og:description\" content=\"Refrigeradores d&#039;aigua. Chiller amb condensaci\u00f3 en versi\u00f3 adiab\u00e0tica. Equips que tenen un consum d&#039;energia moderat fins i tot a l&#039;estiu.\" \/>\n<meta property=\"og:url\" content=\"https:\/\/jnegre.com\/ca\/producto\/chiller-amb-condensacio-en-versio-adiabatica\/\" \/>\n<meta property=\"og:site_name\" content=\"J.Negre | Expertos en Intercambio T\u00e9rmico y Refrigeraci\u00f3n Industrial desde 1978\" \/>\n<meta property=\"article:modified_time\" content=\"2021-03-30T07:58:53+00:00\" \/>\n<meta property=\"og:image\" content=\"https:\/\/jnegre.com\/wp-content\/uploads\/2020\/08\/jnegre-enfriadoras-agua-chillers-condensacion-adiabatica.jpg\" \/>\n\t<meta property=\"og:image:width\" content=\"800\" \/>\n\t<meta property=\"og:image:height\" content=\"800\" \/>\n\t<meta property=\"og:image:type\" content=\"image\/jpeg\" \/>\n<meta name=\"twitter:card\" content=\"summary_large_image\" \/>\n<meta name=\"twitter:label1\" content=\"Temps estimat de lectura\" \/>\n\t<meta name=\"twitter:data1\" content=\"1 minut\" \/>\n<script type=\"application\/ld+json\" class=\"yoast-schema-graph\">{\"@context\":\"https:\\\/\\\/schema.org\",\"@graph\":[{\"@type\":\"WebPage\",\"@id\":\"https:\\\/\\\/jnegre.com\\\/ca\\\/producto\\\/chiller-amb-condensacio-en-versio-adiabatica\\\/\",\"url\":\"https:\\\/\\\/jnegre.com\\\/ca\\\/producto\\\/chiller-amb-condensacio-en-versio-adiabatica\\\/\",\"name\":\"Chiller amb condensaci\u00f3 en versi\u00f3 adiab\u00e0tica | J.Negre | Expertos en Intercambio T\u00e9rmico y Refrigeraci\u00f3n Industrial desde 1978\",\"isPartOf\":{\"@id\":\"https:\\\/\\\/jnegre.com\\\/ca\\\/#website\"},\"primaryImageOfPage\":{\"@id\":\"https:\\\/\\\/jnegre.com\\\/ca\\\/producto\\\/chiller-amb-condensacio-en-versio-adiabatica\\\/#primaryimage\"},\"image\":{\"@id\":\"https:\\\/\\\/jnegre.com\\\/ca\\\/producto\\\/chiller-amb-condensacio-en-versio-adiabatica\\\/#primaryimage\"},\"thumbnailUrl\":\"https:\\\/\\\/jnegre.com\\\/wp-content\\\/uploads\\\/2020\\\/08\\\/jnegre-enfriadoras-agua-chillers-condensacion-adiabatica.jpg\",\"datePublished\":\"2021-03-17T12:45:58+00:00\",\"dateModified\":\"2021-03-30T07:58:53+00:00\",\"description\":\"Refrigeradores d'aigua. Chiller amb condensaci\u00f3 en versi\u00f3 adiab\u00e0tica. Equips que tenen un consum d'energia moderat fins i tot a l'estiu.\",\"breadcrumb\":{\"@id\":\"https:\\\/\\\/jnegre.com\\\/ca\\\/producto\\\/chiller-amb-condensacio-en-versio-adiabatica\\\/#breadcrumb\"},\"inLanguage\":\"ca\",\"potentialAction\":[{\"@type\":\"ReadAction\",\"target\":[\"https:\\\/\\\/jnegre.com\\\/ca\\\/producto\\\/chiller-amb-condensacio-en-versio-adiabatica\\\/\"]}]},{\"@type\":\"ImageObject\",\"inLanguage\":\"ca\",\"@id\":\"https:\\\/\\\/jnegre.com\\\/ca\\\/producto\\\/chiller-amb-condensacio-en-versio-adiabatica\\\/#primaryimage\",\"url\":\"https:\\\/\\\/jnegre.com\\\/wp-content\\\/uploads\\\/2020\\\/08\\\/jnegre-enfriadoras-agua-chillers-condensacion-adiabatica.jpg\",\"contentUrl\":\"https:\\\/\\\/jnegre.com\\\/wp-content\\\/uploads\\\/2020\\\/08\\\/jnegre-enfriadoras-agua-chillers-condensacion-adiabatica.jpg\",\"width\":800,\"height\":800,\"caption\":\"Refrigeradores d'aigua chillers condensaci\u00f3 adiab\u00e0tica\"},{\"@type\":\"BreadcrumbList\",\"@id\":\"https:\\\/\\\/jnegre.com\\\/ca\\\/producto\\\/chiller-amb-condensacio-en-versio-adiabatica\\\/#breadcrumb\",\"itemListElement\":[{\"@type\":\"ListItem\",\"position\":1,\"name\":\"Inicio\",\"item\":\"https:\\\/\\\/jnegre.com\\\/ca\\\/\"},{\"@type\":\"ListItem\",\"position\":2,\"name\":\"Tienda\",\"item\":\"https:\\\/\\\/jnegre.com\\\/ca\\\/tienda\\\/\"},{\"@type\":\"ListItem\",\"position\":3,\"name\":\"Refrigeradores d'aigua\",\"item\":\"https:\\\/\\\/jnegre.com\\\/ca\\\/categoria-producto\\\/refrigeradores-daigua\\\/\"},{\"@type\":\"ListItem\",\"position\":4,\"name\":\"Chiller amb condensaci\u00f3 en versi\u00f3 adiab\u00e0tica\"}]},{\"@type\":\"WebSite\",\"@id\":\"https:\\\/\\\/jnegre.com\\\/ca\\\/#website\",\"url\":\"https:\\\/\\\/jnegre.com\\\/ca\\\/\",\"name\":\"J.Negre | Expertos en Intercambio T\u00e9rmico y Refrigeraci\u00f3n Industrial desde 1978\",\"description\":\"Intercambiadores de placas Sondex, torres de refrigeraci\u00f3n, enfriadoras magn\u00e9ticas y m\u00e1s. Servicio t\u00e9cnico y suministro con m\u00e1s de 30 a\u00f1os de experiencia\",\"publisher\":{\"@id\":\"https:\\\/\\\/jnegre.com\\\/ca\\\/#organization\"},\"potentialAction\":[{\"@type\":\"SearchAction\",\"target\":{\"@type\":\"EntryPoint\",\"urlTemplate\":\"https:\\\/\\\/jnegre.com\\\/ca\\\/?s={search_term_string}\"},\"query-input\":{\"@type\":\"PropertyValueSpecification\",\"valueRequired\":true,\"valueName\":\"search_term_string\"}}],\"inLanguage\":\"ca\"},{\"@type\":\"Organization\",\"@id\":\"https:\\\/\\\/jnegre.com\\\/ca\\\/#organization\",\"name\":\"J. Negre C.\",\"url\":\"https:\\\/\\\/jnegre.com\\\/ca\\\/\",\"logo\":{\"@type\":\"ImageObject\",\"inLanguage\":\"ca\",\"@id\":\"https:\\\/\\\/jnegre.com\\\/ca\\\/#\\\/schema\\\/logo\\\/image\\\/\",\"url\":\"https:\\\/\\\/jnegre.com\\\/wp-content\\\/uploads\\\/2021\\\/05\\\/jnegre-logo-tagline.png\",\"contentUrl\":\"https:\\\/\\\/jnegre.com\\\/wp-content\\\/uploads\\\/2021\\\/05\\\/jnegre-logo-tagline.png\",\"width\":1411,\"height\":380,\"caption\":\"J. Negre C.\"},\"image\":{\"@id\":\"https:\\\/\\\/jnegre.com\\\/ca\\\/#\\\/schema\\\/logo\\\/image\\\/\"}}]}<\/script>\n<!-- \/ Yoast SEO plugin. -->","yoast_head_json":{"title":"Chiller amb condensaci\u00f3 en versi\u00f3 adiab\u00e0tica | J.Negre | Expertos en Intercambio T\u00e9rmico y Refrigeraci\u00f3n Industrial desde 1978","description":"Refrigeradores d'aigua. Chiller amb condensaci\u00f3 en versi\u00f3 adiab\u00e0tica. Equips que tenen un consum d'energia moderat fins i tot a l'estiu.","robots":{"index":"index","follow":"follow","max-snippet":"max-snippet:-1","max-image-preview":"max-image-preview:large","max-video-preview":"max-video-preview:-1"},"canonical":"https:\/\/jnegre.com\/ca\/producto\/chiller-amb-condensacio-en-versio-adiabatica\/","og_locale":"ca_ES","og_type":"article","og_title":"Chiller amb condensaci\u00f3 en versi\u00f3 adiab\u00e0tica | J.Negre | Expertos en Intercambio T\u00e9rmico y Refrigeraci\u00f3n Industrial desde 1978","og_description":"Refrigeradores d'aigua. Chiller amb condensaci\u00f3 en versi\u00f3 adiab\u00e0tica. Equips que tenen un consum d'energia moderat fins i tot a l'estiu.","og_url":"https:\/\/jnegre.com\/ca\/producto\/chiller-amb-condensacio-en-versio-adiabatica\/","og_site_name":"J.Negre | Expertos en Intercambio T\u00e9rmico y Refrigeraci\u00f3n Industrial desde 1978","article_modified_time":"2021-03-30T07:58:53+00:00","og_image":[{"width":800,"height":800,"url":"https:\/\/jnegre.com\/wp-content\/uploads\/2020\/08\/jnegre-enfriadoras-agua-chillers-condensacion-adiabatica.jpg","type":"image\/jpeg"}],"twitter_card":"summary_large_image","twitter_misc":{"Temps estimat de lectura":"1 minut"},"schema":{"@context":"https:\/\/schema.org","@graph":[{"@type":"WebPage","@id":"https:\/\/jnegre.com\/ca\/producto\/chiller-amb-condensacio-en-versio-adiabatica\/","url":"https:\/\/jnegre.com\/ca\/producto\/chiller-amb-condensacio-en-versio-adiabatica\/","name":"Chiller amb condensaci\u00f3 en versi\u00f3 adiab\u00e0tica | J.Negre | Expertos en Intercambio T\u00e9rmico y Refrigeraci\u00f3n Industrial desde 1978","isPartOf":{"@id":"https:\/\/jnegre.com\/ca\/#website"},"primaryImageOfPage":{"@id":"https:\/\/jnegre.com\/ca\/producto\/chiller-amb-condensacio-en-versio-adiabatica\/#primaryimage"},"image":{"@id":"https:\/\/jnegre.com\/ca\/producto\/chiller-amb-condensacio-en-versio-adiabatica\/#primaryimage"},"thumbnailUrl":"https:\/\/jnegre.com\/wp-content\/uploads\/2020\/08\/jnegre-enfriadoras-agua-chillers-condensacion-adiabatica.jpg","datePublished":"2021-03-17T12:45:58+00:00","dateModified":"2021-03-30T07:58:53+00:00","description":"Refrigeradores d'aigua. Chiller amb condensaci\u00f3 en versi\u00f3 adiab\u00e0tica. Equips que tenen un consum d'energia moderat fins i tot a l'estiu.","breadcrumb":{"@id":"https:\/\/jnegre.com\/ca\/producto\/chiller-amb-condensacio-en-versio-adiabatica\/#breadcrumb"},"inLanguage":"ca","potentialAction":[{"@type":"ReadAction","target":["https:\/\/jnegre.com\/ca\/producto\/chiller-amb-condensacio-en-versio-adiabatica\/"]}]},{"@type":"ImageObject","inLanguage":"ca","@id":"https:\/\/jnegre.com\/ca\/producto\/chiller-amb-condensacio-en-versio-adiabatica\/#primaryimage","url":"https:\/\/jnegre.com\/wp-content\/uploads\/2020\/08\/jnegre-enfriadoras-agua-chillers-condensacion-adiabatica.jpg","contentUrl":"https:\/\/jnegre.com\/wp-content\/uploads\/2020\/08\/jnegre-enfriadoras-agua-chillers-condensacion-adiabatica.jpg","width":800,"height":800,"caption":"Refrigeradores d'aigua chillers condensaci\u00f3 adiab\u00e0tica"},{"@type":"BreadcrumbList","@id":"https:\/\/jnegre.com\/ca\/producto\/chiller-amb-condensacio-en-versio-adiabatica\/#breadcrumb","itemListElement":[{"@type":"ListItem","position":1,"name":"Inicio","item":"https:\/\/jnegre.com\/ca\/"},{"@type":"ListItem","position":2,"name":"Tienda","item":"https:\/\/jnegre.com\/ca\/tienda\/"},{"@type":"ListItem","position":3,"name":"Refrigeradores d'aigua","item":"https:\/\/jnegre.com\/ca\/categoria-producto\/refrigeradores-daigua\/"},{"@type":"ListItem","position":4,"name":"Chiller amb condensaci\u00f3 en versi\u00f3 adiab\u00e0tica"}]},{"@type":"WebSite","@id":"https:\/\/jnegre.com\/ca\/#website","url":"https:\/\/jnegre.com\/ca\/","name":"J.Negre | Expertos en Intercambio T\u00e9rmico y Refrigeraci\u00f3n Industrial desde 1978","description":"Intercambiadores de placas Sondex, torres de refrigeraci\u00f3n, enfriadoras magn\u00e9ticas y m\u00e1s. Servicio t\u00e9cnico y suministro con m\u00e1s de 30 a\u00f1os de experiencia","publisher":{"@id":"https:\/\/jnegre.com\/ca\/#organization"},"potentialAction":[{"@type":"SearchAction","target":{"@type":"EntryPoint","urlTemplate":"https:\/\/jnegre.com\/ca\/?s={search_term_string}"},"query-input":{"@type":"PropertyValueSpecification","valueRequired":true,"valueName":"search_term_string"}}],"inLanguage":"ca"},{"@type":"Organization","@id":"https:\/\/jnegre.com\/ca\/#organization","name":"J. Negre C.","url":"https:\/\/jnegre.com\/ca\/","logo":{"@type":"ImageObject","inLanguage":"ca","@id":"https:\/\/jnegre.com\/ca\/#\/schema\/logo\/image\/","url":"https:\/\/jnegre.com\/wp-content\/uploads\/2021\/05\/jnegre-logo-tagline.png","contentUrl":"https:\/\/jnegre.com\/wp-content\/uploads\/2021\/05\/jnegre-logo-tagline.png","width":1411,"height":380,"caption":"J. Negre C."},"image":{"@id":"https:\/\/jnegre.com\/ca\/#\/schema\/logo\/image\/"}}]}},"_links":{"self":[{"href":"https:\/\/jnegre.com\/ca\/wp-json\/wp\/v2\/product\/3617","targetHints":{"allow":["GET"]}}],"collection":[{"href":"https:\/\/jnegre.com\/ca\/wp-json\/wp\/v2\/product"}],"about":[{"href":"https:\/\/jnegre.com\/ca\/wp-json\/wp\/v2\/types\/product"}],"wp:featuredmedia":[{"embeddable":true,"href":"https:\/\/jnegre.com\/ca\/wp-json\/wp\/v2\/media\/3723"}],"wp:attachment":[{"href":"https:\/\/jnegre.com\/ca\/wp-json\/wp\/v2\/media?parent=3617"}],"wp:term":[{"taxonomy":"product_brand","embeddable":true,"href":"https:\/\/jnegre.com\/ca\/wp-json\/wp\/v2\/product_brand?post=3617"},{"taxonomy":"product_cat","embeddable":true,"href":"https:\/\/jnegre.com\/ca\/wp-json\/wp\/v2\/product_cat?post=3617"},{"taxonomy":"product_tag","embeddable":true,"href":"https:\/\/jnegre.com\/ca\/wp-json\/wp\/v2\/product_tag?post=3617"}],"curies":[{"name":"wp","href":"https:\/\/api.w.org\/{rel}","templated":true}]}}