{"id":3599,"date":"2020-10-13T00:31:17","date_gmt":"2020-10-13T00:31:17","guid":{"rendered":"https:\/\/jnegre.com\/producto\/bateries-tub-aletejat\/"},"modified":"2025-05-06T10:19:58","modified_gmt":"2025-05-06T10:19:58","slug":"bateries-tub-aletejat","status":"publish","type":"product","link":"https:\/\/jnegre.com\/ca\/producto\/bateries-tub-aletejat\/","title":{"rendered":"Bateries tub aletejat"},"content":{"rendered":"<div class=\"wpb-content-wrapper\"><p>[vc_row el_class=&#8221;screen-reader-text&#8221;][vc_column][vc_column_text]<\/p>\n<h2>Bateries tub aletejat<\/h2>\n<p>Bateries tub aletejat. Intercanviadors de calor.[\/vc_column_text][\/vc_column][\/vc_row][vc_row][vc_column][vc_row_inner][vc_column_inner width=&#8221;1\/2&#8243;][vc_single_image image=&#8221;3096&#8243; img_size=&#8221;full&#8221;][\/vc_column_inner][vc_column_inner width=&#8221;1\/2&#8243;][vc_column_text]<\/p>\n<h3>Altes temperatures \u2013 Tub amb aleta Helicoidal<\/h3>\n<p>[\/vc_column_text][vc_empty_space height=&#8221;19px&#8221;][vc_column_text]Bateries de tub aletejat o tubs sense aleta, especials per a les aplicacions m\u00e9s exigents a altes temperatures. Gran varietat de dissenys i adaptabilitat. Programa de c\u00e0lcul propi. Possibilitat de fabricaci\u00f3 a mesura en terminis de lliurament inferiors a 4-5 setmanes. Compliment amb PED i subministrament de tota la documentaci\u00f3 necess\u00e0ria[\/vc_column_text][vc_empty_space][\/vc_column_inner][\/vc_row_inner][vc_empty_space height=&#8221;65px&#8221;][vc_row_inner][vc_column_inner width=&#8221;1\/2&#8243;][vc_gallery interval=&#8221;3&#8243; images=&#8221;3090,3091,3092,3093,3094,3095&#8243; img_size=&#8221;full&#8221;][\/vc_column_inner][vc_column_inner width=&#8221;1\/2&#8243;][vc_column_text]<\/p>\n<h5>Caracter\u00edstiques principals<\/h5>\n<ul>\n<li>Possibilitat de tubs descoberts o c\u00e0rter de protecci\u00f3 per a tubs en part davantera i posterior en cas d&#8217;altes temperatures de fums.<\/li>\n<li>Possibilitat de bateries inspeccionables amb acc\u00e9s a tots els tubs per a neteges mec\u00e0niques<\/li>\n<li>Canonades horitzontals amb corbes o tubs verticals<\/li>\n<li>Pressi\u00f3 de treball de fins a 40 bar i superior<\/li>\n<li>Temperatures de funcionament del costat de l&#8217;aire de fins a 600 \u00b0C i superiors<\/li>\n<li>Compleix amb PED<\/li>\n<li>Materials: Inox\/Inox &#8211; Inox\/Al &#8211; Fe\/Fe &#8211; Fe\/Al &#8211; etc.<\/li>\n<li>Prova pneum\u00e0tica en tanc d&#8217;aigua<\/li>\n<\/ul>\n<p>[\/vc_column_text][vc_empty_space height=&#8221;19px&#8221;][vc_column_text]<\/p>\n<h5>Aplicacions<\/h5>\n<ul>\n<li>Bateria escalfament d&#8217;aire amb oli t\u00e8rmic<\/li>\n<li>Bateria escalfament d&#8217;aire amb vapor de baixa, mitjana o alta pressi\u00f3<\/li>\n<li>Bateria escalfament d&#8217;aire amb aigua sobreescalfada<\/li>\n<li>Bateria refredament aire<\/li>\n<li>Bateria fums de combusti\u00f3 per a escalfament d&#8217;aigua o oli t\u00e8rmic<\/li>\n<li>Bateries per calderes<\/li>\n<li>Bateries refredament oli t\u00e8rmic<\/li>\n<\/ul>\n<p>[\/vc_column_text][\/vc_column_inner][\/vc_row_inner][vc_empty_space][vc_row_inner][vc_column_inner width=&#8221;1\/4&#8243;][vc_single_image image=&#8221;3101&#8243; img_size=&#8221;full&#8221;][vc_column_text]Bateria amb c\u00e0rter protecci\u00f3[\/vc_column_text][\/vc_column_inner][vc_column_inner width=&#8221;1\/4&#8243;][vc_single_image image=&#8221;3102&#8243; img_size=&#8221;full&#8221;][vc_column_text]Bateria sense c\u00e0rter[\/vc_column_text][\/vc_column_inner][vc_column_inner width=&#8221;1\/4&#8243;][vc_single_image image=&#8221;3103&#8243; img_size=&#8221;full&#8221;][vc_column_text]Bateria inspeccionable[\/vc_column_text][\/vc_column_inner][vc_column_inner width=&#8221;1\/4&#8243;][vc_single_image image=&#8221;3104&#8243; img_size=&#8221;full&#8221;][vc_column_text]Aerorefredadors alta temperatura[\/vc_column_text][\/vc_column_inner][\/vc_row_inner][vc_empty_space height=&#8221;65px&#8221;][\/vc_column][\/vc_row][vc_row][vc_column][vc_row_inner][vc_column_inner width=&#8221;1\/2&#8243;][vc_single_image image=&#8221;3100&#8243; img_size=&#8221;full&#8221;][\/vc_column_inner][vc_column_inner width=&#8221;1\/2&#8243;][vc_column_text]<\/p>\n<h3>Baixes temperatures \u2013 Tub amb aleta cont\u00ednua<\/h3>\n<p>[\/vc_column_text][vc_empty_space height=&#8221;19px&#8221;][vc_column_text]Gamma completa de bateries de tub aletejat o radiadors. Disseny a mesura de bastidor, aletes i circuits, per a satisfer qualsevol necessitat espec\u00edfica. Comptem amb m\u00faltiples materials tant per a aletes com tubs.<\/p>\n<p>Disposem tamb\u00e9 de diferents tipologies d&#8217;aletejat segons exig\u00e8ncies de proc\u00e9s. Aleta amb persianes, aleta llisa, aleta corrugada, etc. M\u00e0xima temperatura de treball 150 \u00b0C.[\/vc_column_text][\/vc_column_inner][\/vc_row_inner][vc_empty_space height=&#8221;65px&#8221;][vc_row_inner][vc_column_inner width=&#8221;1\/2&#8243;][vc_gallery interval=&#8221;3&#8243; images=&#8221;3097,3098,3099&#8243; img_size=&#8221;full&#8221;][\/vc_column_inner][vc_column_inner width=&#8221;1\/2&#8243;][vc_column_text]<\/p>\n<h5>Tractaments anticorrosi\u00f3 disponibles<\/h5>\n<ul>\n<li>Cataforesis<\/li>\n<li>Thermoguard<\/li>\n<li>Blygold<\/li>\n<li>Heresite<\/li>\n<li>Estanyat<\/li>\n<\/ul>\n<h5>Materials aleta<\/h5>\n<ul>\n<li>Alumini<\/li>\n<li>Coure<\/li>\n<li>Doble capa<\/li>\n<li>Hidr\u00f2fob<\/li>\n<li>Prepintat<\/li>\n<li>Acer Inoxidable<\/li>\n<\/ul>\n<h5>Aplicacions<\/h5>\n<ul>\n<li>Bateria Climatitzaci\u00f3<\/li>\n<li>Bateries Deshumidificadors<\/li>\n<li>Bateries UTA<\/li>\n<li>Bateria unitat de Tractament d&#8217;Aire<\/li>\n<li>Bateria tractament d&#8217;aire per a processos industrials<\/li>\n<li>Bateria Ind\u00fastria t\u00e8xtil<\/li>\n<li>Bateria per a Cogeneraci\u00f3<\/li>\n<li>Bateria per a Aerorefredadors<\/li>\n<li>Bateria per a Assecador<\/li>\n<li>Bateria per a sales Pintura<\/li>\n<li>Bateria per a Sector Automoci\u00f3<\/li>\n<li>Bateria per a Refrigeraci\u00f3 industrial<\/li>\n<li>Etc.<\/li>\n<\/ul>\n<p>[\/vc_column_text][\/vc_column_inner][\/vc_row_inner][vc_empty_space height=&#8221;65px&#8221;][\/vc_column][\/vc_row]<\/p>\n<\/div>","protected":false},"excerpt":{"rendered":"<p><strong>Altes temperatures:<\/strong> Bateries de tub aletejat o tubs sense aleta, especials per a les aplicacions m\u00e9s exigents a altes temperatures. Gran varietat de dissenys i adaptabilitat. Programa de c\u00e0lcul propi.<\/p>\n<p><strong>Baixes temperatures:<\/strong> Gamma completa de bateries de tub aletejat o radiadors. Disseny a mesura de bastidor, aletes i circuits, per a satisfer qualsevol necessitat espec\u00edfica. Comptem amb m\u00faltiples materials tant per a aletes com tubs.<\/p>\n<h5>Documentaci\u00f3<\/h5>\n<p><a href=\"https:\/\/jnegre.com\/wp-content\/uploads\/2025\/05\/ESP-JNC-BATERIAS-TUBO-ALETEADO.pdf\" target=\"_blank\" rel=\"noopener noreferrer\">Descarregar presentaci\u00f3<\/a><\/p>\n","protected":false},"featured_media":3878,"template":"","meta":[],"product_brand":[],"product_cat":[107],"product_tag":[],"class_list":{"0":"post-3599","1":"product","2":"type-product","3":"status-publish","4":"has-post-thumbnail","6":"product_cat-intercanviadors-de-calor","8":"first","9":"instock","10":"shipping-taxable","11":"product-type-simple"},"yoast_head":"<!-- This site is optimized with the Yoast SEO plugin v27.5 - https:\/\/yoast.com\/product\/yoast-seo-wordpress\/ -->\n<title>Bateries tub aletejat | J.Negre | Expertos en Intercambio T\u00e9rmico y Refrigeraci\u00f3n Industrial desde 1978<\/title>\n<meta name=\"description\" content=\"Bateries tub aletejat. Intercanviadors de calor.\" \/>\n<meta name=\"robots\" content=\"index, follow, max-snippet:-1, max-image-preview:large, max-video-preview:-1\" \/>\n<link rel=\"canonical\" href=\"https:\/\/jnegre.com\/ca\/producto\/bateries-tub-aletejat\/\" \/>\n<meta property=\"og:locale\" content=\"ca_ES\" \/>\n<meta property=\"og:type\" content=\"article\" \/>\n<meta property=\"og:title\" content=\"Bateries tub aletejat | J.Negre | Expertos en Intercambio T\u00e9rmico y Refrigeraci\u00f3n Industrial desde 1978\" \/>\n<meta property=\"og:description\" content=\"Bateries tub aletejat. Intercanviadors de calor.\" \/>\n<meta property=\"og:url\" content=\"https:\/\/jnegre.com\/ca\/producto\/bateries-tub-aletejat\/\" \/>\n<meta property=\"og:site_name\" content=\"J.Negre | Expertos en Intercambio T\u00e9rmico y Refrigeraci\u00f3n Industrial desde 1978\" \/>\n<meta property=\"article:modified_time\" content=\"2025-05-06T10:19:58+00:00\" \/>\n<meta property=\"og:image\" content=\"https:\/\/jnegre.com\/wp-content\/uploads\/2020\/10\/jnegre-baterias-tubo-aleteado.jpg\" \/>\n\t<meta property=\"og:image:width\" content=\"1300\" \/>\n\t<meta property=\"og:image:height\" content=\"1168\" \/>\n\t<meta property=\"og:image:type\" content=\"image\/jpeg\" \/>\n<meta name=\"twitter:card\" content=\"summary_large_image\" \/>\n<meta name=\"twitter:label1\" content=\"Temps estimat de lectura\" \/>\n\t<meta name=\"twitter:data1\" content=\"2 minuts\" \/>\n<script type=\"application\/ld+json\" class=\"yoast-schema-graph\">{\"@context\":\"https:\\\/\\\/schema.org\",\"@graph\":[{\"@type\":\"WebPage\",\"@id\":\"https:\\\/\\\/jnegre.com\\\/ca\\\/producto\\\/bateries-tub-aletejat\\\/\",\"url\":\"https:\\\/\\\/jnegre.com\\\/ca\\\/producto\\\/bateries-tub-aletejat\\\/\",\"name\":\"Bateries tub aletejat | J.Negre | Expertos en Intercambio T\u00e9rmico y Refrigeraci\u00f3n Industrial desde 1978\",\"isPartOf\":{\"@id\":\"https:\\\/\\\/jnegre.com\\\/ca\\\/#website\"},\"primaryImageOfPage\":{\"@id\":\"https:\\\/\\\/jnegre.com\\\/ca\\\/producto\\\/bateries-tub-aletejat\\\/#primaryimage\"},\"image\":{\"@id\":\"https:\\\/\\\/jnegre.com\\\/ca\\\/producto\\\/bateries-tub-aletejat\\\/#primaryimage\"},\"thumbnailUrl\":\"https:\\\/\\\/jnegre.com\\\/wp-content\\\/uploads\\\/2020\\\/10\\\/jnegre-baterias-tubo-aleteado.jpg\",\"datePublished\":\"2020-10-13T00:31:17+00:00\",\"dateModified\":\"2025-05-06T10:19:58+00:00\",\"description\":\"Bateries tub aletejat. Intercanviadors de calor.\",\"breadcrumb\":{\"@id\":\"https:\\\/\\\/jnegre.com\\\/ca\\\/producto\\\/bateries-tub-aletejat\\\/#breadcrumb\"},\"inLanguage\":\"ca\",\"potentialAction\":[{\"@type\":\"ReadAction\",\"target\":[\"https:\\\/\\\/jnegre.com\\\/ca\\\/producto\\\/bateries-tub-aletejat\\\/\"]}]},{\"@type\":\"ImageObject\",\"inLanguage\":\"ca\",\"@id\":\"https:\\\/\\\/jnegre.com\\\/ca\\\/producto\\\/bateries-tub-aletejat\\\/#primaryimage\",\"url\":\"https:\\\/\\\/jnegre.com\\\/wp-content\\\/uploads\\\/2020\\\/10\\\/jnegre-baterias-tubo-aleteado.jpg\",\"contentUrl\":\"https:\\\/\\\/jnegre.com\\\/wp-content\\\/uploads\\\/2020\\\/10\\\/jnegre-baterias-tubo-aleteado.jpg\",\"width\":1300,\"height\":1168,\"caption\":\"Bateries Tub Aletejat\"},{\"@type\":\"BreadcrumbList\",\"@id\":\"https:\\\/\\\/jnegre.com\\\/ca\\\/producto\\\/bateries-tub-aletejat\\\/#breadcrumb\",\"itemListElement\":[{\"@type\":\"ListItem\",\"position\":1,\"name\":\"Inicio\",\"item\":\"https:\\\/\\\/jnegre.com\\\/ca\\\/\"},{\"@type\":\"ListItem\",\"position\":2,\"name\":\"Tienda\",\"item\":\"https:\\\/\\\/jnegre.com\\\/ca\\\/tienda\\\/\"},{\"@type\":\"ListItem\",\"position\":3,\"name\":\"Intercanviadors de calor\",\"item\":\"https:\\\/\\\/jnegre.com\\\/ca\\\/categoria-producto\\\/intercanviadors-de-calor\\\/\"},{\"@type\":\"ListItem\",\"position\":4,\"name\":\"Bateries tub aletejat\"}]},{\"@type\":\"WebSite\",\"@id\":\"https:\\\/\\\/jnegre.com\\\/ca\\\/#website\",\"url\":\"https:\\\/\\\/jnegre.com\\\/ca\\\/\",\"name\":\"J.Negre | Expertos en Intercambio T\u00e9rmico y Refrigeraci\u00f3n Industrial desde 1978\",\"description\":\"Intercambiadores de placas Sondex, torres de refrigeraci\u00f3n, enfriadoras magn\u00e9ticas y m\u00e1s. Servicio t\u00e9cnico y suministro con m\u00e1s de 30 a\u00f1os de experiencia\",\"publisher\":{\"@id\":\"https:\\\/\\\/jnegre.com\\\/ca\\\/#organization\"},\"potentialAction\":[{\"@type\":\"SearchAction\",\"target\":{\"@type\":\"EntryPoint\",\"urlTemplate\":\"https:\\\/\\\/jnegre.com\\\/ca\\\/?s={search_term_string}\"},\"query-input\":{\"@type\":\"PropertyValueSpecification\",\"valueRequired\":true,\"valueName\":\"search_term_string\"}}],\"inLanguage\":\"ca\"},{\"@type\":\"Organization\",\"@id\":\"https:\\\/\\\/jnegre.com\\\/ca\\\/#organization\",\"name\":\"J. Negre C.\",\"url\":\"https:\\\/\\\/jnegre.com\\\/ca\\\/\",\"logo\":{\"@type\":\"ImageObject\",\"inLanguage\":\"ca\",\"@id\":\"https:\\\/\\\/jnegre.com\\\/ca\\\/#\\\/schema\\\/logo\\\/image\\\/\",\"url\":\"https:\\\/\\\/jnegre.com\\\/wp-content\\\/uploads\\\/2021\\\/05\\\/jnegre-logo-tagline.png\",\"contentUrl\":\"https:\\\/\\\/jnegre.com\\\/wp-content\\\/uploads\\\/2021\\\/05\\\/jnegre-logo-tagline.png\",\"width\":1411,\"height\":380,\"caption\":\"J. Negre C.\"},\"image\":{\"@id\":\"https:\\\/\\\/jnegre.com\\\/ca\\\/#\\\/schema\\\/logo\\\/image\\\/\"}}]}<\/script>\n<!-- \/ Yoast SEO plugin. -->","yoast_head_json":{"title":"Bateries tub aletejat | J.Negre | Expertos en Intercambio T\u00e9rmico y Refrigeraci\u00f3n Industrial desde 1978","description":"Bateries tub aletejat. Intercanviadors de calor.","robots":{"index":"index","follow":"follow","max-snippet":"max-snippet:-1","max-image-preview":"max-image-preview:large","max-video-preview":"max-video-preview:-1"},"canonical":"https:\/\/jnegre.com\/ca\/producto\/bateries-tub-aletejat\/","og_locale":"ca_ES","og_type":"article","og_title":"Bateries tub aletejat | J.Negre | Expertos en Intercambio T\u00e9rmico y Refrigeraci\u00f3n Industrial desde 1978","og_description":"Bateries tub aletejat. Intercanviadors de calor.","og_url":"https:\/\/jnegre.com\/ca\/producto\/bateries-tub-aletejat\/","og_site_name":"J.Negre | Expertos en Intercambio T\u00e9rmico y Refrigeraci\u00f3n Industrial desde 1978","article_modified_time":"2025-05-06T10:19:58+00:00","og_image":[{"width":1300,"height":1168,"url":"https:\/\/jnegre.com\/wp-content\/uploads\/2020\/10\/jnegre-baterias-tubo-aleteado.jpg","type":"image\/jpeg"}],"twitter_card":"summary_large_image","twitter_misc":{"Temps estimat de lectura":"2 minuts"},"schema":{"@context":"https:\/\/schema.org","@graph":[{"@type":"WebPage","@id":"https:\/\/jnegre.com\/ca\/producto\/bateries-tub-aletejat\/","url":"https:\/\/jnegre.com\/ca\/producto\/bateries-tub-aletejat\/","name":"Bateries tub aletejat | J.Negre | Expertos en Intercambio T\u00e9rmico y Refrigeraci\u00f3n Industrial desde 1978","isPartOf":{"@id":"https:\/\/jnegre.com\/ca\/#website"},"primaryImageOfPage":{"@id":"https:\/\/jnegre.com\/ca\/producto\/bateries-tub-aletejat\/#primaryimage"},"image":{"@id":"https:\/\/jnegre.com\/ca\/producto\/bateries-tub-aletejat\/#primaryimage"},"thumbnailUrl":"https:\/\/jnegre.com\/wp-content\/uploads\/2020\/10\/jnegre-baterias-tubo-aleteado.jpg","datePublished":"2020-10-13T00:31:17+00:00","dateModified":"2025-05-06T10:19:58+00:00","description":"Bateries tub aletejat. Intercanviadors de calor.","breadcrumb":{"@id":"https:\/\/jnegre.com\/ca\/producto\/bateries-tub-aletejat\/#breadcrumb"},"inLanguage":"ca","potentialAction":[{"@type":"ReadAction","target":["https:\/\/jnegre.com\/ca\/producto\/bateries-tub-aletejat\/"]}]},{"@type":"ImageObject","inLanguage":"ca","@id":"https:\/\/jnegre.com\/ca\/producto\/bateries-tub-aletejat\/#primaryimage","url":"https:\/\/jnegre.com\/wp-content\/uploads\/2020\/10\/jnegre-baterias-tubo-aleteado.jpg","contentUrl":"https:\/\/jnegre.com\/wp-content\/uploads\/2020\/10\/jnegre-baterias-tubo-aleteado.jpg","width":1300,"height":1168,"caption":"Bateries Tub Aletejat"},{"@type":"BreadcrumbList","@id":"https:\/\/jnegre.com\/ca\/producto\/bateries-tub-aletejat\/#breadcrumb","itemListElement":[{"@type":"ListItem","position":1,"name":"Inicio","item":"https:\/\/jnegre.com\/ca\/"},{"@type":"ListItem","position":2,"name":"Tienda","item":"https:\/\/jnegre.com\/ca\/tienda\/"},{"@type":"ListItem","position":3,"name":"Intercanviadors de calor","item":"https:\/\/jnegre.com\/ca\/categoria-producto\/intercanviadors-de-calor\/"},{"@type":"ListItem","position":4,"name":"Bateries tub aletejat"}]},{"@type":"WebSite","@id":"https:\/\/jnegre.com\/ca\/#website","url":"https:\/\/jnegre.com\/ca\/","name":"J.Negre | Expertos en Intercambio T\u00e9rmico y Refrigeraci\u00f3n Industrial desde 1978","description":"Intercambiadores de placas Sondex, torres de refrigeraci\u00f3n, enfriadoras magn\u00e9ticas y m\u00e1s. Servicio t\u00e9cnico y suministro con m\u00e1s de 30 a\u00f1os de experiencia","publisher":{"@id":"https:\/\/jnegre.com\/ca\/#organization"},"potentialAction":[{"@type":"SearchAction","target":{"@type":"EntryPoint","urlTemplate":"https:\/\/jnegre.com\/ca\/?s={search_term_string}"},"query-input":{"@type":"PropertyValueSpecification","valueRequired":true,"valueName":"search_term_string"}}],"inLanguage":"ca"},{"@type":"Organization","@id":"https:\/\/jnegre.com\/ca\/#organization","name":"J. Negre C.","url":"https:\/\/jnegre.com\/ca\/","logo":{"@type":"ImageObject","inLanguage":"ca","@id":"https:\/\/jnegre.com\/ca\/#\/schema\/logo\/image\/","url":"https:\/\/jnegre.com\/wp-content\/uploads\/2021\/05\/jnegre-logo-tagline.png","contentUrl":"https:\/\/jnegre.com\/wp-content\/uploads\/2021\/05\/jnegre-logo-tagline.png","width":1411,"height":380,"caption":"J. Negre C."},"image":{"@id":"https:\/\/jnegre.com\/ca\/#\/schema\/logo\/image\/"}}]}},"_links":{"self":[{"href":"https:\/\/jnegre.com\/ca\/wp-json\/wp\/v2\/product\/3599","targetHints":{"allow":["GET"]}}],"collection":[{"href":"https:\/\/jnegre.com\/ca\/wp-json\/wp\/v2\/product"}],"about":[{"href":"https:\/\/jnegre.com\/ca\/wp-json\/wp\/v2\/types\/product"}],"wp:featuredmedia":[{"embeddable":true,"href":"https:\/\/jnegre.com\/ca\/wp-json\/wp\/v2\/media\/3878"}],"wp:attachment":[{"href":"https:\/\/jnegre.com\/ca\/wp-json\/wp\/v2\/media?parent=3599"}],"wp:term":[{"taxonomy":"product_brand","embeddable":true,"href":"https:\/\/jnegre.com\/ca\/wp-json\/wp\/v2\/product_brand?post=3599"},{"taxonomy":"product_cat","embeddable":true,"href":"https:\/\/jnegre.com\/ca\/wp-json\/wp\/v2\/product_cat?post=3599"},{"taxonomy":"product_tag","embeddable":true,"href":"https:\/\/jnegre.com\/ca\/wp-json\/wp\/v2\/product_tag?post=3599"}],"curies":[{"name":"wp","href":"https:\/\/api.w.org\/{rel}","templated":true}]}}