{"id":3658,"date":"2015-11-27T16:59:22","date_gmt":"2015-11-27T15:59:22","guid":{"rendered":"https:\/\/jnegre.com\/quienes-somos\/"},"modified":"2025-12-29T13:36:14","modified_gmt":"2025-12-29T12:36:14","slug":"qui-som","status":"publish","type":"page","link":"https:\/\/jnegre.com\/ca\/qui-som\/","title":{"rendered":"Qui som"},"content":{"rendered":"<div class=\"wpb-content-wrapper\"><p>[vc_row css=&#8221;.vc_custom_1599732540180{margin-bottom: 0px !important;padding-top: 50px !important;}&#8221;][vc_column]\r\n\r\n<div class=\"\" >\r\n  <div class=\"large-12 columns  wd-title-section_c\" >\r\n      <h2>J. Negre C.<\/h2>\r\n        <h5>Distribu\u00efdor de torres de refrigeraci\u00f3, intercanviadors de calor, refredadores d'aigua amb compressors lliures d'oli i coixinets magn\u00e8tics, tractaments d'aigua contra la legionel\u00b7la, Aero refredadors secs i adiab\u00e0tics.<\/h5>\r\n    \r\n  <\/div>\r\n<\/div>\r\n\r\n  \r\n[\/vc_column][\/vc_row][vc_row full_width=&#8221;stretch_row_content&#8221;][vc_column css=&#8221;.vc_custom_1606733426112{padding-right: 0px !important;padding-left: 0px !important;}&#8221;][vc_single_image image=&#8221;4226&#8243; img_size=&#8221;full&#8221; alignment=&#8221;center&#8221;][\/vc_column][\/vc_row][vc_row css=&#8221;.vc_custom_1597614767484{padding-top: 65px !important;padding-bottom: 65px !important;}&#8221;][vc_column offset=&#8221;vc_col-lg-offset-2 vc_col-lg-8 vc_col-md-offset-1 vc_col-md-10&#8243;]\r\n\r\n<div class=\"\" >\r\n  <div class=\"large-12 columns  wd-title-section_c\" >\r\n      <h2>Treballant en el camp de l'intercanvi t\u00e8rmic des de l'any 1978<\/h2>\r\n        <h5>J. Negre es va fundar el 1991, tot i que algunes persones que formen part de la nostra empresa han estat treballant en el camp de l'intercanvi t\u00e8rmic des de l'any 1978. Les nostres oficines estan situades a Rub\u00ed (Barcelona).<\/h5>\r\n    \r\n  <\/div>\r\n<\/div>\r\n\r\n  \r\n[\/vc_column][\/vc_row][vc_row full_width=&#8221;stretch_row_content&#8221;][vc_column css=&#8221;.vc_custom_1606733426112{padding-right: 0px !important;padding-left: 0px !important;}&#8221;][vc_single_image image=&#8221;4118&#8243; img_size=&#8221;full&#8221; alignment=&#8221;center&#8221;][\/vc_column][\/vc_row][vc_row css=&#8221;.vc_custom_1597614767484{padding-top: 65px !important;padding-bottom: 65px !important;}&#8221;][vc_column offset=&#8221;vc_col-lg-offset-2 vc_col-lg-8 vc_col-md-offset-1 vc_col-md-10&#8243;]\r\n\r\n<div class=\"\" >\r\n  <div class=\"large-12 columns  wd-title-section_c\" >\r\n      <h2>Assessorament<\/h2>\r\n        <h5>La nostra extensa experi\u00e8ncia en el camp de l'intercanvi t\u00e8rmic i la refrigeraci\u00f3, aix\u00ed com el gran ventall de tecnologies amb les que treballem ens permeten donar la soluci\u00f3 \u00f2ptima a cada repte plantejat.<\/h5>\r\n    \r\n  <\/div>\r\n<\/div>\r\n\r\n  \r\n[\/vc_column][\/vc_row][vc_row full_width=&#8221;stretch_row_content&#8221;][vc_column css=&#8221;.vc_custom_1606733426112{padding-right: 0px !important;padding-left: 0px !important;}&#8221;][vc_single_image image=&#8221;4119&#8243; img_size=&#8221;full&#8221; alignment=&#8221;center&#8221;][\/vc_column][\/vc_row][vc_row css=&#8221;.vc_custom_1597614767484{padding-top: 65px !important;padding-bottom: 65px !important;}&#8221;][vc_column offset=&#8221;vc_col-lg-offset-2 vc_col-lg-8 vc_col-md-offset-1 vc_col-md-10&#8243;]\r\n\r\n<div class=\"\" >\r\n  <div class=\"large-12 columns  wd-title-section_c\" >\r\n      <h2>Al 2010 vam inaugurar la nostra nova seu, amb una superf\u00edcie de 1000m2<\/h2>\r\n        <h5>A part de la zona d'oficines, disposem d'una gran zona de treball dividida en diferents \u00e0rees: Laboratori per an\u00e0lisi f\u00edsica qu\u00edmics, gran magatzem per estoc, taller mec\u00e0nic, etc ... Dins d'aquestes zones destaquem l'\u00e0rea d'intercanviadors de calor on disposem de una cisterna d'ultrasons i un espai totalment adaptat per a tasques de neteja, manteniment, reparaci\u00f3 i posterior prova de pressi\u00f3, donant total garantia del nostre treball.<\/h5>\r\n    \r\n  <\/div>\r\n<\/div>\r\n\r\n  \r\n[\/vc_column][\/vc_row][vc_row full_width=&#8221;stretch_row_content&#8221;][vc_column css=&#8221;.vc_custom_1606733426112{padding-right: 0px !important;padding-left: 0px !important;}&#8221;][vc_single_image image=&#8221;4120&#8243; img_size=&#8221;full&#8221; alignment=&#8221;center&#8221;][\/vc_column][\/vc_row][vc_row css=&#8221;.vc_custom_1597748358479{padding-top: 65px !important;}&#8221;][vc_column offset=&#8221;vc_col-lg-offset-2 vc_col-lg-8 vc_col-md-offset-1 vc_col-md-10&#8243;]\r\n\r\n<div class=\"\" >\r\n  <div class=\"large-12 columns  wd-title-section_c\" >\r\n      <h2>Honestedat, treball dur i humilitat<\/h2>\r\n        <h5>Portem 30 anys en el mercat aplicant aquests valors. La nostra gran prioritat no \u00e9s altra que el suport als nostres clients en tot all\u00f2 que ens plantegen.<\/h5>\r\n    \r\n  <\/div>\r\n<\/div>\r\n\r\n  \r\n[\/vc_column][\/vc_row][vc_row][vc_column width=&#8221;1\/3&#8243;]\r\n\r\n    <div class=\"wd-section-text-icon\">\r\n      <div\r\n        class=\"wd-text-icon-style2  \" >\r\n        <div class=\"box-icon\">\r\n\t\t\t\t\t            <i class=\"fa fa-trophy\"><\/i>\r\n\t\t\t\t\t        <\/div>\r\n        <div class=\"box-description\">\r\n\t\t\t\t\t\t\t\t\t\t\t\tQualitat i servei a el millor preu\t\t\t\t\t\t\t            <p>\r\n\t\t\t\t\t\t\tLa nostra empresa Distribueix de manera oficial algunes de les millors marques dins el sector de la Refrigeraci\u00f3 industrial.            <\/p><\/a>\r\n        <\/div>\r\n\r\n\r\n      <\/div>\r\n    <\/div>\r\n\r\n\r\n\t\t[\/vc_column][vc_column width=&#8221;1\/3&#8243;]\r\n\r\n    <div class=\"wd-section-text-icon\">\r\n      <div\r\n        class=\"wd-text-icon-style2  \" >\r\n        <div class=\"box-icon\">\r\n\t\t\t\t\t\t\t\t\t\t\t\t\t\t\t\t\t            <img decoding=\"async\" src=\"https:\/\/jnegre.com\/wp-content\/uploads\/2020\/11\/jn-icon-2.png\" alt=\"icon\"\/>\r\n\t\t\t\t\t        <\/div>\r\n        <div class=\"box-description\">\r\n\t\t\t\t\t\t\t\t\t\t\t\tIntercanviadors de Calor\t\t\t\t\t\t\t            <p>\r\n\t\t\t\t\t\t\tDisposem d'una \u00e0mplia gamma d'intercanviadors per a tots els sectors, tant industrial com per a la climatitzaci\u00f3, tenim recanvis per a qualsevol marca i disposem de servei de manteniment propi.            <\/p><\/a>\r\n        <\/div>\r\n\r\n\r\n      <\/div>\r\n    <\/div>\r\n\r\n\r\n\t\t[\/vc_column][vc_column width=&#8221;1\/3&#8243;]\r\n\r\n    <div class=\"wd-section-text-icon\">\r\n      <div\r\n        class=\"wd-text-icon-style2  \" >\r\n        <div class=\"box-icon\">\r\n\t\t\t\t\t\t\t\t\t\t\t\t\t\t\t\t\t            <img decoding=\"async\" src=\"https:\/\/jnegre.com\/wp-content\/uploads\/2020\/11\/torres-refrigeracion-icon.png\" alt=\"icon\"\/>\r\n\t\t\t\t\t        <\/div>\r\n        <div class=\"box-description\">\r\n\t\t\t\t\t\t\t\t\t\t\t\tTorres de Refrigeraci\u00f3 EWK former Sulzer\t\t\t\t\t\t\t            <p>\r\n\t\t\t\t\t\t\tTorres fabricades totalment en poli\u00e8ster. Tots els elements que formen part de la Torre resisteixen temperatures de 80\u00baC. Els materials que formen la Torre, i que estan en contacte amb l'aigua, s\u00f3n de material pl\u00e0stic amb el que fins i tot admet aigua de mar. Farciment i separador de gotes antilegionella.            <\/p><\/a>\r\n        <\/div>\r\n\r\n\r\n      <\/div>\r\n    <\/div>\r\n\r\n\r\n\t\t[\/vc_column][\/vc_row][vc_row][vc_column width=&#8221;1\/3&#8243;]\r\n\r\n    <div class=\"wd-section-text-icon\">\r\n      <div\r\n        class=\"wd-text-icon-style2  \" >\r\n        <div class=\"box-icon\">\r\n\t\t\t\t\t\t\t\t\t\t\t\t\t\t\t\t\t            <img decoding=\"async\" src=\"https:\/\/jnegre.com\/wp-content\/uploads\/2020\/11\/snow-icon-1.png\" alt=\"icon\"\/>\r\n\t\t\t\t\t        <\/div>\r\n        <div class=\"box-description\">\r\n\t\t\t\t\t\t\t\t\t\t\t\tRefredadores de levitaci\u00f3 magn\u00e8tica\t\t\t\t\t\t\t            <p>\r\n\t\t\t\t\t\t\tRefredadora que incorpora compressors de levitaci\u00f3 magn\u00e8tica, funciona sense oli i ofereix el millor rendiment de l'mercat.            <\/p><\/a>\r\n        <\/div>\r\n\r\n\r\n      <\/div>\r\n    <\/div>\r\n\r\n\r\n\t\t[\/vc_column][vc_column width=&#8221;1\/3&#8243;]\r\n\r\n    <div class=\"wd-section-text-icon\">\r\n      <div\r\n        class=\"wd-text-icon-style2  \" >\r\n        <div class=\"box-icon\">\r\n\t\t\t\t\t\t\t\t\t\t\t\t\t\t\t\t\t            <img decoding=\"async\" src=\"https:\/\/jnegre.com\/wp-content\/uploads\/2020\/11\/water-drop-icon.png\" alt=\"icon\"\/>\r\n\t\t\t\t\t        <\/div>\r\n        <div class=\"box-description\">\r\n\t\t\t\t\t\t\t\t\t\t\t\tTractaments d'aigua\t\t\t\t\t\t\t            <p>\r\n\t\t\t\t\t\t\t\u00danica empresa a Catalunya en donar un servei complet al voltant de les torres de refrigeraci\u00f3: Venda d'equips nous, venda de recanvis, reparacions per a qualsevol marca i model i tractament d'aigua contra la legionel\u00b7la. Tractament tamb\u00e9 per a calderes, ACS, circuits tancats, etc...            <\/p><\/a>\r\n        <\/div>\r\n\r\n\r\n      <\/div>\r\n    <\/div>\r\n\r\n\r\n\t\t[\/vc_column][vc_column width=&#8221;1\/3&#8243;]\r\n\r\n    <div class=\"wd-section-text-icon\">\r\n      <div\r\n        class=\"wd-text-icon-style2  \" >\r\n        <div class=\"box-icon\">\r\n\t\t\t\t\t            <i class=\"fa fa-truck\"><\/i>\r\n\t\t\t\t\t        <\/div>\r\n        <div class=\"box-description\">\r\n\t\t\t\t\t\t\t\t\t\t\t\tDistribuidors\t\t\t\t\t\t\t            <p>\r\n\t\t\t\t\t\t\tDistribu\u00efdor de torres de refrigeraci\u00f3, intercanviadors de calor, refredadores d'aigua amb compressors lliures d'oli i coixinets magn\u00e8tics, tractaments d'aigua contra la legionel\u00b7la, Aero refredadors secs i adiab\u00e0tics.            <\/p><\/a>\r\n        <\/div>\r\n\r\n\r\n      <\/div>\r\n    <\/div>\r\n\r\n\r\n\t\t[\/vc_column][\/vc_row][vc_row][vc_column][vc_empty_space height=&#8221;100px&#8221;][\/vc_column][\/vc_row][vc_section full_width=&#8221;stretch_row&#8221; css=&#8221;.vc_custom_1597750165022{padding-bottom: 100px !important;background-color: #f1f1f1 !important;}&#8221;][vc_row css=&#8221;.vc_custom_1597748358479{padding-top: 65px !important;}&#8221;][vc_row css=&#8221;.vc_custom_1597748358479{padding-top: 65px !important;}&#8221;][vc_column offset=&#8221;vc_col-lg-offset-2 vc_col-lg-8 vc_col-md-offset-1 vc_col-md-10&#8243;]\r\n\r\n<div class=\"\" >\r\n  <div class=\"large-12 columns  wd-title-section_c\" >\r\n      <h2>Marques amb les que treballem<\/h2>\r\n        <h5>La nostra empresa distribueix de manera oficial algunes de les millors marques dins el sector de la refrigeraci\u00f3 industrial.<\/h5>\r\n    \r\n  <\/div>\r\n<\/div>\r\n\r\n  \r\n[\/vc_column][\/vc_row][vc_row css=&#8221;.vc_custom_1597750028445{margin-bottom: 40px !important;}&#8221;][vc_column width=&#8221;1\/6&#8243;][vc_single_image image=&#8221;5327&#8243; img_size=&#8221;full&#8221; alignment=&#8221;center&#8221;][\/vc_column][vc_column width=&#8221;1\/6&#8243;][vc_single_image image=&#8221;3915&#8243; img_size=&#8221;full&#8221; alignment=&#8221;center&#8221;][\/vc_column][vc_column width=&#8221;1\/6&#8243;][vc_single_image image=&#8221;3918&#8243; img_size=&#8221;full&#8221; alignment=&#8221;center&#8221;][\/vc_column][vc_column width=&#8221;1\/6&#8243;][vc_single_image image=&#8221;3914&#8243; img_size=&#8221;full&#8221; alignment=&#8221;center&#8221;][\/vc_column][vc_column width=&#8221;1\/6&#8243;][vc_single_image image=&#8221;3917&#8243; img_size=&#8221;full&#8221; alignment=&#8221;center&#8221;][\/vc_column][vc_column width=&#8221;1\/6&#8243;][vc_single_image image=&#8221;3916&#8243; img_size=&#8221;full&#8221; alignment=&#8221;center&#8221;][\/vc_column][\/vc_row][\/vc_section]<\/p>\n<\/div>","protected":false},"excerpt":{"rendered":"<p>[vc_row css=&#8221;.vc_custom_1599732540180{margin-bottom: 0px !important;padding-top: 50px !important;}&#8221;][vc_column][\/vc_column][\/vc_row][vc_row full_width=&#8221;stretch_row_content&#8221;][vc_column css=&#8221;.vc_custom_1606733426112{padding-right: 0px !important;padding-left: 0px !important;}&#8221;][vc_single_image image=&#8221;4226&#8243; img_size=&#8221;full&#8221; alignment=&#8221;center&#8221;][\/vc_column][\/vc_row][vc_row css=&#8221;.vc_custom_1597614767484{padding-top: 65px !important;padding-bottom: 65px !important;}&#8221;][vc_column offset=&#8221;vc_col-lg-offset-2 vc_col-lg-8 vc_col-md-offset-1 vc_col-md-10&#8243;][\/vc_column][\/vc_row][vc_row full_width=&#8221;stretch_row_content&#8221;][vc_column css=&#8221;.vc_custom_1606733426112{padding-right: 0px !important;padding-left: 0px !important;}&#8221;][vc_single_image image=&#8221;4118&#8243; img_size=&#8221;full&#8221; alignment=&#8221;center&#8221;][\/vc_column][\/vc_row][vc_row css=&#8221;.vc_custom_1597614767484{padding-top: 65px !important;padding-bottom: 65px !important;}&#8221;][vc_column offset=&#8221;vc_col-lg-offset-2 vc_col-lg-8 vc_col-md-offset-1 vc_col-md-10&#8243;][\/vc_column][\/vc_row][vc_row full_width=&#8221;stretch_row_content&#8221;][vc_column css=&#8221;.vc_custom_1606733426112{padding-right: 0px !important;padding-left: 0px !important;}&#8221;][vc_single_image image=&#8221;4119&#8243; img_size=&#8221;full&#8221; alignment=&#8221;center&#8221;][\/vc_column][\/vc_row][vc_row css=&#8221;.vc_custom_1597614767484{padding-top: 65px !important;padding-bottom: 65px [&hellip;]<\/p>\n","protected":false},"author":2,"featured_media":0,"parent":0,"menu_order":0,"comment_status":"closed","ping_status":"closed","template":"","meta":{"footnotes":""},"class_list":["post-3658","page","type-page","status-publish","hentry"],"yoast_head":"<!-- This site is optimized with the Yoast SEO plugin v27.5 - https:\/\/yoast.com\/product\/yoast-seo-wordpress\/ -->\n<title>Qui som - Especialistes en intercanvi t\u00e8rmic | J.Negre | Expertos en Intercambio T\u00e9rmico y Refrigeraci\u00f3n Industrial desde 1978<\/title>\n<meta name=\"description\" content=\"J. Negre \u00e9s una empresa especialista en intercanvi t\u00e8rmic des de 1978. Distribu\u00efdor oficial de l&#039;millors marques de refrigeraci\u00f3 industrial.\" \/>\n<meta name=\"robots\" content=\"index, follow, max-snippet:-1, max-image-preview:large, max-video-preview:-1\" \/>\n<link rel=\"canonical\" href=\"https:\/\/jnegre.com\/ca\/qui-som\/\" \/>\n<meta property=\"og:locale\" content=\"ca_ES\" \/>\n<meta property=\"og:type\" content=\"article\" \/>\n<meta property=\"og:title\" content=\"Qui som - Especialistes en intercanvi t\u00e8rmic | J.Negre | Expertos en Intercambio T\u00e9rmico y Refrigeraci\u00f3n Industrial desde 1978\" \/>\n<meta property=\"og:description\" content=\"J. Negre \u00e9s una empresa especialista en intercanvi t\u00e8rmic des de 1978. Distribu\u00efdor oficial de l&#039;millors marques de refrigeraci\u00f3 industrial.\" \/>\n<meta property=\"og:url\" content=\"https:\/\/jnegre.com\/ca\/qui-som\/\" \/>\n<meta property=\"og:site_name\" content=\"J.Negre | Expertos en Intercambio T\u00e9rmico y Refrigeraci\u00f3n Industrial desde 1978\" \/>\n<meta property=\"article:modified_time\" content=\"2025-12-29T12:36:14+00:00\" \/>\n<meta property=\"og:image\" content=\"https:\/\/jnegre.com\/wp-content\/uploads\/2020\/08\/jnegre-hospital-universitario-bellvitge-barcelona.jpg\" \/>\n\t<meta property=\"og:image:width\" content=\"840\" \/>\n\t<meta property=\"og:image:height\" content=\"424\" \/>\n\t<meta property=\"og:image:type\" content=\"image\/jpeg\" \/>\n<meta name=\"twitter:card\" content=\"summary_large_image\" \/>\n<meta name=\"twitter:label1\" content=\"Temps estimat de lectura\" \/>\n\t<meta name=\"twitter:data1\" content=\"12 minuts\" \/>\n<script type=\"application\/ld+json\" class=\"yoast-schema-graph\">{\"@context\":\"https:\\\/\\\/schema.org\",\"@graph\":[{\"@type\":\"WebPage\",\"@id\":\"https:\\\/\\\/jnegre.com\\\/ca\\\/qui-som\\\/\",\"url\":\"https:\\\/\\\/jnegre.com\\\/ca\\\/qui-som\\\/\",\"name\":\"Qui som - Especialistes en intercanvi t\u00e8rmic | J.Negre | Expertos en Intercambio T\u00e9rmico y Refrigeraci\u00f3n Industrial desde 1978\",\"isPartOf\":{\"@id\":\"https:\\\/\\\/jnegre.com\\\/ca\\\/#website\"},\"datePublished\":\"2015-11-27T15:59:22+00:00\",\"dateModified\":\"2025-12-29T12:36:14+00:00\",\"description\":\"J. Negre \u00e9s una empresa especialista en intercanvi t\u00e8rmic des de 1978. Distribu\u00efdor oficial de l'millors marques de refrigeraci\u00f3 industrial.\",\"breadcrumb\":{\"@id\":\"https:\\\/\\\/jnegre.com\\\/ca\\\/qui-som\\\/#breadcrumb\"},\"inLanguage\":\"ca\",\"potentialAction\":[{\"@type\":\"ReadAction\",\"target\":[\"https:\\\/\\\/jnegre.com\\\/ca\\\/qui-som\\\/\"]}]},{\"@type\":\"BreadcrumbList\",\"@id\":\"https:\\\/\\\/jnegre.com\\\/ca\\\/qui-som\\\/#breadcrumb\",\"itemListElement\":[{\"@type\":\"ListItem\",\"position\":1,\"name\":\"Inicio\",\"item\":\"https:\\\/\\\/jnegre.com\\\/ca\\\/\"},{\"@type\":\"ListItem\",\"position\":2,\"name\":\"Qui som\"}]},{\"@type\":\"WebSite\",\"@id\":\"https:\\\/\\\/jnegre.com\\\/ca\\\/#website\",\"url\":\"https:\\\/\\\/jnegre.com\\\/ca\\\/\",\"name\":\"J.Negre | Expertos en Intercambio T\u00e9rmico y Refrigeraci\u00f3n Industrial desde 1978\",\"description\":\"Intercambiadores de placas Sondex, torres de refrigeraci\u00f3n, enfriadoras magn\u00e9ticas y m\u00e1s. Servicio t\u00e9cnico y suministro con m\u00e1s de 30 a\u00f1os de experiencia\",\"publisher\":{\"@id\":\"https:\\\/\\\/jnegre.com\\\/ca\\\/#organization\"},\"potentialAction\":[{\"@type\":\"SearchAction\",\"target\":{\"@type\":\"EntryPoint\",\"urlTemplate\":\"https:\\\/\\\/jnegre.com\\\/ca\\\/?s={search_term_string}\"},\"query-input\":{\"@type\":\"PropertyValueSpecification\",\"valueRequired\":true,\"valueName\":\"search_term_string\"}}],\"inLanguage\":\"ca\"},{\"@type\":\"Organization\",\"@id\":\"https:\\\/\\\/jnegre.com\\\/ca\\\/#organization\",\"name\":\"J. Negre C.\",\"url\":\"https:\\\/\\\/jnegre.com\\\/ca\\\/\",\"logo\":{\"@type\":\"ImageObject\",\"inLanguage\":\"ca\",\"@id\":\"https:\\\/\\\/jnegre.com\\\/ca\\\/#\\\/schema\\\/logo\\\/image\\\/\",\"url\":\"https:\\\/\\\/jnegre.com\\\/wp-content\\\/uploads\\\/2021\\\/05\\\/jnegre-logo-tagline.png\",\"contentUrl\":\"https:\\\/\\\/jnegre.com\\\/wp-content\\\/uploads\\\/2021\\\/05\\\/jnegre-logo-tagline.png\",\"width\":1411,\"height\":380,\"caption\":\"J. Negre C.\"},\"image\":{\"@id\":\"https:\\\/\\\/jnegre.com\\\/ca\\\/#\\\/schema\\\/logo\\\/image\\\/\"}}]}<\/script>\n<!-- \/ Yoast SEO plugin. -->","yoast_head_json":{"title":"Qui som - Especialistes en intercanvi t\u00e8rmic | J.Negre | Expertos en Intercambio T\u00e9rmico y Refrigeraci\u00f3n Industrial desde 1978","description":"J. Negre \u00e9s una empresa especialista en intercanvi t\u00e8rmic des de 1978. Distribu\u00efdor oficial de l'millors marques de refrigeraci\u00f3 industrial.","robots":{"index":"index","follow":"follow","max-snippet":"max-snippet:-1","max-image-preview":"max-image-preview:large","max-video-preview":"max-video-preview:-1"},"canonical":"https:\/\/jnegre.com\/ca\/qui-som\/","og_locale":"ca_ES","og_type":"article","og_title":"Qui som - Especialistes en intercanvi t\u00e8rmic | J.Negre | Expertos en Intercambio T\u00e9rmico y Refrigeraci\u00f3n Industrial desde 1978","og_description":"J. Negre \u00e9s una empresa especialista en intercanvi t\u00e8rmic des de 1978. Distribu\u00efdor oficial de l'millors marques de refrigeraci\u00f3 industrial.","og_url":"https:\/\/jnegre.com\/ca\/qui-som\/","og_site_name":"J.Negre | Expertos en Intercambio T\u00e9rmico y Refrigeraci\u00f3n Industrial desde 1978","article_modified_time":"2025-12-29T12:36:14+00:00","og_image":[{"width":840,"height":424,"url":"https:\/\/jnegre.com\/wp-content\/uploads\/2020\/08\/jnegre-hospital-universitario-bellvitge-barcelona.jpg","type":"image\/jpeg"}],"twitter_card":"summary_large_image","twitter_misc":{"Temps estimat de lectura":"12 minuts"},"schema":{"@context":"https:\/\/schema.org","@graph":[{"@type":"WebPage","@id":"https:\/\/jnegre.com\/ca\/qui-som\/","url":"https:\/\/jnegre.com\/ca\/qui-som\/","name":"Qui som - Especialistes en intercanvi t\u00e8rmic | J.Negre | Expertos en Intercambio T\u00e9rmico y Refrigeraci\u00f3n Industrial desde 1978","isPartOf":{"@id":"https:\/\/jnegre.com\/ca\/#website"},"datePublished":"2015-11-27T15:59:22+00:00","dateModified":"2025-12-29T12:36:14+00:00","description":"J. Negre \u00e9s una empresa especialista en intercanvi t\u00e8rmic des de 1978. Distribu\u00efdor oficial de l'millors marques de refrigeraci\u00f3 industrial.","breadcrumb":{"@id":"https:\/\/jnegre.com\/ca\/qui-som\/#breadcrumb"},"inLanguage":"ca","potentialAction":[{"@type":"ReadAction","target":["https:\/\/jnegre.com\/ca\/qui-som\/"]}]},{"@type":"BreadcrumbList","@id":"https:\/\/jnegre.com\/ca\/qui-som\/#breadcrumb","itemListElement":[{"@type":"ListItem","position":1,"name":"Inicio","item":"https:\/\/jnegre.com\/ca\/"},{"@type":"ListItem","position":2,"name":"Qui som"}]},{"@type":"WebSite","@id":"https:\/\/jnegre.com\/ca\/#website","url":"https:\/\/jnegre.com\/ca\/","name":"J.Negre | Expertos en Intercambio T\u00e9rmico y Refrigeraci\u00f3n Industrial desde 1978","description":"Intercambiadores de placas Sondex, torres de refrigeraci\u00f3n, enfriadoras magn\u00e9ticas y m\u00e1s. Servicio t\u00e9cnico y suministro con m\u00e1s de 30 a\u00f1os de experiencia","publisher":{"@id":"https:\/\/jnegre.com\/ca\/#organization"},"potentialAction":[{"@type":"SearchAction","target":{"@type":"EntryPoint","urlTemplate":"https:\/\/jnegre.com\/ca\/?s={search_term_string}"},"query-input":{"@type":"PropertyValueSpecification","valueRequired":true,"valueName":"search_term_string"}}],"inLanguage":"ca"},{"@type":"Organization","@id":"https:\/\/jnegre.com\/ca\/#organization","name":"J. Negre C.","url":"https:\/\/jnegre.com\/ca\/","logo":{"@type":"ImageObject","inLanguage":"ca","@id":"https:\/\/jnegre.com\/ca\/#\/schema\/logo\/image\/","url":"https:\/\/jnegre.com\/wp-content\/uploads\/2021\/05\/jnegre-logo-tagline.png","contentUrl":"https:\/\/jnegre.com\/wp-content\/uploads\/2021\/05\/jnegre-logo-tagline.png","width":1411,"height":380,"caption":"J. Negre C."},"image":{"@id":"https:\/\/jnegre.com\/ca\/#\/schema\/logo\/image\/"}}]}},"_links":{"self":[{"href":"https:\/\/jnegre.com\/ca\/wp-json\/wp\/v2\/pages\/3658","targetHints":{"allow":["GET"]}}],"collection":[{"href":"https:\/\/jnegre.com\/ca\/wp-json\/wp\/v2\/pages"}],"about":[{"href":"https:\/\/jnegre.com\/ca\/wp-json\/wp\/v2\/types\/page"}],"author":[{"embeddable":true,"href":"https:\/\/jnegre.com\/ca\/wp-json\/wp\/v2\/users\/2"}],"replies":[{"embeddable":true,"href":"https:\/\/jnegre.com\/ca\/wp-json\/wp\/v2\/comments?post=3658"}],"version-history":[{"count":9,"href":"https:\/\/jnegre.com\/ca\/wp-json\/wp\/v2\/pages\/3658\/revisions"}],"predecessor-version":[{"id":5332,"href":"https:\/\/jnegre.com\/ca\/wp-json\/wp\/v2\/pages\/3658\/revisions\/5332"}],"wp:attachment":[{"href":"https:\/\/jnegre.com\/ca\/wp-json\/wp\/v2\/media?parent=3658"}],"curies":[{"name":"wp","href":"https:\/\/api.w.org\/{rel}","templated":true}]}}